{"id":13820,"date":"2016-10-08T15:41:51","date_gmt":"2016-10-08T13:41:51","guid":{"rendered":"http:\/\/www.media-lab.at\/cms\/?page_id=13820"},"modified":"2020-04-30T19:07:27","modified_gmt":"2020-04-30T17:07:27","slug":"faq","status":"publish","type":"page","link":"https:\/\/media-lab.at\/cms\/faq\/","title":{"rendered":"FAQs"},"content":{"rendered":"<div class=\"wpb-content-wrapper\"><span class=\"span-reading-time rt-reading-time\" style=\"display: block;\"><span class=\"rt-label rt-prefix\">Gesch\u00e4tzte Lesezeit: <\/span> <span class=\"rt-time\"> 14<\/span> <span class=\"rt-label rt-postfix\">Minuten<\/span><\/span><p>[vc_row][vc_column css=&#8221;.vc_custom_1513335072364{margin-top: 40px !important;}&#8221;][vc_custom_heading text=&#8221;Die Antworten auf die h\u00e4ufigsten Fragen&#8221; use_theme_fonts=&#8221;yes&#8221; css=&#8221;.vc_custom_1521499947640{margin-top: 0px !important;}&#8221;][vc_custom_heading text=&#8221;die wir t\u00e4glich beantworten.&#8221; font_container=&#8221;tag:h3|text_align:left&#8221; use_theme_fonts=&#8221;yes&#8221; css=&#8221;.vc_custom_1521499961321{margin-bottom: 20px !important;}&#8221;][vc_separator color=&#8221;custom&#8221; align=&#8221;align_left&#8221; border_width=&#8221;2&#8243; el_width=&#8221;10&#8243; accent_color=&#8221;#a30f38&#8243; css=&#8221;.vc_custom_1513257961581{margin-bottom: 40px !important;}&#8221;][vc_row_inner][vc_column_inner][vc_column_text el_class=&#8221;text-justified&#8221;]Dieser Bereich behandelt eine Auswahl der h\u00e4ufigsten Fragen, die wir unseren Kunden im Zuge unseres Tagesgesch\u00e4ftes beantworten. Da das Thema sehr breit gef\u00e4chert ist, bitten wir um Verst\u00e4ndnis, dass weder Anspruch auf Vollst\u00e4ndigkeit besteht, noch die\u00a0notwendige Vertiefung in entsprechende Details unser\u00a0Ziel darstellt.<\/p>\n<p>Viel mehr wollen wir einen schnellen <strong>\u00dcberblick zu aktuellen Herausforderungen des Unternehmens-Alltags<\/strong> geben. Hierf\u00fcr werden die FAQs zuk\u00fcnftig laufend erweitert und erg\u00e4nzt.[\/vc_column_text][vc_empty_space height=&#8221;20px&#8221;][\/vc_column_inner][\/vc_row_inner][\/vc_column][\/vc_row][vc_row css=&#8221;.vc_custom_1490062104671{margin-bottom: 40px !important;}&#8221;][vc_column][vc_tta_tabs style=&#8221;flat&#8221; shape=&#8221;square&#8221; color=&#8221;white&#8221; active_section=&#8221;1&#8243; css=&#8221;.vc_custom_1584106446672{border-radius: 1px !important;}&#8221;][vc_tta_section title=&#8221;Basics&#8221; tab_id=&#8221;faq-basics&#8221;][vc_empty_space height=&#8221;40px&#8221;][vc_separator color=&#8221;custom&#8221; border_width=&#8221;3&#8243; accent_color=&#8221;#a11035&#8243;][vc_custom_heading text=&#8221;Themen &#8211; Basics&#8221; font_container=&#8221;tag:h4|text_align:left&#8221; use_theme_fonts=&#8221;yes&#8221;][vc_column_text el_class=&#8221;faq-list-overview&#8221;]<\/p>\n<ul>\n<li><a href=\"#vektorgrafik-vs-pixelgrafik\">Vektorgrafik vs. Pixelgrafik<\/a><\/li>\n<li><a href=\"#dateiformate\">Dateiformate<\/a><\/li>\n<li><a href=\"#farbraeume\">Farbr\u00e4ume<\/a><\/li>\n<li><a href=\"#must-have-s-fuer-unternehmen\">Must-Have&#8217;s f\u00fcr Unternehmen<\/a><\/li>\n<\/ul>\n<p>[\/vc_column_text][vc_separator color=&#8221;custom&#8221; border_width=&#8221;3&#8243; accent_color=&#8221;#a11035&#8243;][vc_empty_space height=&#8221;20px&#8221;][vc_toggle title=&#8221;Vektorgrafik vs. Pixelgrafik&#8221; open=&#8221;true&#8221; el_id=&#8221;vektorgrafik-vs-pixelgrafik&#8221; el_class=&#8221;anchor&#8221;]Sich im Dschungel der Grafikformate nicht zu verirren ist heute schwieriger denn je. Es gibt unterschiedlichste Dateitypen f\u00fcr Bilder und Grafiken&#8230; die gute Nachricht ist, dass uns de facto zwei Kategorien in die Quere kommen:<\/p>\n<h3><\/h3>\n<h3>Pixelgrafik<\/h3>\n<p>Eine Pixelgrafik oder Rastergrafik enth\u00e4lt Informationen in Form von gerasterten Punkten (Pixeln), wobei jedem Pixel genau ein Farbwert zugewiesen wird.<br \/>\nBei einem Bild oder einer Grafik, die erzeugt oder z.B. fotografiert wird, werden die entsprechenden Informationen in der Datei &#8220;mitgespeichert&#8221;. D.h. der zum Zeitpunkt der Erstellung g\u00fcltige &#8220;Raster&#8221; sowie die zugeordneten Farbwerte k\u00f6nnen nachtr\u00e4glich nicht vergr\u00f6\u00dfert werden. Zwar versuchen (professionelle) Programme diese hochzurechnen (&#8220;zu erraten&#8221;), doch kann die Qualit\u00e4t des Ergebnisses in der Regel nicht mit einem &#8220;von Haus aus&#8221; hochaufl\u00f6sendem Bild verglichen werden.<\/p>\n<p><img loading=\"lazy\" class=\"aligncenter wp-image-14794 size-full\" src=\"https:\/\/media-lab.at\/cms\/wp-content\/uploads\/2017\/05\/faq_rastergrafik-vektorgrafik-02.png\" alt=\"\" width=\"1498\" height=\"651\" srcset=\"https:\/\/media-lab.at\/cms\/wp-content\/uploads\/2017\/05\/faq_rastergrafik-vektorgrafik-02.png 1498w, https:\/\/media-lab.at\/cms\/wp-content\/uploads\/2017\/05\/faq_rastergrafik-vektorgrafik-02-300x130.png 300w, https:\/\/media-lab.at\/cms\/wp-content\/uploads\/2017\/05\/faq_rastergrafik-vektorgrafik-02-768x334.png 768w, https:\/\/media-lab.at\/cms\/wp-content\/uploads\/2017\/05\/faq_rastergrafik-vektorgrafik-02-1024x445.png 1024w, https:\/\/media-lab.at\/cms\/wp-content\/uploads\/2017\/05\/faq_rastergrafik-vektorgrafik-02-1130x491.png 1130w, https:\/\/media-lab.at\/cms\/wp-content\/uploads\/2017\/05\/faq_rastergrafik-vektorgrafik-02-800x348.png 800w, https:\/\/media-lab.at\/cms\/wp-content\/uploads\/2017\/05\/faq_rastergrafik-vektorgrafik-02-550x239.png 550w, https:\/\/media-lab.at\/cms\/wp-content\/uploads\/2017\/05\/faq_rastergrafik-vektorgrafik-02-200x87.png 200w, https:\/\/media-lab.at\/cms\/wp-content\/uploads\/2017\/05\/faq_rastergrafik-vektorgrafik-02-50x22.png 50w, https:\/\/media-lab.at\/cms\/wp-content\/uploads\/2017\/05\/faq_rastergrafik-vektorgrafik-02-180x78.png 180w, https:\/\/media-lab.at\/cms\/wp-content\/uploads\/2017\/05\/faq_rastergrafik-vektorgrafik-02-360x156.png 360w\" sizes=\"(max-width: 1498px) 100vw, 1498px\" \/>Umgekehrt stellt das &#8220;Verkleinern&#8221;\/Komprimieren im Normalfall kein Problem dar.<\/p>\n<p>Anwendung: Fotos, Portraits, Produktbilder.<\/p>\n<p>&nbsp;<\/p>\n<h3>Vektorgrafik<\/h3>\n<p>Das Pendant zur Rastergrafik stellt die Vektorgrafik dar. Hierbei wird nicht ein Raster mit Farbwerten, sondern mathematische Vektoren (Linien) bzw. Fl\u00e4chen mit den entsprechenden Farben gespeichert.<\/p>\n<p>Das Ergebnis, das man am Bildschirm betrachtet, wird sozusagen &#8220;live&#8221; am Computer berechnet, wodurch sich Vektorgrafiken beliebig gro\u00df skalieren lassen, ohne an Qualit\u00e4t (Sch\u00e4rfe) zu verlieren (sie &#8220;verpixeln&#8221; nicht).<\/p>\n<p><img loading=\"lazy\" class=\"aligncenter wp-image-14795 size-full\" src=\"https:\/\/media-lab.at\/cms\/wp-content\/uploads\/2017\/05\/faq_rastergrafik-vektorgrafik-03.png\" alt=\"\" width=\"1300\" height=\"651\" srcset=\"https:\/\/media-lab.at\/cms\/wp-content\/uploads\/2017\/05\/faq_rastergrafik-vektorgrafik-03.png 1300w, https:\/\/media-lab.at\/cms\/wp-content\/uploads\/2017\/05\/faq_rastergrafik-vektorgrafik-03-300x150.png 300w, https:\/\/media-lab.at\/cms\/wp-content\/uploads\/2017\/05\/faq_rastergrafik-vektorgrafik-03-768x385.png 768w, https:\/\/media-lab.at\/cms\/wp-content\/uploads\/2017\/05\/faq_rastergrafik-vektorgrafik-03-1024x513.png 1024w, https:\/\/media-lab.at\/cms\/wp-content\/uploads\/2017\/05\/faq_rastergrafik-vektorgrafik-03-1130x566.png 1130w, https:\/\/media-lab.at\/cms\/wp-content\/uploads\/2017\/05\/faq_rastergrafik-vektorgrafik-03-800x401.png 800w, https:\/\/media-lab.at\/cms\/wp-content\/uploads\/2017\/05\/faq_rastergrafik-vektorgrafik-03-550x275.png 550w, https:\/\/media-lab.at\/cms\/wp-content\/uploads\/2017\/05\/faq_rastergrafik-vektorgrafik-03-200x100.png 200w, https:\/\/media-lab.at\/cms\/wp-content\/uploads\/2017\/05\/faq_rastergrafik-vektorgrafik-03-50x25.png 50w, https:\/\/media-lab.at\/cms\/wp-content\/uploads\/2017\/05\/faq_rastergrafik-vektorgrafik-03-180x90.png 180w, https:\/\/media-lab.at\/cms\/wp-content\/uploads\/2017\/05\/faq_rastergrafik-vektorgrafik-03-360x180.png 360w\" sizes=\"(max-width: 1300px) 100vw, 1300px\" \/>Anwendung: Logos, Piktogramme, Schemata, Infografiken.[\/vc_toggle][vc_toggle title=&#8221;Dateiformate&#8221; el_id=&#8221;dateiformate&#8221; el_class=&#8221;anchor&#8221;]<\/p>\n<h3>JPEG &#8211; Joint Photographic Experts Group<\/h3>\n<p>JPEG ist wohl das am meisten verbreitete Datenformat und kann bis zu 16,7 Millionen Farben anzeigen. Dieses am universellsten nutzbare Rasterbildformat kann von beinahe allen Anwendungen ge\u00f6ffnet bzw. verarbeitet werden.<\/p>\n<p>Der gr\u00f6\u00dfte Nachteil ist die Tatsache, dass keine Transparenzen unterst\u00fctzt werden. Optimaler Weise wird es als Ausgabeformat (f\u00fcr Monitore) genutzt, da durch Kompressionsverfahren zwar relativ kleine Dateigr\u00f6\u00dfen zustande kommen, diese allerdings teilweise stark verlustbehaftet sind.<\/p>\n<p>Als Arbeits-Datenformat bzw. f\u00fcr den Druck ist das JPEG nicht die erste Wahl. Eingesetzt wird es vor allem zum Speichern und Anzeigen von komprimierten Bildern und Fotos im Internet (Stichwort: Ladezeit).<\/p>\n<p><span class=\"faq-anwendung\">Anwendung: <strong>Web, &#8220;rascher Datenaustausch&#8221;<\/strong>.<\/span><\/p>\n<p>&nbsp;<\/p>\n<h3>TIFF &#8211; Tagged Interchange File Format<\/h3>\n<p>Dieses Format ist die richtige Wahl, wenn Rastergrafiken verlustfrei komprimiert werden sollen. Au\u00dferdem bleiben beim Speichern Informationen wie Ebenen, Transparenzen und Markierungen erhalten. Neben der Plattformunabh\u00e4ngigkeit zeichnet TIFF die hohe Qualit\u00e4t (bei gleichzeitiger gro\u00dfer Dateigr\u00f6\u00dfe) aus. Auch ICC-Farbprofile k\u00f6nnen eingebettet werden.<\/p>\n<p><span class=\"faq-anwendung\">Anwendung: <strong>Druck<\/strong>.<\/span><\/p>\n<p>&nbsp;<\/p>\n<h3>RAW &#8211; Rohdaten<\/h3>\n<p>RAW-Daten (engl.: &#8220;roh&#8221;) sind unbearbeitete Informationen, die ein digitaler Kamerasensor aufnimmt und direkt speichert. Verh\u00e4ltnism\u00e4\u00dfig hohe Dateigr\u00f6\u00dfen (10 MB und mehr) ergeben sich aus der Tatsache, dass eine sehr umfangreiche Anzahl an Information unkomprimiert vorliegen. Diese Dateiart erlaubt eine nachtr\u00e4gliche Justierung von Werten wie z.B. Belichtung, Sch\u00e4rfe, etc.<\/p>\n<p>Ein Nachteil ist die Tatsache, dass viele Kamera-Hersteller eigene Formate entwickelt haben und es keinen definierten Standard gibt.<\/p>\n<p><span class=\"faq-anwendung\">Anwendung: <strong>Kamera-Fotos (hochqualitativ)<\/strong>.<\/span><\/p>\n<p>&nbsp;<\/p>\n<h3>GIF &#8211; Graphics Interchange Format<\/h3>\n<p>Pixelgrafiken k\u00f6nnen in diesem Format in geringer Dateigr\u00f6\u00dfe gespeichert werden. Aus diesem Grund weisen GIF-Dateien kurze Ladezeiten auf, weshalb dieser Dateityp gerne f\u00fcr Webgrafiken eingesetzt werden. Auch mit Transparenz wei\u00df dieser Dateityp umzugehen. Selbst einfache Animationen &#8211; bestehend aus mehreren Einzelbildern &#8211; k\u00f6nnen als GIF umgesetzt werden.<\/p>\n<p>Allerdings besteht bei diesem Format klar die Einschr\u00e4nkung, dass lediglich 256 Farben unterst\u00fctzt werden. Dies f\u00fchrt dazu, dass das Speichern von Fotos und Bilder mit vielen Farbabstufungen und Nuancen als GIF keine gute Wahl darstellen.<\/p>\n<p><span class=\"faq-anwendung\">Anwendung: <strong>Diagramme, Buttons, simple Stilelemente<\/strong>.<\/span><\/p>\n<p>&nbsp;<\/p>\n<h3>PNG &#8211; Portable Network Graphics<\/h3>\n<p>Bei diesem Dateityp wird grunds\u00e4tzlich zwischen zwei Arten von Rastergrafiken unterschieden:<\/p>\n<p>PNG-8 kann &#8211; wie auch das GIF &#8211; bis zu 256 Farben darstellen. Doch w\u00e4hrend beim GIF lediglich eine Transparenzfarbe definiert werden kann, sind es hier ebenfalls bis zu 256. Diese werden in seinem so genannten Alphakanal gespeichert. Die Dateikomprimierung schafft sehr kleine Files mit wenig Qualit\u00e4tsverlusten.<\/p>\n<p>PNG-24 ist in der Lage bis zu 16,7 Millionen Farben darzustellen. Ansonsten gleicht es der PNG-8-Version und vereint die Vorteile von GIF und JPEG, indem Bilder mit Tausenden von Farbschattierungen problemlos korrekt dargestellt werden k\u00f6nnen.<\/p>\n<p><span class=\"faq-anwendung\">Anwendung: <strong>Web-Grafiken, Infografiken, Icons<\/strong>.<\/span><\/p>\n<p>&nbsp;<\/p>\n<h3>BMP &#8211; Bitmap<\/h3>\n<p>Das &#8220;Urgestein&#8221; der Rastergrafik ist sehr einfach strukturiert und wird heute fast nicht mehr verwendet. Aufgrund der hohen Qualit\u00e4tsverluste beim Skalieren der Bildgr\u00f6\u00dfe nimmt das Bitmap keine relevante Rolle im professionellen Marketing mehr ein.<\/p>\n<p><span class=\"faq-anwendung\">Anwendung: <strong>Scans, digitale Faxe<\/strong>.<\/span><\/p>\n<p>&nbsp;<\/p>\n<h3>PDF &#8211; Portable Document Format<\/h3>\n<p>Das PDF ist heute das meist verbreitete Containerformat. Neben dem Einbetten von Text, Bildern, Grafiken und\/oder Schriften kann es auch interaktive Formulare aufnehmen.<\/p>\n<p>Weitere St\u00e4rken sind die Plattformunabh\u00e4ngigkeit sowie die Tatsache, dass auch Vektorgrafiken m\u00f6glich sind &#8211; bei relativ kleinen Dateigr\u00f6\u00dfen!<\/p>\n<p>Nicht zuletzt muss hier angemerkt werden, dass PDFs (wenn sie richtig erstellt wurden) auf jedem beliebigen Computer gleich aussehen.<\/p>\n<p><span class=\"faq-anwendung\">Anwendung: <strong>Druck, Web (Downloads), Datei-Weitergabe<\/strong>.<\/span><\/p>\n<p>&nbsp;<\/p>\n<h3>EPS &#8211; Encapsulated-PostScript-Format<\/h3>\n<p>Dieses Dateiformat kann mit Schriften, Raster- und Vektorgrafiken umgehen. EPS hat sich inzwischen zum Standard bei der Weitergabe von Vektordaten entwickelt, da jedes professionelle Vektorprogramm (wie z.B. Adobe Illustrator) damit umgehen kann.<\/p>\n<p><span class=\"faq-anwendung\">Anwendung: <strong>Austausch von Vektordateien, Druck<\/strong>.<\/span><\/p>\n<p>&nbsp;<\/p>\n<h3>SVG &#8211; Scalable Vector Graphics<\/h3>\n<p>Dieses Dateiformat wird f\u00fcr zweidimensionale Vektorgrafiken verwendet. Aktuelle Browser-Versionen sind in der Lage, SVG-Dateien auf Websites einzubinden. Beispiele hierf\u00fcr sind Skizzen, technische Zeichnungen oder Landkarten.<\/p>\n<p><span class=\"faq-anwendung\">Anwendung: <strong>Web<\/strong>.<\/span>[\/vc_toggle][vc_toggle title=&#8221;Farbr\u00e4ume&#8221; el_id=&#8221;farbraeume&#8221; el_class=&#8221;anchor&#8221;]<\/p>\n<h3>CMYK &#8211; Cyan-Magenta-Yellow-Key<\/h3>\n<p>CMYK kommt vom Vierfarbdruck mit Prozessfarben und beschreibt die Beschaffenheit und den Aufbau der Druckfarben. Das vom Substrat (oft Papier) reflektierte Licht wird durch die Druckfarben so beeinflusst, dass die gew\u00fcnschte Farbe im Eindruck entsteht. Beginnend mit dem (meist) wei\u00dfen Substrat subtrahieren die Druckfarben durch ihren Schichtaufbau soviel vom \u201eWei\u00df\u201c, dass das gew\u00fcnschte Bild entsteht. Im CMYK-Raum sind die (Druck-)Farbenwerte f\u00fcr Cyan, Magenta, Gelb und Schwarz abgelegt.<\/p>\n<p>Es gibt praktisch f\u00fcr jeden Satz von Druckfarben, jedes Substrat und jede Druckaufgabe einen eigenen CMYK-Farbraum. Unter Druckaufgabe ist hier die Punktbildung, der Farb\u00fcbergang jeder Druckfarbe (mit all ihren Produktionsunterschieden) und die jeweiligen technologischen Voraussetzungen zu verstehen.<\/p>\n<p>[aus https:\/\/www.<a href=\"http:\/\/wikipedia.de\">wikipedia.de<\/a> vom 10.05.2017]<\/p>\n<p><img loading=\"lazy\" class=\"aligncenter wp-image-17473 size-full\" src=\"https:\/\/media-lab.at\/cms\/wp-content\/uploads\/2019\/09\/faq_farbraeume_cmyk.png\" alt=\"\" width=\"2732\" height=\"1601\" srcset=\"https:\/\/media-lab.at\/cms\/wp-content\/uploads\/2019\/09\/faq_farbraeume_cmyk.png 2732w, https:\/\/media-lab.at\/cms\/wp-content\/uploads\/2019\/09\/faq_farbraeume_cmyk-300x176.png 300w, https:\/\/media-lab.at\/cms\/wp-content\/uploads\/2019\/09\/faq_farbraeume_cmyk-768x450.png 768w, https:\/\/media-lab.at\/cms\/wp-content\/uploads\/2019\/09\/faq_farbraeume_cmyk-1024x600.png 1024w, https:\/\/media-lab.at\/cms\/wp-content\/uploads\/2019\/09\/faq_farbraeume_cmyk-1130x662.png 1130w, https:\/\/media-lab.at\/cms\/wp-content\/uploads\/2019\/09\/faq_farbraeume_cmyk-800x469.png 800w, https:\/\/media-lab.at\/cms\/wp-content\/uploads\/2019\/09\/faq_farbraeume_cmyk-550x322.png 550w, https:\/\/media-lab.at\/cms\/wp-content\/uploads\/2019\/09\/faq_farbraeume_cmyk-100x59.png 100w, https:\/\/media-lab.at\/cms\/wp-content\/uploads\/2019\/09\/faq_farbraeume_cmyk-200x117.png 200w, https:\/\/media-lab.at\/cms\/wp-content\/uploads\/2019\/09\/faq_farbraeume_cmyk-50x29.png 50w, https:\/\/media-lab.at\/cms\/wp-content\/uploads\/2019\/09\/faq_farbraeume_cmyk-180x105.png 180w, https:\/\/media-lab.at\/cms\/wp-content\/uploads\/2019\/09\/faq_farbraeume_cmyk-360x211.png 360w\" sizes=\"(max-width: 2732px) 100vw, 2732px\" \/><\/p>\n<h3>RGB &#8211; Red-Green-Blue<\/h3>\n<p>RGB (auf Rot, Gr\u00fcn, Blau) beschreibt, welche \u201eArt von Licht\u201c abgestrahlt werden muss, um eine vorgegebene Farbe zu erreichen. Licht wird dabei aus der \u201eDunkelheit\u201c heraus zusammengef\u00fcgt. RGB besitzt gesonderte Werte jeweils f\u00fcr Rot, Gr\u00fcn und Blau. RGB selbst ist eigentlich kein Farbraum, sondern eher das Farbmodell. Es gibt sehr viele verschiedene RGB-Farbr\u00e4ume dieses Farbmodells von denen einige aufgef\u00fchrt sind.<\/p>\n<p>RGBA ist ein RGB mit einem zus\u00e4tzlichen Alphakanal, der die Transparenz des RGB-Punktes oder des R-, G- und B-Wertes vermerkt.<\/p>\n<p>[aus https:\/\/www.<a href=\"http:\/\/wikipedia.de\">wikipedia.de<\/a> vom 10.05.2017]<\/p>\n<p><img loading=\"lazy\" class=\"aligncenter wp-image-17475 size-full\" src=\"https:\/\/media-lab.at\/cms\/wp-content\/uploads\/2019\/09\/faq_farbraeume_rgb.png\" alt=\"\" width=\"2732\" height=\"1600\" srcset=\"https:\/\/media-lab.at\/cms\/wp-content\/uploads\/2019\/09\/faq_farbraeume_rgb.png 2560w, https:\/\/media-lab.at\/cms\/wp-content\/uploads\/2019\/09\/faq_farbraeume_rgb-300x176.png 300w, https:\/\/media-lab.at\/cms\/wp-content\/uploads\/2019\/09\/faq_farbraeume_rgb-768x450.png 768w, https:\/\/media-lab.at\/cms\/wp-content\/uploads\/2019\/09\/faq_farbraeume_rgb-1024x600.png 1024w, https:\/\/media-lab.at\/cms\/wp-content\/uploads\/2019\/09\/faq_farbraeume_rgb-1130x662.png 1130w, https:\/\/media-lab.at\/cms\/wp-content\/uploads\/2019\/09\/faq_farbraeume_rgb-800x469.png 800w, https:\/\/media-lab.at\/cms\/wp-content\/uploads\/2019\/09\/faq_farbraeume_rgb-550x322.png 550w, https:\/\/media-lab.at\/cms\/wp-content\/uploads\/2019\/09\/faq_farbraeume_rgb-100x59.png 100w, https:\/\/media-lab.at\/cms\/wp-content\/uploads\/2019\/09\/faq_farbraeume_rgb-200x117.png 200w, https:\/\/media-lab.at\/cms\/wp-content\/uploads\/2019\/09\/faq_farbraeume_rgb-50x29.png 50w, https:\/\/media-lab.at\/cms\/wp-content\/uploads\/2019\/09\/faq_farbraeume_rgb-180x105.png 180w, https:\/\/media-lab.at\/cms\/wp-content\/uploads\/2019\/09\/faq_farbraeume_rgb-360x211.png 360w\" sizes=\"(max-width: 2732px) 100vw, 2732px\" \/><\/p>\n<h3>sRGB &#8211; Standard Red-Green-Blue<\/h3>\n<p>Der sRGB-Farbraum, oder Standard RGB (Red-Green-Blue), ist ein RGB-Farbraum, der gemeinsam von Hewlett-Packard und Microsoft f\u00fcr die Anwendung im Internet entwickelt wurde. Er wurde vom W3C, Exif, Intel, Pantone, Corel und anderen Industrieunternehmen best\u00e4tigt und \u00fcbernommen und wird f\u00fcr Open-Source-Software wie GIMP benutzt. sRGB wird sowohl f\u00fcr firmenspezifische als auch offene grafische Formate wie SVG eingesetzt.<\/p>\n<p>sRGB wird als \u00fcblicher Farbraum angesehen, um Abbilder f\u00fcr die Ansicht im World Wide Web zu erzeugen. Der resultierende Farbraum entspricht einem Gamma von 2.2, dem mittleren Spannungsniveau von CRT-Displays jener Zeit.<\/p>\n<p>[aus https:\/\/www.<a href=\"http:\/\/wikipedia.de\">wikipedia.de<\/a> vom 10.05.2017]<\/p>\n<p>&nbsp;<\/p>\n<h3>\u201eMaterielle\u201c Farbr\u00e4ume<\/h3>\n<p>Materieller Farbraum bedeutet, dass die Farben mit Mustern in verschiedener Form und auf unterschiedlichen Materialien wiedergegeben sind. Farbsammlungen, Farbkataloge und im einfachen Falle Farbf\u00e4cher pr\u00e4sentieren einen Farbraum der gew\u00e4hlten Farbmittel auf einem definierten Substrat. Durch Abmischungen besitzen sie dennoch einen dreidimensionalen Aufbau.<\/p>\n<p>Bei den vorgenannten (mathematisch-abstrakten) R\u00e4umen lassen sich zwar Farbkoordinaten angeben und messtechnisch erfassen. Diese materiellen Proben sind aber unmittelbar wahrnehmbar.<\/p>\n<p><strong>Beispiele:<\/strong><\/p>\n<ul>\n<li>Pantone Matching System (PMS)<\/li>\n<li>RAL<\/li>\n<li>Natural Color System (NCS)<\/li>\n<\/ul>\n<p>[aus https:\/\/www.<a href=\"http:\/\/wikipedia.de\">wikipedia.de<\/a> vom 10.05.2017]<\/p>\n<p><img loading=\"lazy\" class=\"aligncenter wp-image-17474 size-full\" src=\"https:\/\/media-lab.at\/cms\/wp-content\/uploads\/2019\/09\/faq_farbraeume_pantone.png\" alt=\"\" width=\"2800\" height=\"1601\" srcset=\"https:\/\/media-lab.at\/cms\/wp-content\/uploads\/2019\/09\/faq_farbraeume_pantone.png 2560w, https:\/\/media-lab.at\/cms\/wp-content\/uploads\/2019\/09\/faq_farbraeume_pantone-300x172.png 300w, https:\/\/media-lab.at\/cms\/wp-content\/uploads\/2019\/09\/faq_farbraeume_pantone-768x439.png 768w, https:\/\/media-lab.at\/cms\/wp-content\/uploads\/2019\/09\/faq_farbraeume_pantone-1024x586.png 1024w, https:\/\/media-lab.at\/cms\/wp-content\/uploads\/2019\/09\/faq_farbraeume_pantone-1130x646.png 1130w, https:\/\/media-lab.at\/cms\/wp-content\/uploads\/2019\/09\/faq_farbraeume_pantone-800x457.png 800w, https:\/\/media-lab.at\/cms\/wp-content\/uploads\/2019\/09\/faq_farbraeume_pantone-550x314.png 550w, https:\/\/media-lab.at\/cms\/wp-content\/uploads\/2019\/09\/faq_farbraeume_pantone-100x57.png 100w, https:\/\/media-lab.at\/cms\/wp-content\/uploads\/2019\/09\/faq_farbraeume_pantone-200x114.png 200w, https:\/\/media-lab.at\/cms\/wp-content\/uploads\/2019\/09\/faq_farbraeume_pantone-50x29.png 50w, https:\/\/media-lab.at\/cms\/wp-content\/uploads\/2019\/09\/faq_farbraeume_pantone-180x103.png 180w, https:\/\/media-lab.at\/cms\/wp-content\/uploads\/2019\/09\/faq_farbraeume_pantone-360x206.png 360w\" sizes=\"(max-width: 2800px) 100vw, 2800px\" \/>[\/vc_toggle][vc_toggle title=&#8221;Must-Have&#8217;s f\u00fcr Unternehmen&#8221; el_id=&#8221;must-have-s-fuer-unternehmen&#8221; el_class=&#8221;anchor&#8221;]<\/p>\n<h3>Unternehmenslogo<\/h3>\n<p>Als wichtigster und erster Punkt ist hier das jeweilige Unternehmenslogo angef\u00fchrt. &#8220;Klar, logisch!&#8221;, kann man Sie schon fast sagen h\u00f6ren. Erschreckender Weise sieht der Alltag anders aus.\u00a0W\u00e4hrend ein noch immer erschreckend gro\u00dfer Teil von Kleinunternehmen \u00fcber kein oder zumindest kein einheitliches Firmenlogo verf\u00fcgt, liegt unserer Erfahrung nach bei cirka 25% der Unternehmen Ihr Signet nicht als Vektorgrafik vor &#8211; egal, ob es sich um eine Wort-, Bild- oder eine Wort-\/Bild-Marke handelt.\u00a0Dies ist insofern fatal, da Sie dies immer wieder f\u00fcr unterschiedliche Verwendungszwecke ben\u00f6tigen &#8211; sei es f\u00fcr die Umsetzung einer einzelnen Drucksorte, Ihre Website, f\u00fcr eine Art von Au\u00dfenwerbung (z.B. Kfz-Beschriftung) oder einfach als Kennzeichnung eines durchgef\u00fchrten Sponsorings.<\/p>\n<p>Es ist \u00fcbrigens mehr als sinnvoll, ein in Auftrag gegebenes Firmenlogo markenrechtlich sch\u00fctzen zu lassen.<\/p>\n<p>&nbsp;<\/p>\n<h3>Slogan \/ Claim<\/h3>\n<p>Ein Slogan oder Claim als Zusatz zu einem Firmenlogo oder Produkt sollte &#8211; wie auch die anderen Elemente Ihres Au\u00dfenauftritts &#8211; keine leeren Floskeln sein, sondern Ihre &#8220;Kernaussage&#8221; auf den Punkt bringen. Es wird geraten, sich hier nicht an tempor\u00e4re Trends zu orientieren &#8211; sowohl Logo als auch Slogan sollten &#8220;zeitlos&#8221; bzw. langlebig entwickelt und \u00fcber Jahre hinweg verwendet werden k\u00f6nnen.<\/p>\n<p>&nbsp;<\/p>\n<h3>Schrift- &amp; Farbdefinitionen<\/h3>\n<p>Weiterer essentielle &#8220;Bausteine&#8221; Ihrer Corporate Identity sind die Definition der unternehmensweiten Fonts (Schriften) sowie der zu verwendeten Farbdefinitionen (ACHTUNG: Bei unterschiedlichen Produktionsarten kommen verschiedene Farbsysteme zur Anwendung). Im optimalen Fall haben Sie bereits ein so genanntes &#8220;Corporate Design Manual&#8221; oder einen &#8220;Style Guide&#8221;, wo die verschiedenen Anwendungsf\u00e4lle ausf\u00fchrlich beschrieben sind. Diese &#8220;Anleitung&#8221; dient als &#8220;marketingtechnischer Werkzeugkasten&#8221;.[\/vc_toggle][\/vc_tta_section][vc_tta_section title=&#8221;Logo&#8221; tab_id=&#8221;faq-logo&#8221;][vc_empty_space height=&#8221;40px&#8221;][vc_separator color=&#8221;custom&#8221; border_width=&#8221;3&#8243; accent_color=&#8221;#a11035&#8243;][vc_custom_heading text=&#8221;Themen &#8211; Logo&#8221; font_container=&#8221;tag:h4|text_align:left&#8221; use_theme_fonts=&#8221;yes&#8221;][vc_column_text el_class=&#8221;faq-list-overview&#8221;]<\/p>\n<ul>\n<li><a href=\"#arten-von-logos\">Arten von Logos<\/a><\/li>\n<li><a href=\"#logo-varianten\">Logo-Varianten<\/a><\/li>\n<li><a href=\"#verwendung-von-schriften-und-farben\">Verwendung von Schriften und Farben<\/a><\/li>\n<li><a href=\"#relevante-groessen\">Relevante Gr\u00f6\u00dfen<\/a><\/li>\n<\/ul>\n<p>[\/vc_column_text][vc_separator color=&#8221;custom&#8221; border_width=&#8221;3&#8243; accent_color=&#8221;#a11035&#8243;][vc_empty_space height=&#8221;20px&#8221;][vc_toggle title=&#8221;Arten von Logos&#8221; open=&#8221;true&#8221; el_id=&#8221;arten-von-logos&#8221; el_class=&#8221;anchor&#8221;]<strong>Wortmarken<\/strong><\/p>\n<p>&#8230; sind Marken, die ausschlie\u00dflich aus Gro\u00dfbuchstaben, Zahlen und Satzzeichen bestehen. Zul\u00e4ssige Satzzeichen sind . , ; : ? ! \u201e&#8221; \u2018 &#8211; \/ \\ ( ) [ ] { }.\u00a0Wenn die Marke in Farbe ist, eine besondere Schriftart oder Anordnung aufweist bzw. aus Gro\u00df- und Kleinbuchstaben besteht oder mit Sonderzeichen (z. B. @) gebildet wird, so liegt keine Wortmarke, sondern eine Wortbildmarke vor. <em>(Quelle: \u00d6sterreichisches Patentamt &#8211; online &#8211; 25.01.2018)<\/em><\/p>\n<p>&nbsp;<\/p>\n<p><strong>Bildmarken<\/strong><\/p>\n<p>&#8230; bestehen lediglich aus Bildbestandteilen oder graphisch ausgestalteten Elementen (ohne Wortbestandteil). <em>(Quelle: \u00d6sterreichisches Patentamt &#8211; online &#8211; 25.01.2018)<\/em><\/p>\n<p>&nbsp;<\/p>\n<p><strong>Wort-\/Bildmarken<\/strong><\/p>\n<p>&#8230; bestehen aus einer Kombination von Wort- und Bildbestandteilen bzw. graphisch gestalteten Elementen (z. B. Verwendung von Farben oder einer bestimmten Schriftart).\u00a0<em>(Quelle: \u00d6sterreichisches Patentamt &#8211; online &#8211; 25.01.2018)<\/em>[\/vc_toggle][vc_toggle title=&#8221;Logo-Varianten&#8221; el_id=&#8221;logo-varianten&#8221; el_class=&#8221;anchor&#8221;]\u00c4u\u00dferst wichtig ist es, dass Ihr Firmenlogo in mehreren Varianten vorliegt. Bei der Erstellung sollte darauf geachtet werden, dass das Ergebnis auch einfarbig \u00a0und auch invertiert (hell auf dunklem Grund)\u00a0funktioniert.<\/p>\n<p>Weiters hilfreich: das Firmenlogo in unterschiedlichen Formaten f\u00fcr differenzierte Anwendungsf\u00e4lle (rechteckig &#8211; quer, quadratisch,\u00a0rechteckig &#8211; hoch, etc.).<\/p>\n<p><img loading=\"lazy\" class=\"aligncenter wp-image-14827 size-full\" src=\"https:\/\/media-lab.at\/cms\/wp-content\/uploads\/2016\/10\/faq_logo-varianten.png\" alt=\"\" width=\"1950\" height=\"800\" srcset=\"https:\/\/media-lab.at\/cms\/wp-content\/uploads\/2016\/10\/faq_logo-varianten.png 1950w, https:\/\/media-lab.at\/cms\/wp-content\/uploads\/2016\/10\/faq_logo-varianten-300x123.png 300w, https:\/\/media-lab.at\/cms\/wp-content\/uploads\/2016\/10\/faq_logo-varianten-768x315.png 768w, https:\/\/media-lab.at\/cms\/wp-content\/uploads\/2016\/10\/faq_logo-varianten-1024x420.png 1024w, https:\/\/media-lab.at\/cms\/wp-content\/uploads\/2016\/10\/faq_logo-varianten-1130x464.png 1130w, https:\/\/media-lab.at\/cms\/wp-content\/uploads\/2016\/10\/faq_logo-varianten-800x328.png 800w, https:\/\/media-lab.at\/cms\/wp-content\/uploads\/2016\/10\/faq_logo-varianten-550x226.png 550w, https:\/\/media-lab.at\/cms\/wp-content\/uploads\/2016\/10\/faq_logo-varianten-200x82.png 200w, https:\/\/media-lab.at\/cms\/wp-content\/uploads\/2016\/10\/faq_logo-varianten-50x21.png 50w, https:\/\/media-lab.at\/cms\/wp-content\/uploads\/2016\/10\/faq_logo-varianten-180x74.png 180w, https:\/\/media-lab.at\/cms\/wp-content\/uploads\/2016\/10\/faq_logo-varianten-360x148.png 360w\" sizes=\"(max-width: 1950px) 100vw, 1950px\" \/>[\/vc_toggle][vc_toggle title=&#8221;Verwendung von Schriften und Farben&#8221; el_id=&#8221;verwendung-von-schriften-und-farben&#8221; el_class=&#8221;anchor&#8221;]Ein wirklich gut entwickeltes Firmenlogo zeichnet sich vor allem durch eines aus: Simplizit\u00e4t! Weniger ist mehr, denn mit einem Blick soll Ihre Zielgruppe wissen, worum es geht und was Sie &#8220;zu bieten&#8221; haben bzw. wof\u00fcr Ihr Unternehmen einsteht.<\/p>\n<p>Stellen Sie Ihr Unternehmens-Signet auf den Pr\u00fcfstand &#8211; sollten Sie eine der folgenden Fragen mit &#8220;ja&#8221; beantworten k\u00f6nnen, besteht wahrscheinlich Handlungsbedarf:<\/p>\n<ul>\n<li>Kommen in Ihrem Firmenlogo mehr als zwei Schriftfamilien bzw. -arten vor?<\/li>\n<li>Sind diese m\u00f6glicherweise auch noch relativ \u00e4hnlich?<\/li>\n<li>Verf\u00fcgt Ihr Firmenlogo \u00fcber mehr als zwei bis drei Farben?<\/li>\n<li>Kommt darin auch ein Farbverlauf vor?<\/li>\n<\/ul>\n<p>[\/vc_toggle][vc_toggle title=&#8221;Relevante Gr\u00f6\u00dfen&#8221; el_id=&#8221;relevante-groessen&#8221; el_class=&#8221;anchor&#8221;]Verschiedene Produktions- und Fertigungsarten sind nat\u00fcrlich auch an physikalische Grenzen &#8220;gefesselt&#8221;. Vor allem bei Beschriftungen in Form von Folien, das Veredeln von Textilien (Aufdrucke) oder dem Bedrucken von Werbe- und Streuartikeln gab es schon b\u00f6se \u00dcberraschungen&#8230;<\/p>\n<p>Beispiel: Die geplanten Polo-Shirts mit dem neu designten Firmen-Signet lassen sich nicht wie gew\u00fcnscht produzieren.<\/p>\n<p>Um auf Nummer sicher zu gehen, hat sich der &#8211; von uns so genannte &#8211; &#8220;Kugelschreiber-Test&#8221; gew\u00e4hrt. L\u00e4sst sich ein \u00fcblicher Kugelschreiber mit Ihrem Firmenlogo gravieren, wurde bei der Erstellung alles richtig gemacht![\/vc_toggle][\/vc_tta_section][vc_tta_section title=&#8221;Druck&#8221; tab_id=&#8221;faq-druck&#8221;][vc_empty_space height=&#8221;40px&#8221;][vc_separator color=&#8221;custom&#8221; border_width=&#8221;3&#8243; accent_color=&#8221;#a11035&#8243;][vc_custom_heading text=&#8221;Themen &#8211; Druck&#8221; font_container=&#8221;tag:h4|text_align:left&#8221; use_theme_fonts=&#8221;yes&#8221;][vc_column_text el_class=&#8221;faq-list-overview&#8221;]<\/p>\n<ul>\n<li><a href=\"#aufloesung\">Aufl\u00f6sung<\/a><\/li>\n<li><a href=\"#gaengige-papierformate\">G\u00e4ngige Papierformate<\/a><\/li>\n<li><a href=\"#anschnitt\">Anschnitt<\/a><\/li>\n<\/ul>\n<p>[\/vc_column_text][vc_separator color=&#8221;custom&#8221; border_width=&#8221;3&#8243; accent_color=&#8221;#a11035&#8243;][vc_empty_space height=&#8221;20px&#8221;][vc_toggle title=&#8221;Aufl\u00f6sung&#8221; open=&#8221;true&#8221; el_id=&#8221;aufloesung&#8221; el_class=&#8221;anchor&#8221;]<img loading=\"lazy\" class=\"aligncenter wp-image-14793 size-full\" src=\"https:\/\/media-lab.at\/cms\/wp-content\/uploads\/2017\/05\/faq_rastergrafik-vektorgrafik-01.png\" alt=\"\" width=\"941\" height=\"650\" srcset=\"https:\/\/media-lab.at\/cms\/wp-content\/uploads\/2017\/05\/faq_rastergrafik-vektorgrafik-01.png 941w, https:\/\/media-lab.at\/cms\/wp-content\/uploads\/2017\/05\/faq_rastergrafik-vektorgrafik-01-300x207.png 300w, https:\/\/media-lab.at\/cms\/wp-content\/uploads\/2017\/05\/faq_rastergrafik-vektorgrafik-01-768x530.png 768w, https:\/\/media-lab.at\/cms\/wp-content\/uploads\/2017\/05\/faq_rastergrafik-vektorgrafik-01-800x553.png 800w, https:\/\/media-lab.at\/cms\/wp-content\/uploads\/2017\/05\/faq_rastergrafik-vektorgrafik-01-550x380.png 550w, https:\/\/media-lab.at\/cms\/wp-content\/uploads\/2017\/05\/faq_rastergrafik-vektorgrafik-01-200x138.png 200w, https:\/\/media-lab.at\/cms\/wp-content\/uploads\/2017\/05\/faq_rastergrafik-vektorgrafik-01-50x35.png 50w, https:\/\/media-lab.at\/cms\/wp-content\/uploads\/2017\/05\/faq_rastergrafik-vektorgrafik-01-180x124.png 180w, https:\/\/media-lab.at\/cms\/wp-content\/uploads\/2017\/05\/faq_rastergrafik-vektorgrafik-01-360x249.png 360w\" sizes=\"(max-width: 941px) 100vw, 941px\" \/>[\/vc_toggle][vc_toggle title=&#8221;G\u00e4ngige Papierformate&#8221; el_id=&#8221;gaengige-papierformate&#8221; el_class=&#8221;anchor&#8221;]ISO-Papierformate laut DIN EN ISO 2016<\/p>\n<p><img loading=\"lazy\" class=\"aligncenter size-full wp-image-17472\" src=\"https:\/\/media-lab.at\/cms\/wp-content\/uploads\/2019\/09\/faq_din-formate.png\" alt=\"\" width=\"13607\" height=\"9638\" \/>[\/vc_toggle][vc_toggle title=&#8221;Anschnitt&#8221; el_id=&#8221;anschnitt&#8221; el_class=&#8221;anchor&#8221;]<img loading=\"lazy\" class=\"aligncenter wp-image-17471 size-full\" src=\"https:\/\/media-lab.at\/cms\/wp-content\/uploads\/2019\/09\/faq_anschnitt.png\" alt=\"\" width=\"2936\" height=\"2577\" \/>[\/vc_toggle][\/vc_tta_section][vc_tta_section title=&#8221;Web&#8221; tab_id=&#8221;faq-web&#8221;][vc_empty_space height=&#8221;40px&#8221;][vc_separator color=&#8221;custom&#8221; border_width=&#8221;3&#8243; accent_color=&#8221;#a11035&#8243;][vc_custom_heading text=&#8221;Themen &#8211; Web&#8221; font_container=&#8221;tag:h4|text_align:left&#8221; use_theme_fonts=&#8221;yes&#8221;][vc_column_text el_class=&#8221;faq-list-overview&#8221;]<\/p>\n<ul>\n<li><a href=\"#domain-webspace-mailspace\">Domain, Webspace, Mailspace<\/a><\/li>\n<li><a href=\"#responsive-design\">Responsive Design<\/a><\/li>\n<li><a href=\"#google-analytics-begriffe\">Google Analytics Begriffe<\/a><\/li>\n<\/ul>\n<p>[\/vc_column_text][vc_separator color=&#8221;custom&#8221; border_width=&#8221;3&#8243; accent_color=&#8221;#a11035&#8243;][vc_empty_space height=&#8221;20px&#8221;][vc_toggle title=&#8221;Domain, Webspace, Mailspace&#8221; el_id=&#8221;domain-webspace-mailspace&#8221; el_class=&#8221;anchor&#8221;]<strong>Domain<\/strong><\/p>\n<p>Die &#8220;Domain&#8221; oder &#8220;Dom\u00e4ne&#8221; stellt die jeweilige Internetadresse ohne &#8220;www.&#8221; dar (z.B. media-lab.at). Jede Domain kann weltweit nur einmal vergeben werden. Aus diesem Grund sind diese \u00fcber nationale Vergabestellen (in \u00d6sterreich: nic.at &#8211; \u00a0<a href=\"https:\/\/www.nic.at\/de\" target=\"_blank\" rel=\"noopener noreferrer\">https:\/\/www.nic.at\/de<\/a> &#8211; geregelt und verwaltet. Die anfallenden Geb\u00fchren werden \u00fcblicherweise j\u00e4hrlich verrechnet, wobie die Kosten je nach Domain-Endung variieren (ab ca. EUR 30,-\/Jahr).<\/p>\n<p>&nbsp;<\/p>\n<p><strong>Webspace<\/strong><\/p>\n<p>Der Webspace stellt den &#8220;Speicherplatz&#8221; zu einer Domain dar und wird separat in Rechnung gestellt. Die Preise schwanken hier sehr stark, was unter anderem mit der unterschiedlichen Qualit\u00e4t der Services bzw. der Provider zu tun hat. Au\u00dferdem lohnt es sich hierbei oft sehr, bei Angeboten genauer hinzusehen, da vielmals Pakete mit etlichen Extras geboten werden. Auch hier wird normalerweise ebenfalls pro Jahr verrechnet.<\/p>\n<p>&nbsp;<\/p>\n<p><strong>Mailspace<\/strong><\/p>\n<p>Um eine E-Mail-Adresse im Stil von &#8220;wer-auch-immer@media-lab.at&#8221; einrichten zu k\u00f6nnen, m\u00fcssen Sie sich mindestens<\/p>\n<ul>\n<li>eine Domain und<\/li>\n<li>einen Mailspace<\/li>\n<\/ul>\n<p>beim Provider Ihrer Wahl bzw. Ihres Vertrauens sichern. Da die Services und Angebote in diesem Bereich ebenfalls sehr unterschiedlich ausgepr\u00e4gt sind, differieren die Preise wieder stark. Auch die Rechnung f\u00fcr diesen Service &#8220;flattert&#8221; an sich einmal pro Jahr ins Haus.<\/p>\n<p>&nbsp;<\/p>\n<p><strong>TIPP: Pakete<\/strong><\/p>\n<p>Viele Provider bieten die oben genannten Services als Pakete an, wobei bei den Leistungen &#8220;Webspace&#8221; und &#8220;Mailspace&#8221; f\u00fcr die gebotene Qualit\u00e4t oft sehr vern\u00fcnftige Preise zustande kommen. Vergleichen lohnt sich in den meisten F\u00e4llen![\/vc_toggle][vc_toggle title=&#8221;Responsive Design&#8221; el_id=&#8221;responsive-design&#8221; el_class=&#8221;anchor&#8221;]<img loading=\"lazy\" class=\"aligncenter wp-image-14796 size-full\" src=\"https:\/\/media-lab.at\/cms\/wp-content\/uploads\/2017\/05\/faq_responsive-design.png\" alt=\"\" width=\"1957\" height=\"1343\" srcset=\"https:\/\/media-lab.at\/cms\/wp-content\/uploads\/2017\/05\/faq_responsive-design.png 1957w, https:\/\/media-lab.at\/cms\/wp-content\/uploads\/2017\/05\/faq_responsive-design-300x206.png 300w, https:\/\/media-lab.at\/cms\/wp-content\/uploads\/2017\/05\/faq_responsive-design-768x527.png 768w, https:\/\/media-lab.at\/cms\/wp-content\/uploads\/2017\/05\/faq_responsive-design-1024x703.png 1024w, https:\/\/media-lab.at\/cms\/wp-content\/uploads\/2017\/05\/faq_responsive-design-1130x775.png 1130w, https:\/\/media-lab.at\/cms\/wp-content\/uploads\/2017\/05\/faq_responsive-design-800x549.png 800w, https:\/\/media-lab.at\/cms\/wp-content\/uploads\/2017\/05\/faq_responsive-design-550x377.png 550w, https:\/\/media-lab.at\/cms\/wp-content\/uploads\/2017\/05\/faq_responsive-design-200x137.png 200w, https:\/\/media-lab.at\/cms\/wp-content\/uploads\/2017\/05\/faq_responsive-design-50x34.png 50w, https:\/\/media-lab.at\/cms\/wp-content\/uploads\/2017\/05\/faq_responsive-design-180x124.png 180w, https:\/\/media-lab.at\/cms\/wp-content\/uploads\/2017\/05\/faq_responsive-design-360x247.png 360w\" sizes=\"(max-width: 1957px) 100vw, 1957px\" \/>[\/vc_toggle][vc_toggle title=&#8221;Google Analytics Begriffe&#8221; el_id=&#8221;google-analytics-begriffe&#8221; el_class=&#8221;anchor&#8221;]<strong>Nutzer<\/strong><br \/>\nEin Nutzer ist ein Besucher, der eine Website besucht. Wird die jeweilige Internetseite erstmalig aufgerufen, so wird der Nutzer als &#8220;neuer Nutzer&#8221; registriert. Bei weiterem Ansurfen der selben Seite z\u00e4hlt er als &#8220;wiederkehrender Besucher&#8221;. Dies ist insofern interessant, da erkennbar ist, ob eine Website &#8220;es wert ist&#8221;, erneut besucht zu werden.<\/p>\n<p><strong>Sitzungen<\/strong><br \/>\nDer oben beschriebene Nutzer l\u00f6st eine Sitzung aus, wobei es keinen Unterschied macht, wieviele Unterseiten aufgerufen werden. Ist die Webseite aufgerufen und der Nutzer inaktiv, wird die aktuelle Sitzung nach 30 Minuten beendet.<\/p>\n<p><strong>Seitenaufrufe<\/strong><br \/>\nAls Seitenaufruf wird jeden besuchte Unterseite der Website gewertet. Wenn der Nutzer zum Beispiel eine konkrete Seite besucht, dort aber nicht findet, was er sucht und wieder zur vorigen zur\u00fcckkehrt, gilt dies als zwei Seitenaufrufe.<\/p>\n<p><strong>Absprungrate<\/strong><br \/>\nDie Absprungrate zeigt in Prozentpunkten, wie viele Nutzer die jeweilige Website nach dem Aufrufen von nur einer einzigen Seite (zum Beispiel die Startseite) wieder verlassen. Es sollte selbsterkl\u00e4rend sein, dass ein niedriger Wert positiv zu bewerten ist.<\/p>\n<p><strong>Organische Suche<\/strong><br \/>\nAnhand dieses Werts ist ersichtlich, wieviele Nutzer \u00fcber Suchmaschinen (Google, Bing, Yahoo, etc.) auf die jeweilige Website gelangt sind (also nicht \u00fcber Links von anderen Seiten).<\/p>\n<p><strong>Seiten\/Sitzung<\/strong><br \/>\nWie der Name der Kennzahl schon sagt, wird hierbei die durchschnittliche Anzahl von Seiten gemessen, die ein Nutzer w\u00e4hrend der Dauer des Besuchs auf der Website aufruft. Mehrfache Aufrufe werden dabei &#8220;mehrfach&#8221; gez\u00e4hlt.<\/p>\n<p><strong>Seitenladezeit<\/strong><br \/>\nAuch hier ist der Name Programm und wird in Sekunden angegeben.<\/p>\n<p><strong>Sitzungsdauer<\/strong><br \/>\nDieser Wert gibt die durchschnittliche Verweildauer eines Nutzers auf der Website an.[\/vc_toggle][\/vc_tta_section][vc_tta_section title=&#8221;Textilien&#8221; tab_id=&#8221;faq-textilien&#8221;][vc_empty_space height=&#8221;40px&#8221;][vc_separator color=&#8221;custom&#8221; border_width=&#8221;3&#8243; accent_color=&#8221;#a11035&#8243;][vc_custom_heading text=&#8221;Themen &#8211; Textilien&#8221; font_container=&#8221;tag:h4|text_align:left&#8221; use_theme_fonts=&#8221;yes&#8221;][vc_column_text el_class=&#8221;faq-list-overview&#8221;]<\/p>\n<ul>\n<li><a href=\"#textilpflegesymbole-ueberblick\">Textilsymbole &#8211; \u00dcberblick<\/a><\/li>\n<li><a href=\"#waschanleitung-und-pflegehinweise\">Waschanleitung und Pflegehinweise<\/a><\/li>\n<\/ul>\n<p>[\/vc_column_text][vc_separator color=&#8221;custom&#8221; border_width=&#8221;3&#8243; accent_color=&#8221;#a11035&#8243;][vc_empty_space height=&#8221;20px&#8221;][vc_toggle title=&#8221;Textilpflegesymbole &#8211; \u00dcberblick&#8221; el_id=&#8221;textilpflegesymbole-ueberblick&#8221; el_class=&#8221;anchor&#8221;]Ein Textilpflegesymbol oder Pflegesymbol ist ein <strong>Piktogramm<\/strong> zur <strong>Kennzeichnung<\/strong> der vom Hersteller empfohlenen Art der Behandlung von Textilien in Bezug auf das <strong>Waschen<\/strong>, <strong>Bleichen<\/strong>, <strong>Trocknen<\/strong>, <strong>B\u00fcgeln<\/strong> und die <strong>Professionelle Reinigung<\/strong>. Sie werden meist in Form eines eingen\u00e4hten Etiketts an der W\u00e4sche angebracht, um dem Verbraucher die Pflege seiner Textilien zu erleichtern.<\/p>\n<p>Die heute in Europa \u00fcblichen Piktogramme zur Kennzeichnung von Textilien wurden im Jahre 1958 markenrechtlich hinterlegt (Madrider Abkommen) und 1963 von der Internationalen Organisation f\u00fcr Textilpflegekennzeichen \u2013 die 1975 in GINETEX (Groupement International d\u2019Etiquetage pour l\u2019Entretien des Textiles) umbenannt wurde \u2013 eingef\u00fchrt. Die Verwendung der Pflegesymbole erfordert eine Lizenz einer nationalen Mitgliedsorganisation von GINETEX.<\/p>\n<p>Die derzeit g\u00fcltige internationale Norm zur Pflegekennzeichnung ist die ISO 3758:2012. Sie regelt die Pflegekennzeichnung, damit diese weltweit einheitlich erfolgen kann. In den USA, Japan und S\u00fcdkorea gibt es abweichende Symbole, die dort in nationalen Normen bzw. Gesetzen geregelt sind.<\/p>\n<p>&nbsp;<\/p>\n<h3>Allgemeines<\/h3>\n<p>Die Pflegekennzeichnung gibt die maximal zul\u00e4ssige Behandlungsart an, die unter praxisnahen Bedingungen auf Dauer <i>m\u00f6glich<\/i>ist, ohne das Textil zu sch\u00e4digen. Ob diese Behandlung <i>erforderlich<\/i> oder <i>ausreichend<\/i> ist, ist damit nicht ausgesagt. Eine mildere als die angegebene Behandlung ist jederzeit zul\u00e4ssig. Die Symbole sind gesch\u00fctzt. Ihre Verwendung verpflichtet zur Einhaltung der Lizenzbedingungen: Unzutreffende Kennzeichnung ist verboten. Die Symbole sind stets l\u00fcckenlos in der vorgeschriebenen Reihenfolge <i>Waschen<\/i>, <i>Bleichen<\/i>, <i>Trocknen<\/i>, <i>B\u00fcgeln<\/i>, <i>Professionelle Reinigung<\/i> anzugeben und m\u00fcssen \u00fcber die gesamte Lebensdauer des Textils gut lesbar bleiben. Ein Balken unter dem jeweiligen Symbol fordert eine (mechanisch) schonendere Behandlung als gew\u00f6hnlich, ein Doppelbalken eine <i>besonders<\/i> schonende Behandlung. Das Kreuz bedeutet, dass die Behandlungsart nicht erlaubt ist und das Textil besch\u00e4digt.<\/p>\n<p>&nbsp;<\/p>\n<h3>Waschen<\/h3>\n<p>Das Waschen wird durch einen stilisierten Waschzuber dargestellt; die Zahl im Zuber bedeutet die h\u00f6chstzul\u00e4ssige Waschtemperatur (in Grad Celsius). Das Symbol erlaubt Hand- oder Maschinenw\u00e4sche. Fehlt ein besonderer Hinweis, so ist Normalwaschgang zul\u00e4ssig. Ein Balken unter dem Zuber (Unterstreichung) verlangt eine mechanisch schonendere Behandlung, in der Maschine also Pflegeleicht- oder Schonwaschprogramm (Trommel nur halb voll W\u00e4sche, erh\u00f6hter Wasserstand, schonendes Schleudern). Ein doppelt unterstrichener Zuber verlangt besonders schonende Behandlung, also etwa Wollwaschgang oder Schonwaschgang (Trommel nur 1\/3 voll W\u00e4sche, erh\u00f6hter Wasserstand, stark reduzierte Bewegung, Wollschleudern oder gar nicht schleudern). Eine Hand im Zuber erlaubt nur (schonende) Handw\u00e4sche (nicht \u00fcber 40\u00b0C), und ein diagonal durchkreuzter Zuber bedeutet, dass das Textil unter haushalts\u00fcblichen Bedingungen \u00fcberhaupt nicht gewaschen werden darf.<\/p>\n\n\t\t<style type=\"text\/css\">\n\t\t\t#gallery-1 {\n\t\t\t\tmargin: auto;\n\t\t\t}\n\t\t\t#gallery-1 .gallery-item {\n\t\t\t\tfloat: left;\n\t\t\t\tmargin-top: 10px;\n\t\t\t\ttext-align: center;\n\t\t\t\twidth: 16%;\n\t\t\t}\n\t\t\t#gallery-1 img {\n\t\t\t\tborder: 2px solid #cfcfcf;\n\t\t\t}\n\t\t\t#gallery-1 .gallery-caption {\n\t\t\t\tmargin-left: 0;\n\t\t\t}\n\t\t\t\/* see gallery_shortcode() in wp-includes\/media.php *\/\n\t\t<\/style>\n\t\t<div id='gallery-1' class='gallery galleryid-13820 gallery-columns-6 gallery-size-thumbnail'><dl class='gallery-item'>\n\t\t\t<dt class='gallery-icon landscape'>\n\t\t\t\t<img width=\"150\" height=\"150\" src=\"https:\/\/media-lab.at\/cms\/wp-content\/uploads\/2020\/03\/Waschen-150x150.png\" class=\"attachment-thumbnail size-thumbnail\" alt=\"Waschen allgemein\" loading=\"lazy\" aria-describedby=\"gallery-1-17971\" srcset=\"https:\/\/media-lab.at\/cms\/wp-content\/uploads\/2020\/03\/Waschen-150x150.png 150w, https:\/\/media-lab.at\/cms\/wp-content\/uploads\/2020\/03\/Waschen-300x300.png 300w, https:\/\/media-lab.at\/cms\/wp-content\/uploads\/2020\/03\/Waschen-100x100.png 100w, https:\/\/media-lab.at\/cms\/wp-content\/uploads\/2020\/03\/Waschen-60x60.png 60w, https:\/\/media-lab.at\/cms\/wp-content\/uploads\/2020\/03\/Waschen-50x50.png 50w, https:\/\/media-lab.at\/cms\/wp-content\/uploads\/2020\/03\/Waschen-180x180.png 180w, https:\/\/media-lab.at\/cms\/wp-content\/uploads\/2020\/03\/Waschen-360x360.png 360w, https:\/\/media-lab.at\/cms\/wp-content\/uploads\/2020\/03\/Waschen.png 375w\" sizes=\"(max-width: 150px) 100vw, 150px\" \/>\n\t\t\t<\/dt>\n\t\t\t\t<dd class='wp-caption-text gallery-caption' id='gallery-1-17971'>\n\t\t\t\tWaschen allgemein\n\t\t\t\t<\/dd><\/dl><dl class='gallery-item'>\n\t\t\t<dt class='gallery-icon landscape'>\n\t\t\t\t<img width=\"150\" height=\"150\" src=\"https:\/\/media-lab.at\/cms\/wp-content\/uploads\/2020\/03\/Nicht-Waschen-150x150.png\" class=\"attachment-thumbnail size-thumbnail\" alt=\"Nicht waschen\" loading=\"lazy\" aria-describedby=\"gallery-1-17944\" srcset=\"https:\/\/media-lab.at\/cms\/wp-content\/uploads\/2020\/03\/Nicht-Waschen-150x150.png 150w, https:\/\/media-lab.at\/cms\/wp-content\/uploads\/2020\/03\/Nicht-Waschen-300x300.png 300w, https:\/\/media-lab.at\/cms\/wp-content\/uploads\/2020\/03\/Nicht-Waschen-100x100.png 100w, https:\/\/media-lab.at\/cms\/wp-content\/uploads\/2020\/03\/Nicht-Waschen-60x60.png 60w, https:\/\/media-lab.at\/cms\/wp-content\/uploads\/2020\/03\/Nicht-Waschen-50x50.png 50w, https:\/\/media-lab.at\/cms\/wp-content\/uploads\/2020\/03\/Nicht-Waschen-180x180.png 180w, https:\/\/media-lab.at\/cms\/wp-content\/uploads\/2020\/03\/Nicht-Waschen-360x360.png 360w, https:\/\/media-lab.at\/cms\/wp-content\/uploads\/2020\/03\/Nicht-Waschen.png 375w\" sizes=\"(max-width: 150px) 100vw, 150px\" \/>\n\t\t\t<\/dt>\n\t\t\t\t<dd class='wp-caption-text gallery-caption' id='gallery-1-17944'>\n\t\t\t\tNicht waschen\n\t\t\t\t<\/dd><\/dl><dl class='gallery-item'>\n\t\t\t<dt class='gallery-icon landscape'>\n\t\t\t\t<img width=\"150\" height=\"150\" src=\"https:\/\/media-lab.at\/cms\/wp-content\/uploads\/2020\/03\/Handwaesche-150x150.png\" class=\"attachment-thumbnail size-thumbnail\" alt=\"Handw\u00e4sche\" loading=\"lazy\" aria-describedby=\"gallery-1-17937\" srcset=\"https:\/\/media-lab.at\/cms\/wp-content\/uploads\/2020\/03\/Handwaesche-150x150.png 150w, https:\/\/media-lab.at\/cms\/wp-content\/uploads\/2020\/03\/Handwaesche-300x300.png 300w, https:\/\/media-lab.at\/cms\/wp-content\/uploads\/2020\/03\/Handwaesche-100x100.png 100w, https:\/\/media-lab.at\/cms\/wp-content\/uploads\/2020\/03\/Handwaesche-60x60.png 60w, https:\/\/media-lab.at\/cms\/wp-content\/uploads\/2020\/03\/Handwaesche-50x50.png 50w, https:\/\/media-lab.at\/cms\/wp-content\/uploads\/2020\/03\/Handwaesche-180x180.png 180w, https:\/\/media-lab.at\/cms\/wp-content\/uploads\/2020\/03\/Handwaesche-360x360.png 360w, https:\/\/media-lab.at\/cms\/wp-content\/uploads\/2020\/03\/Handwaesche.png 375w\" sizes=\"(max-width: 150px) 100vw, 150px\" \/>\n\t\t\t<\/dt>\n\t\t\t\t<dd class='wp-caption-text gallery-caption' id='gallery-1-17937'>\n\t\t\t\tHandw\u00e4sche\n\t\t\t\t<\/dd><\/dl><dl class='gallery-item'>\n\t\t\t<dt class='gallery-icon landscape'>\n\t\t\t\t<img width=\"150\" height=\"150\" src=\"https:\/\/media-lab.at\/cms\/wp-content\/uploads\/2020\/03\/Waschen-30-150x150.png\" class=\"attachment-thumbnail size-thumbnail\" alt=\"Waschen 30\u00b0C\" loading=\"lazy\" aria-describedby=\"gallery-1-17970\" srcset=\"https:\/\/media-lab.at\/cms\/wp-content\/uploads\/2020\/03\/Waschen-30-150x150.png 150w, https:\/\/media-lab.at\/cms\/wp-content\/uploads\/2020\/03\/Waschen-30-300x300.png 300w, https:\/\/media-lab.at\/cms\/wp-content\/uploads\/2020\/03\/Waschen-30-100x100.png 100w, https:\/\/media-lab.at\/cms\/wp-content\/uploads\/2020\/03\/Waschen-30-60x60.png 60w, https:\/\/media-lab.at\/cms\/wp-content\/uploads\/2020\/03\/Waschen-30-50x50.png 50w, https:\/\/media-lab.at\/cms\/wp-content\/uploads\/2020\/03\/Waschen-30-180x180.png 180w, https:\/\/media-lab.at\/cms\/wp-content\/uploads\/2020\/03\/Waschen-30-360x360.png 360w, https:\/\/media-lab.at\/cms\/wp-content\/uploads\/2020\/03\/Waschen-30.png 375w\" sizes=\"(max-width: 150px) 100vw, 150px\" \/>\n\t\t\t<\/dt>\n\t\t\t\t<dd class='wp-caption-text gallery-caption' id='gallery-1-17970'>\n\t\t\t\tWaschen 30\u00b0C\n\t\t\t\t<\/dd><\/dl><dl class='gallery-item'>\n\t\t\t<dt class='gallery-icon landscape'>\n\t\t\t\t<img width=\"150\" height=\"150\" src=\"https:\/\/media-lab.at\/cms\/wp-content\/uploads\/2020\/03\/Waschen-30-ss-150x150.png\" class=\"attachment-thumbnail size-thumbnail\" alt=\"Waschen 30\u00b0C (sehr schonend\u2009\/\u2009Wolle bzw. Wollschleudern\u2009\/\u2009nicht schleudern)\" loading=\"lazy\" aria-describedby=\"gallery-1-17969\" srcset=\"https:\/\/media-lab.at\/cms\/wp-content\/uploads\/2020\/03\/Waschen-30-ss-150x150.png 150w, https:\/\/media-lab.at\/cms\/wp-content\/uploads\/2020\/03\/Waschen-30-ss-300x300.png 300w, https:\/\/media-lab.at\/cms\/wp-content\/uploads\/2020\/03\/Waschen-30-ss-100x100.png 100w, https:\/\/media-lab.at\/cms\/wp-content\/uploads\/2020\/03\/Waschen-30-ss-60x60.png 60w, https:\/\/media-lab.at\/cms\/wp-content\/uploads\/2020\/03\/Waschen-30-ss-50x50.png 50w, https:\/\/media-lab.at\/cms\/wp-content\/uploads\/2020\/03\/Waschen-30-ss-180x180.png 180w, https:\/\/media-lab.at\/cms\/wp-content\/uploads\/2020\/03\/Waschen-30-ss-360x360.png 360w, https:\/\/media-lab.at\/cms\/wp-content\/uploads\/2020\/03\/Waschen-30-ss.png 375w\" sizes=\"(max-width: 150px) 100vw, 150px\" \/>\n\t\t\t<\/dt>\n\t\t\t\t<dd class='wp-caption-text gallery-caption' id='gallery-1-17969'>\n\t\t\t\tWaschen 30\u00b0C (schonend bzw. schonendes Schleudern)\n\t\t\t\t<\/dd><\/dl><dl class='gallery-item'>\n\t\t\t<dt class='gallery-icon landscape'>\n\t\t\t\t<img width=\"150\" height=\"150\" src=\"https:\/\/media-lab.at\/cms\/wp-content\/uploads\/2020\/03\/Waschen-30-s-150x150.png\" class=\"attachment-thumbnail size-thumbnail\" alt=\"Waschen 30\u00b0C (schonend bzw. schonendes Schleudern)\" loading=\"lazy\" aria-describedby=\"gallery-1-17968\" srcset=\"https:\/\/media-lab.at\/cms\/wp-content\/uploads\/2020\/03\/Waschen-30-s-150x150.png 150w, https:\/\/media-lab.at\/cms\/wp-content\/uploads\/2020\/03\/Waschen-30-s-300x300.png 300w, https:\/\/media-lab.at\/cms\/wp-content\/uploads\/2020\/03\/Waschen-30-s-100x100.png 100w, https:\/\/media-lab.at\/cms\/wp-content\/uploads\/2020\/03\/Waschen-30-s-60x60.png 60w, https:\/\/media-lab.at\/cms\/wp-content\/uploads\/2020\/03\/Waschen-30-s-50x50.png 50w, https:\/\/media-lab.at\/cms\/wp-content\/uploads\/2020\/03\/Waschen-30-s-180x180.png 180w, https:\/\/media-lab.at\/cms\/wp-content\/uploads\/2020\/03\/Waschen-30-s-360x360.png 360w, https:\/\/media-lab.at\/cms\/wp-content\/uploads\/2020\/03\/Waschen-30-s.png 375w\" sizes=\"(max-width: 150px) 100vw, 150px\" \/>\n\t\t\t<\/dt>\n\t\t\t\t<dd class='wp-caption-text gallery-caption' id='gallery-1-17968'>\n\t\t\t\tWaschen 30\u00b0C (sehr schonend\u2009\/\u2009Wolle bzw. Wollschleudern\u2009\/\u2009nicht schleudern)\n\t\t\t\t<\/dd><\/dl><br style=\"clear: both\" \/>\n\t\t<\/div>\n\n<h3><\/h3>\n<h3>Bleichen<\/h3>\n<p>Ein leeres Dreieck (fr\u00fcher mit Buchstaben Cl) erlaubt das Bleichen mit Chlor oder Sauerstoff, zwei schr\u00e4ge Linien im Dreieck erlauben nur Sauerstoff als Bleichmittel. Ein diagonal durchkreuztes Dreieck verbietet jegliches Bleichen, es d\u00fcrfen dann auch keine bleichmittelhaltigen Waschmittel (wie z. B. Vollwaschmittel) verwendet werden.<\/p>\n\n\t\t<style type=\"text\/css\">\n\t\t\t#gallery-2 {\n\t\t\t\tmargin: auto;\n\t\t\t}\n\t\t\t#gallery-2 .gallery-item {\n\t\t\t\tfloat: left;\n\t\t\t\tmargin-top: 10px;\n\t\t\t\ttext-align: center;\n\t\t\t\twidth: 16%;\n\t\t\t}\n\t\t\t#gallery-2 img {\n\t\t\t\tborder: 2px solid #cfcfcf;\n\t\t\t}\n\t\t\t#gallery-2 .gallery-caption {\n\t\t\t\tmargin-left: 0;\n\t\t\t}\n\t\t\t\/* see gallery_shortcode() in wp-includes\/media.php *\/\n\t\t<\/style>\n\t\t<div id='gallery-2' class='gallery galleryid-13820 gallery-columns-6 gallery-size-thumbnail'><dl class='gallery-item'>\n\t\t\t<dt class='gallery-icon landscape'>\n\t\t\t\t<img width=\"150\" height=\"150\" src=\"https:\/\/media-lab.at\/cms\/wp-content\/uploads\/2020\/03\/Bleichen-150x150.png\" class=\"attachment-thumbnail size-thumbnail\" alt=\"Jegliches Bleichen erlaubt (Chlor und Sauerstoff)\" loading=\"lazy\" aria-describedby=\"gallery-2-17932\" srcset=\"https:\/\/media-lab.at\/cms\/wp-content\/uploads\/2020\/03\/Bleichen-150x150.png 150w, https:\/\/media-lab.at\/cms\/wp-content\/uploads\/2020\/03\/Bleichen-300x300.png 300w, https:\/\/media-lab.at\/cms\/wp-content\/uploads\/2020\/03\/Bleichen-100x100.png 100w, https:\/\/media-lab.at\/cms\/wp-content\/uploads\/2020\/03\/Bleichen-60x60.png 60w, https:\/\/media-lab.at\/cms\/wp-content\/uploads\/2020\/03\/Bleichen-50x50.png 50w, https:\/\/media-lab.at\/cms\/wp-content\/uploads\/2020\/03\/Bleichen-180x180.png 180w, https:\/\/media-lab.at\/cms\/wp-content\/uploads\/2020\/03\/Bleichen-360x360.png 360w, https:\/\/media-lab.at\/cms\/wp-content\/uploads\/2020\/03\/Bleichen.png 375w\" sizes=\"(max-width: 150px) 100vw, 150px\" \/>\n\t\t\t<\/dt>\n\t\t\t\t<dd class='wp-caption-text gallery-caption' id='gallery-2-17932'>\n\t\t\t\tJegliches Bleichen erlaubt (Chlor und Sauerstoff)\n\t\t\t\t<\/dd><\/dl><dl class='gallery-item'>\n\t\t\t<dt class='gallery-icon landscape'>\n\t\t\t\t<img width=\"150\" height=\"150\" src=\"https:\/\/media-lab.at\/cms\/wp-content\/uploads\/2020\/03\/Sauerstoffbleichen-150x150.png\" class=\"attachment-thumbnail size-thumbnail\" alt=\"Bleichen mit Sauerstoff erlaubt\" loading=\"lazy\" aria-describedby=\"gallery-2-17956\" srcset=\"https:\/\/media-lab.at\/cms\/wp-content\/uploads\/2020\/03\/Sauerstoffbleichen-150x150.png 150w, https:\/\/media-lab.at\/cms\/wp-content\/uploads\/2020\/03\/Sauerstoffbleichen-300x300.png 300w, https:\/\/media-lab.at\/cms\/wp-content\/uploads\/2020\/03\/Sauerstoffbleichen-100x100.png 100w, https:\/\/media-lab.at\/cms\/wp-content\/uploads\/2020\/03\/Sauerstoffbleichen-60x60.png 60w, https:\/\/media-lab.at\/cms\/wp-content\/uploads\/2020\/03\/Sauerstoffbleichen-50x50.png 50w, https:\/\/media-lab.at\/cms\/wp-content\/uploads\/2020\/03\/Sauerstoffbleichen-180x180.png 180w, https:\/\/media-lab.at\/cms\/wp-content\/uploads\/2020\/03\/Sauerstoffbleichen-360x360.png 360w, https:\/\/media-lab.at\/cms\/wp-content\/uploads\/2020\/03\/Sauerstoffbleichen.png 375w\" sizes=\"(max-width: 150px) 100vw, 150px\" \/>\n\t\t\t<\/dt>\n\t\t\t\t<dd class='wp-caption-text gallery-caption' id='gallery-2-17956'>\n\t\t\t\tBleichen mit Sauerstoff erlaubt\n\t\t\t\t<\/dd><\/dl><dl class='gallery-item'>\n\t\t\t<dt class='gallery-icon landscape'>\n\t\t\t\t<img width=\"150\" height=\"150\" src=\"https:\/\/media-lab.at\/cms\/wp-content\/uploads\/2020\/03\/Bleichen-mit-Chlor-150x150.png\" class=\"attachment-thumbnail size-thumbnail\" alt=\"Bleichen mit Chlor erlaubt (veraltet, Verwendung nicht mehr zul\u00e4ssig)\" loading=\"lazy\" aria-describedby=\"gallery-2-17931\" srcset=\"https:\/\/media-lab.at\/cms\/wp-content\/uploads\/2020\/03\/Bleichen-mit-Chlor-150x150.png 150w, https:\/\/media-lab.at\/cms\/wp-content\/uploads\/2020\/03\/Bleichen-mit-Chlor-300x300.png 300w, https:\/\/media-lab.at\/cms\/wp-content\/uploads\/2020\/03\/Bleichen-mit-Chlor-100x100.png 100w, https:\/\/media-lab.at\/cms\/wp-content\/uploads\/2020\/03\/Bleichen-mit-Chlor-60x60.png 60w, https:\/\/media-lab.at\/cms\/wp-content\/uploads\/2020\/03\/Bleichen-mit-Chlor-50x50.png 50w, https:\/\/media-lab.at\/cms\/wp-content\/uploads\/2020\/03\/Bleichen-mit-Chlor-180x180.png 180w, https:\/\/media-lab.at\/cms\/wp-content\/uploads\/2020\/03\/Bleichen-mit-Chlor-360x360.png 360w, https:\/\/media-lab.at\/cms\/wp-content\/uploads\/2020\/03\/Bleichen-mit-Chlor.png 375w\" sizes=\"(max-width: 150px) 100vw, 150px\" \/>\n\t\t\t<\/dt>\n\t\t\t\t<dd class='wp-caption-text gallery-caption' id='gallery-2-17931'>\n\t\t\t\tBleichen mit Chlor erlaubt (veraltet, Verwendung nicht mehr zul\u00e4ssig)\n\t\t\t\t<\/dd><\/dl><dl class='gallery-item'>\n\t\t\t<dt class='gallery-icon landscape'>\n\t\t\t\t<img width=\"150\" height=\"150\" src=\"https:\/\/media-lab.at\/cms\/wp-content\/uploads\/2020\/03\/Nicht-Bleichen-2-150x150.png\" class=\"attachment-thumbnail size-thumbnail\" alt=\"Bleichen nicht erlaubt\" loading=\"lazy\" aria-describedby=\"gallery-2-17938\" srcset=\"https:\/\/media-lab.at\/cms\/wp-content\/uploads\/2020\/03\/Nicht-Bleichen-2-150x150.png 150w, https:\/\/media-lab.at\/cms\/wp-content\/uploads\/2020\/03\/Nicht-Bleichen-2-300x300.png 300w, https:\/\/media-lab.at\/cms\/wp-content\/uploads\/2020\/03\/Nicht-Bleichen-2-100x100.png 100w, https:\/\/media-lab.at\/cms\/wp-content\/uploads\/2020\/03\/Nicht-Bleichen-2-60x60.png 60w, https:\/\/media-lab.at\/cms\/wp-content\/uploads\/2020\/03\/Nicht-Bleichen-2-50x50.png 50w, https:\/\/media-lab.at\/cms\/wp-content\/uploads\/2020\/03\/Nicht-Bleichen-2-180x180.png 180w, https:\/\/media-lab.at\/cms\/wp-content\/uploads\/2020\/03\/Nicht-Bleichen-2-360x360.png 360w, https:\/\/media-lab.at\/cms\/wp-content\/uploads\/2020\/03\/Nicht-Bleichen-2.png 375w\" sizes=\"(max-width: 150px) 100vw, 150px\" \/>\n\t\t\t<\/dt>\n\t\t\t\t<dd class='wp-caption-text gallery-caption' id='gallery-2-17938'>\n\t\t\t\tBleichen nicht erlaubt\n\t\t\t\t<\/dd><\/dl><dl class='gallery-item'>\n\t\t\t<dt class='gallery-icon landscape'>\n\t\t\t\t<img width=\"150\" height=\"150\" src=\"https:\/\/media-lab.at\/cms\/wp-content\/uploads\/2020\/03\/Nicht-Bleichen-150x150.png\" class=\"attachment-thumbnail size-thumbnail\" alt=\"Bleichen nicht erlaubt (veraltet, nicht mehr erlaubt)\" loading=\"lazy\" aria-describedby=\"gallery-2-17939\" srcset=\"https:\/\/media-lab.at\/cms\/wp-content\/uploads\/2020\/03\/Nicht-Bleichen-150x150.png 150w, https:\/\/media-lab.at\/cms\/wp-content\/uploads\/2020\/03\/Nicht-Bleichen-300x300.png 300w, https:\/\/media-lab.at\/cms\/wp-content\/uploads\/2020\/03\/Nicht-Bleichen-100x100.png 100w, https:\/\/media-lab.at\/cms\/wp-content\/uploads\/2020\/03\/Nicht-Bleichen-60x60.png 60w, https:\/\/media-lab.at\/cms\/wp-content\/uploads\/2020\/03\/Nicht-Bleichen-50x50.png 50w, https:\/\/media-lab.at\/cms\/wp-content\/uploads\/2020\/03\/Nicht-Bleichen-180x180.png 180w, https:\/\/media-lab.at\/cms\/wp-content\/uploads\/2020\/03\/Nicht-Bleichen-360x360.png 360w, https:\/\/media-lab.at\/cms\/wp-content\/uploads\/2020\/03\/Nicht-Bleichen.png 375w\" sizes=\"(max-width: 150px) 100vw, 150px\" \/>\n\t\t\t<\/dt>\n\t\t\t\t<dd class='wp-caption-text gallery-caption' id='gallery-2-17939'>\n\t\t\t\tBleichen nicht erlaubt (veraltet, nicht mehr erlaubt)\n\t\t\t\t<\/dd><\/dl>\n\t\t\t<br style='clear: both' \/>\n\t\t<\/div>\n\n<p>&nbsp;<\/p>\n<h3>Trocknen<\/h3>\n<p>Ein Kreis im Quadrat erlaubt das maschinelle Trocknen im W\u00e4schetrockner. Ein Punkt verlangt die Trocknung mit reduzierter Temperatur, zwei stehen f\u00fcr normale Temperatur. Das diagonal durchkreuzte Zeichen bedeutet, dass der Artikel keine maschinelle Trocknung vertr\u00e4gt. Die Angaben zum Trocknen gelten nur f\u00fcr haushalts\u00fcbliche Bedingungen, nicht jedoch f\u00fcr die professionelle Textilpflege. In den USA und Japan gibt es noch weitere Piktogramme zur nat\u00fcrlichen Trocknung.<\/p>\n<h4>Trommeltrocknen<\/h4>\n\n\t\t<style type=\"text\/css\">\n\t\t\t#gallery-3 {\n\t\t\t\tmargin: auto;\n\t\t\t}\n\t\t\t#gallery-3 .gallery-item {\n\t\t\t\tfloat: left;\n\t\t\t\tmargin-top: 10px;\n\t\t\t\ttext-align: center;\n\t\t\t\twidth: 16%;\n\t\t\t}\n\t\t\t#gallery-3 img {\n\t\t\t\tborder: 2px solid #cfcfcf;\n\t\t\t}\n\t\t\t#gallery-3 .gallery-caption {\n\t\t\t\tmargin-left: 0;\n\t\t\t}\n\t\t\t\/* see gallery_shortcode() in wp-includes\/media.php *\/\n\t\t<\/style>\n\t\t<div id='gallery-3' class='gallery galleryid-13820 gallery-columns-6 gallery-size-thumbnail'><dl class='gallery-item'>\n\t\t\t<dt class='gallery-icon landscape'>\n\t\t\t\t<img width=\"150\" height=\"150\" src=\"https:\/\/media-lab.at\/cms\/wp-content\/uploads\/2020\/03\/Trommeltrocknen-150x150.png\" class=\"attachment-thumbnail size-thumbnail\" alt=\"Trommeltrocknen allgemein\" loading=\"lazy\" aria-describedby=\"gallery-3-17967\" srcset=\"https:\/\/media-lab.at\/cms\/wp-content\/uploads\/2020\/03\/Trommeltrocknen-150x150.png 150w, https:\/\/media-lab.at\/cms\/wp-content\/uploads\/2020\/03\/Trommeltrocknen-300x300.png 300w, https:\/\/media-lab.at\/cms\/wp-content\/uploads\/2020\/03\/Trommeltrocknen-100x100.png 100w, https:\/\/media-lab.at\/cms\/wp-content\/uploads\/2020\/03\/Trommeltrocknen-60x60.png 60w, https:\/\/media-lab.at\/cms\/wp-content\/uploads\/2020\/03\/Trommeltrocknen-50x50.png 50w, https:\/\/media-lab.at\/cms\/wp-content\/uploads\/2020\/03\/Trommeltrocknen-180x180.png 180w, https:\/\/media-lab.at\/cms\/wp-content\/uploads\/2020\/03\/Trommeltrocknen-360x360.png 360w, https:\/\/media-lab.at\/cms\/wp-content\/uploads\/2020\/03\/Trommeltrocknen.png 375w\" sizes=\"(max-width: 150px) 100vw, 150px\" \/>\n\t\t\t<\/dt>\n\t\t\t\t<dd class='wp-caption-text gallery-caption' id='gallery-3-17967'>\n\t\t\t\tTrommeltrocknen allgemein\n\t\t\t\t<\/dd><\/dl><dl class='gallery-item'>\n\t\t\t<dt class='gallery-icon landscape'>\n\t\t\t\t<img width=\"150\" height=\"150\" src=\"https:\/\/media-lab.at\/cms\/wp-content\/uploads\/2020\/03\/Trommeltrocknen-1-150x150.png\" class=\"attachment-thumbnail size-thumbnail\" alt=\"Trommeltrocknen niedrige Temperatur (schonend)\" loading=\"lazy\" aria-describedby=\"gallery-3-17965\" srcset=\"https:\/\/media-lab.at\/cms\/wp-content\/uploads\/2020\/03\/Trommeltrocknen-1-150x150.png 150w, https:\/\/media-lab.at\/cms\/wp-content\/uploads\/2020\/03\/Trommeltrocknen-1-300x300.png 300w, https:\/\/media-lab.at\/cms\/wp-content\/uploads\/2020\/03\/Trommeltrocknen-1-100x100.png 100w, https:\/\/media-lab.at\/cms\/wp-content\/uploads\/2020\/03\/Trommeltrocknen-1-60x60.png 60w, https:\/\/media-lab.at\/cms\/wp-content\/uploads\/2020\/03\/Trommeltrocknen-1-50x50.png 50w, https:\/\/media-lab.at\/cms\/wp-content\/uploads\/2020\/03\/Trommeltrocknen-1-180x180.png 180w, https:\/\/media-lab.at\/cms\/wp-content\/uploads\/2020\/03\/Trommeltrocknen-1-360x360.png 360w, https:\/\/media-lab.at\/cms\/wp-content\/uploads\/2020\/03\/Trommeltrocknen-1.png 375w\" sizes=\"(max-width: 150px) 100vw, 150px\" \/>\n\t\t\t<\/dt>\n\t\t\t\t<dd class='wp-caption-text gallery-caption' id='gallery-3-17965'>\n\t\t\t\tTrommeltrocknen niedrige Temperatur (schonend)\n\t\t\t\t<\/dd><\/dl><dl class='gallery-item'>\n\t\t\t<dt class='gallery-icon landscape'>\n\t\t\t\t<img width=\"150\" height=\"150\" src=\"https:\/\/media-lab.at\/cms\/wp-content\/uploads\/2020\/03\/Trommeltrocknen-2-150x150.png\" class=\"attachment-thumbnail size-thumbnail\" alt=\"Trommeltrocknen normal\" loading=\"lazy\" aria-describedby=\"gallery-3-17966\" srcset=\"https:\/\/media-lab.at\/cms\/wp-content\/uploads\/2020\/03\/Trommeltrocknen-2-150x150.png 150w, https:\/\/media-lab.at\/cms\/wp-content\/uploads\/2020\/03\/Trommeltrocknen-2-300x300.png 300w, https:\/\/media-lab.at\/cms\/wp-content\/uploads\/2020\/03\/Trommeltrocknen-2-100x100.png 100w, https:\/\/media-lab.at\/cms\/wp-content\/uploads\/2020\/03\/Trommeltrocknen-2-60x60.png 60w, https:\/\/media-lab.at\/cms\/wp-content\/uploads\/2020\/03\/Trommeltrocknen-2-50x50.png 50w, https:\/\/media-lab.at\/cms\/wp-content\/uploads\/2020\/03\/Trommeltrocknen-2-180x180.png 180w, https:\/\/media-lab.at\/cms\/wp-content\/uploads\/2020\/03\/Trommeltrocknen-2-360x360.png 360w, https:\/\/media-lab.at\/cms\/wp-content\/uploads\/2020\/03\/Trommeltrocknen-2.png 375w\" sizes=\"(max-width: 150px) 100vw, 150px\" \/>\n\t\t\t<\/dt>\n\t\t\t\t<dd class='wp-caption-text gallery-caption' id='gallery-3-17966'>\n\t\t\t\tTrommeltrocknen normal\n\t\t\t\t<\/dd><\/dl><dl class='gallery-item'>\n\t\t\t<dt class='gallery-icon landscape'>\n\t\t\t\t<img width=\"150\" height=\"150\" src=\"https:\/\/media-lab.at\/cms\/wp-content\/uploads\/2020\/03\/Nicht-Trommeltrocknen-150x150.png\" class=\"attachment-thumbnail size-thumbnail\" alt=\"Nicht im Trommeltrockner trocknen\" loading=\"lazy\" aria-describedby=\"gallery-3-17943\" srcset=\"https:\/\/media-lab.at\/cms\/wp-content\/uploads\/2020\/03\/Nicht-Trommeltrocknen-150x150.png 150w, https:\/\/media-lab.at\/cms\/wp-content\/uploads\/2020\/03\/Nicht-Trommeltrocknen-300x300.png 300w, https:\/\/media-lab.at\/cms\/wp-content\/uploads\/2020\/03\/Nicht-Trommeltrocknen-100x100.png 100w, https:\/\/media-lab.at\/cms\/wp-content\/uploads\/2020\/03\/Nicht-Trommeltrocknen-60x60.png 60w, https:\/\/media-lab.at\/cms\/wp-content\/uploads\/2020\/03\/Nicht-Trommeltrocknen-50x50.png 50w, https:\/\/media-lab.at\/cms\/wp-content\/uploads\/2020\/03\/Nicht-Trommeltrocknen-180x180.png 180w, https:\/\/media-lab.at\/cms\/wp-content\/uploads\/2020\/03\/Nicht-Trommeltrocknen-360x360.png 360w, https:\/\/media-lab.at\/cms\/wp-content\/uploads\/2020\/03\/Nicht-Trommeltrocknen.png 375w\" sizes=\"(max-width: 150px) 100vw, 150px\" \/>\n\t\t\t<\/dt>\n\t\t\t\t<dd class='wp-caption-text gallery-caption' id='gallery-3-17943'>\n\t\t\t\tNicht im Trommeltrockner trocknen\n\t\t\t\t<\/dd><\/dl>\n\t\t\t<br style='clear: both' \/>\n\t\t<\/div>\n\n<h4>Nat\u00fcrliches Trocknen<\/h4>\n\n\t\t<style type=\"text\/css\">\n\t\t\t#gallery-4 {\n\t\t\t\tmargin: auto;\n\t\t\t}\n\t\t\t#gallery-4 .gallery-item {\n\t\t\t\tfloat: left;\n\t\t\t\tmargin-top: 10px;\n\t\t\t\ttext-align: center;\n\t\t\t\twidth: 16%;\n\t\t\t}\n\t\t\t#gallery-4 img {\n\t\t\t\tborder: 2px solid #cfcfcf;\n\t\t\t}\n\t\t\t#gallery-4 .gallery-caption {\n\t\t\t\tmargin-left: 0;\n\t\t\t}\n\t\t\t\/* see gallery_shortcode() in wp-includes\/media.php *\/\n\t\t<\/style>\n\t\t<div id='gallery-4' class='gallery galleryid-13820 gallery-columns-6 gallery-size-thumbnail'><dl class='gallery-item'>\n\t\t\t<dt class='gallery-icon landscape'>\n\t\t\t\t<img width=\"150\" height=\"150\" src=\"https:\/\/media-lab.at\/cms\/wp-content\/uploads\/2020\/03\/Trocknen-150x150.png\" class=\"attachment-thumbnail size-thumbnail\" alt=\"Trocknen (allgemein)\" loading=\"lazy\" aria-describedby=\"gallery-4-17964\" srcset=\"https:\/\/media-lab.at\/cms\/wp-content\/uploads\/2020\/03\/Trocknen-150x150.png 150w, https:\/\/media-lab.at\/cms\/wp-content\/uploads\/2020\/03\/Trocknen-300x300.png 300w, https:\/\/media-lab.at\/cms\/wp-content\/uploads\/2020\/03\/Trocknen-100x100.png 100w, https:\/\/media-lab.at\/cms\/wp-content\/uploads\/2020\/03\/Trocknen-60x60.png 60w, https:\/\/media-lab.at\/cms\/wp-content\/uploads\/2020\/03\/Trocknen-50x50.png 50w, https:\/\/media-lab.at\/cms\/wp-content\/uploads\/2020\/03\/Trocknen-180x180.png 180w, https:\/\/media-lab.at\/cms\/wp-content\/uploads\/2020\/03\/Trocknen-360x360.png 360w, https:\/\/media-lab.at\/cms\/wp-content\/uploads\/2020\/03\/Trocknen.png 375w\" sizes=\"(max-width: 150px) 100vw, 150px\" \/>\n\t\t\t<\/dt>\n\t\t\t\t<dd class='wp-caption-text gallery-caption' id='gallery-4-17964'>\n\t\t\t\tTrocknen (allgemein)\n\t\t\t\t<\/dd><\/dl><dl class='gallery-item'>\n\t\t\t<dt class='gallery-icon landscape'>\n\t\t\t\t<img width=\"150\" height=\"150\" src=\"https:\/\/media-lab.at\/cms\/wp-content\/uploads\/2020\/03\/Trocknen-Leine-150x150.png\" class=\"attachment-thumbnail size-thumbnail\" alt=\"Trocknen auf der Leine (nur in den USA verwendetes Symbol, international lt. ISO-Norm nicht erlaubt)\" loading=\"lazy\" aria-describedby=\"gallery-4-17958\" srcset=\"https:\/\/media-lab.at\/cms\/wp-content\/uploads\/2020\/03\/Trocknen-Leine-150x150.png 150w, https:\/\/media-lab.at\/cms\/wp-content\/uploads\/2020\/03\/Trocknen-Leine-300x300.png 300w, https:\/\/media-lab.at\/cms\/wp-content\/uploads\/2020\/03\/Trocknen-Leine-100x100.png 100w, https:\/\/media-lab.at\/cms\/wp-content\/uploads\/2020\/03\/Trocknen-Leine-60x60.png 60w, https:\/\/media-lab.at\/cms\/wp-content\/uploads\/2020\/03\/Trocknen-Leine-50x50.png 50w, https:\/\/media-lab.at\/cms\/wp-content\/uploads\/2020\/03\/Trocknen-Leine-180x180.png 180w, https:\/\/media-lab.at\/cms\/wp-content\/uploads\/2020\/03\/Trocknen-Leine-360x360.png 360w, https:\/\/media-lab.at\/cms\/wp-content\/uploads\/2020\/03\/Trocknen-Leine.png 375w\" sizes=\"(max-width: 150px) 100vw, 150px\" \/>\n\t\t\t<\/dt>\n\t\t\t\t<dd class='wp-caption-text gallery-caption' id='gallery-4-17958'>\n\t\t\t\tTrocknen auf der Leine (nur in den USA verwendetes Symbol, international lt. ISO-Norm nicht erlaubt)\n\t\t\t\t<\/dd><\/dl><dl class='gallery-item'>\n\t\t\t<dt class='gallery-icon landscape'>\n\t\t\t\t<img width=\"150\" height=\"150\" src=\"https:\/\/media-lab.at\/cms\/wp-content\/uploads\/2020\/03\/Trocknen-Liegend-150x150.png\" class=\"attachment-thumbnail size-thumbnail\" alt=\"Liegend trocknen\" loading=\"lazy\" aria-describedby=\"gallery-4-17960\" srcset=\"https:\/\/media-lab.at\/cms\/wp-content\/uploads\/2020\/03\/Trocknen-Liegend-150x150.png 150w, https:\/\/media-lab.at\/cms\/wp-content\/uploads\/2020\/03\/Trocknen-Liegend-300x300.png 300w, https:\/\/media-lab.at\/cms\/wp-content\/uploads\/2020\/03\/Trocknen-Liegend-100x100.png 100w, https:\/\/media-lab.at\/cms\/wp-content\/uploads\/2020\/03\/Trocknen-Liegend-60x60.png 60w, https:\/\/media-lab.at\/cms\/wp-content\/uploads\/2020\/03\/Trocknen-Liegend-50x50.png 50w, https:\/\/media-lab.at\/cms\/wp-content\/uploads\/2020\/03\/Trocknen-Liegend-180x180.png 180w, https:\/\/media-lab.at\/cms\/wp-content\/uploads\/2020\/03\/Trocknen-Liegend-360x360.png 360w, https:\/\/media-lab.at\/cms\/wp-content\/uploads\/2020\/03\/Trocknen-Liegend.png 375w\" sizes=\"(max-width: 150px) 100vw, 150px\" \/>\n\t\t\t<\/dt>\n\t\t\t\t<dd class='wp-caption-text gallery-caption' id='gallery-4-17960'>\n\t\t\t\tLiegend trocknen\n\t\t\t\t<\/dd><\/dl><dl class='gallery-item'>\n\t\t\t<dt class='gallery-icon landscape'>\n\t\t\t\t<img width=\"150\" height=\"150\" src=\"https:\/\/media-lab.at\/cms\/wp-content\/uploads\/2020\/03\/Trocknen-Tropfnass-150x150.png\" class=\"attachment-thumbnail size-thumbnail\" alt=\"Tropfnass trocknen (nur in den USA verwendetes Symbol, international lt. ISO-Norm nicht erlaubt)\" loading=\"lazy\" aria-describedby=\"gallery-4-17963\" srcset=\"https:\/\/media-lab.at\/cms\/wp-content\/uploads\/2020\/03\/Trocknen-Tropfnass-150x150.png 150w, https:\/\/media-lab.at\/cms\/wp-content\/uploads\/2020\/03\/Trocknen-Tropfnass-300x300.png 300w, https:\/\/media-lab.at\/cms\/wp-content\/uploads\/2020\/03\/Trocknen-Tropfnass-100x100.png 100w, https:\/\/media-lab.at\/cms\/wp-content\/uploads\/2020\/03\/Trocknen-Tropfnass-60x60.png 60w, https:\/\/media-lab.at\/cms\/wp-content\/uploads\/2020\/03\/Trocknen-Tropfnass-50x50.png 50w, https:\/\/media-lab.at\/cms\/wp-content\/uploads\/2020\/03\/Trocknen-Tropfnass-180x180.png 180w, https:\/\/media-lab.at\/cms\/wp-content\/uploads\/2020\/03\/Trocknen-Tropfnass-360x360.png 360w, https:\/\/media-lab.at\/cms\/wp-content\/uploads\/2020\/03\/Trocknen-Tropfnass.png 375w\" sizes=\"(max-width: 150px) 100vw, 150px\" \/>\n\t\t\t<\/dt>\n\t\t\t\t<dd class='wp-caption-text gallery-caption' id='gallery-4-17963'>\n\t\t\t\tTropfnass trocknen (nur in den USA verwendetes Symbol, international lt. ISO-Norm nicht erlaubt)\n\t\t\t\t<\/dd><\/dl><dl class='gallery-item'>\n\t\t\t<dt class='gallery-icon landscape'>\n\t\t\t\t<img width=\"150\" height=\"150\" src=\"https:\/\/media-lab.at\/cms\/wp-content\/uploads\/2020\/03\/Trocknen-Schatten-150x150.png\" class=\"attachment-thumbnail size-thumbnail\" alt=\"Im Schatten trocknen (nur in den USA verwendetes Symbol, international lt. ISO-Norm nicht erlaubt)\" loading=\"lazy\" aria-describedby=\"gallery-4-17961\" srcset=\"https:\/\/media-lab.at\/cms\/wp-content\/uploads\/2020\/03\/Trocknen-Schatten-150x150.png 150w, https:\/\/media-lab.at\/cms\/wp-content\/uploads\/2020\/03\/Trocknen-Schatten-300x300.png 300w, https:\/\/media-lab.at\/cms\/wp-content\/uploads\/2020\/03\/Trocknen-Schatten-100x100.png 100w, https:\/\/media-lab.at\/cms\/wp-content\/uploads\/2020\/03\/Trocknen-Schatten-60x60.png 60w, https:\/\/media-lab.at\/cms\/wp-content\/uploads\/2020\/03\/Trocknen-Schatten-50x50.png 50w, https:\/\/media-lab.at\/cms\/wp-content\/uploads\/2020\/03\/Trocknen-Schatten-180x180.png 180w, https:\/\/media-lab.at\/cms\/wp-content\/uploads\/2020\/03\/Trocknen-Schatten-360x360.png 360w, https:\/\/media-lab.at\/cms\/wp-content\/uploads\/2020\/03\/Trocknen-Schatten.png 375w\" sizes=\"(max-width: 150px) 100vw, 150px\" \/>\n\t\t\t<\/dt>\n\t\t\t\t<dd class='wp-caption-text gallery-caption' id='gallery-4-17961'>\n\t\t\t\tIm Schatten trocknen (nur in den USA verwendetes Symbol, international lt. ISO-Norm nicht erlaubt)\n\t\t\t\t<\/dd><\/dl><dl class='gallery-item'>\n\t\t\t<dt class='gallery-icon landscape'>\n\t\t\t\t<img width=\"150\" height=\"150\" src=\"https:\/\/media-lab.at\/cms\/wp-content\/uploads\/2020\/03\/Trocknen-Leine-im-Schatten-150x150.png\" class=\"attachment-thumbnail size-thumbnail\" alt=\"Trocknen auf der Leine im Schatten (nur in den USA verwendetes Symbol, international lt. ISO-Norm nicht erlaubt)\" loading=\"lazy\" aria-describedby=\"gallery-4-17957\" srcset=\"https:\/\/media-lab.at\/cms\/wp-content\/uploads\/2020\/03\/Trocknen-Leine-im-Schatten-150x150.png 150w, https:\/\/media-lab.at\/cms\/wp-content\/uploads\/2020\/03\/Trocknen-Leine-im-Schatten-300x300.png 300w, https:\/\/media-lab.at\/cms\/wp-content\/uploads\/2020\/03\/Trocknen-Leine-im-Schatten-100x100.png 100w, https:\/\/media-lab.at\/cms\/wp-content\/uploads\/2020\/03\/Trocknen-Leine-im-Schatten-60x60.png 60w, https:\/\/media-lab.at\/cms\/wp-content\/uploads\/2020\/03\/Trocknen-Leine-im-Schatten-50x50.png 50w, https:\/\/media-lab.at\/cms\/wp-content\/uploads\/2020\/03\/Trocknen-Leine-im-Schatten-180x180.png 180w, https:\/\/media-lab.at\/cms\/wp-content\/uploads\/2020\/03\/Trocknen-Leine-im-Schatten-360x360.png 360w, https:\/\/media-lab.at\/cms\/wp-content\/uploads\/2020\/03\/Trocknen-Leine-im-Schatten.png 375w\" sizes=\"(max-width: 150px) 100vw, 150px\" \/>\n\t\t\t<\/dt>\n\t\t\t\t<dd class='wp-caption-text gallery-caption' id='gallery-4-17957'>\n\t\t\t\tTrocknen auf der Leine im Schatten (nur in den USA verwendetes Symbol, international lt. ISO-Norm nicht erlaubt)\n\t\t\t\t<\/dd><\/dl><br style=\"clear: both\" \/><dl class='gallery-item'>\n\t\t\t<dt class='gallery-icon landscape'>\n\t\t\t\t<img width=\"150\" height=\"150\" src=\"https:\/\/media-lab.at\/cms\/wp-content\/uploads\/2020\/03\/Trocknen-Liegend-im-Schatten-150x150.png\" class=\"attachment-thumbnail size-thumbnail\" alt=\"Liegend trocknen im Schatten (nur in den USA verwendetes Symbol, international lt. ISO-Norm nicht erlaubt)\" loading=\"lazy\" aria-describedby=\"gallery-4-17959\" srcset=\"https:\/\/media-lab.at\/cms\/wp-content\/uploads\/2020\/03\/Trocknen-Liegend-im-Schatten-150x150.png 150w, https:\/\/media-lab.at\/cms\/wp-content\/uploads\/2020\/03\/Trocknen-Liegend-im-Schatten-300x300.png 300w, https:\/\/media-lab.at\/cms\/wp-content\/uploads\/2020\/03\/Trocknen-Liegend-im-Schatten-100x100.png 100w, https:\/\/media-lab.at\/cms\/wp-content\/uploads\/2020\/03\/Trocknen-Liegend-im-Schatten-60x60.png 60w, https:\/\/media-lab.at\/cms\/wp-content\/uploads\/2020\/03\/Trocknen-Liegend-im-Schatten-50x50.png 50w, https:\/\/media-lab.at\/cms\/wp-content\/uploads\/2020\/03\/Trocknen-Liegend-im-Schatten-180x180.png 180w, https:\/\/media-lab.at\/cms\/wp-content\/uploads\/2020\/03\/Trocknen-Liegend-im-Schatten-360x360.png 360w, https:\/\/media-lab.at\/cms\/wp-content\/uploads\/2020\/03\/Trocknen-Liegend-im-Schatten.png 375w\" sizes=\"(max-width: 150px) 100vw, 150px\" \/>\n\t\t\t<\/dt>\n\t\t\t\t<dd class='wp-caption-text gallery-caption' id='gallery-4-17959'>\n\t\t\t\tLiegend trocknen im Schatten (nur in den USA verwendetes Symbol, international lt. ISO-Norm nicht erlaubt)\n\t\t\t\t<\/dd><\/dl><dl class='gallery-item'>\n\t\t\t<dt class='gallery-icon landscape'>\n\t\t\t\t<img width=\"150\" height=\"150\" src=\"https:\/\/media-lab.at\/cms\/wp-content\/uploads\/2020\/03\/Trocknen-Tropfnass-im-Schatten-150x150.png\" class=\"attachment-thumbnail size-thumbnail\" alt=\"Tropfnass trocknen im Schatten (nur in den USA verwendetes Symbol, international lt. ISO-Norm nicht erlaubt)\" loading=\"lazy\" aria-describedby=\"gallery-4-17962\" srcset=\"https:\/\/media-lab.at\/cms\/wp-content\/uploads\/2020\/03\/Trocknen-Tropfnass-im-Schatten-150x150.png 150w, https:\/\/media-lab.at\/cms\/wp-content\/uploads\/2020\/03\/Trocknen-Tropfnass-im-Schatten-300x300.png 300w, https:\/\/media-lab.at\/cms\/wp-content\/uploads\/2020\/03\/Trocknen-Tropfnass-im-Schatten-100x100.png 100w, https:\/\/media-lab.at\/cms\/wp-content\/uploads\/2020\/03\/Trocknen-Tropfnass-im-Schatten-60x60.png 60w, https:\/\/media-lab.at\/cms\/wp-content\/uploads\/2020\/03\/Trocknen-Tropfnass-im-Schatten-50x50.png 50w, https:\/\/media-lab.at\/cms\/wp-content\/uploads\/2020\/03\/Trocknen-Tropfnass-im-Schatten-180x180.png 180w, https:\/\/media-lab.at\/cms\/wp-content\/uploads\/2020\/03\/Trocknen-Tropfnass-im-Schatten-360x360.png 360w, https:\/\/media-lab.at\/cms\/wp-content\/uploads\/2020\/03\/Trocknen-Tropfnass-im-Schatten.png 375w\" sizes=\"(max-width: 150px) 100vw, 150px\" \/>\n\t\t\t<\/dt>\n\t\t\t\t<dd class='wp-caption-text gallery-caption' id='gallery-4-17962'>\n\t\t\t\tTropfnass trocknen im Schatten (nur in den USA verwendetes Symbol, international lt. ISO-Norm nicht erlaubt)\n\t\t\t\t<\/dd><\/dl>\n\t\t\t<br style='clear: both' \/>\n\t\t<\/div>\n\n<p>&nbsp;<\/p>\n<h3>B\u00fcgeln<\/h3>\n<p>Das B\u00fcgeleisen mit bis zu drei Punkten erlaubt das B\u00fcgeln, wobei die Punkte den Temperaturbereich bei Reglerb\u00fcgeleisen angeben. Der jeweiligen Anzahl an Punkten sind Temperaturen zugeordnet: Ein Punkt bedeutet 110 \u00b0C, zwei Punkte 150 \u00b0C und drei Punkte 200 \u00b0C. Ein B\u00fcgeleisen mit diagonalem Kreuz verbietet das B\u00fcgeln. Bei einem Punkt darf nicht mit Dampf geb\u00fcgelt werden.<\/p>\n\n\t\t<style type=\"text\/css\">\n\t\t\t#gallery-5 {\n\t\t\t\tmargin: auto;\n\t\t\t}\n\t\t\t#gallery-5 .gallery-item {\n\t\t\t\tfloat: left;\n\t\t\t\tmargin-top: 10px;\n\t\t\t\ttext-align: center;\n\t\t\t\twidth: 16%;\n\t\t\t}\n\t\t\t#gallery-5 img {\n\t\t\t\tborder: 2px solid #cfcfcf;\n\t\t\t}\n\t\t\t#gallery-5 .gallery-caption {\n\t\t\t\tmargin-left: 0;\n\t\t\t}\n\t\t\t\/* see gallery_shortcode() in wp-includes\/media.php *\/\n\t\t<\/style>\n\t\t<div id='gallery-5' class='gallery galleryid-13820 gallery-columns-6 gallery-size-thumbnail'><dl class='gallery-item'>\n\t\t\t<dt class='gallery-icon landscape'>\n\t\t\t\t<img width=\"150\" height=\"150\" src=\"https:\/\/media-lab.at\/cms\/wp-content\/uploads\/2020\/03\/Buegeln-150x150.png\" class=\"attachment-thumbnail size-thumbnail\" alt=\"B\u00fcgeln allgemein\" loading=\"lazy\" aria-describedby=\"gallery-5-17936\" srcset=\"https:\/\/media-lab.at\/cms\/wp-content\/uploads\/2020\/03\/Buegeln-150x150.png 150w, https:\/\/media-lab.at\/cms\/wp-content\/uploads\/2020\/03\/Buegeln-300x300.png 300w, https:\/\/media-lab.at\/cms\/wp-content\/uploads\/2020\/03\/Buegeln-100x100.png 100w, https:\/\/media-lab.at\/cms\/wp-content\/uploads\/2020\/03\/Buegeln-60x60.png 60w, https:\/\/media-lab.at\/cms\/wp-content\/uploads\/2020\/03\/Buegeln-50x50.png 50w, https:\/\/media-lab.at\/cms\/wp-content\/uploads\/2020\/03\/Buegeln-180x180.png 180w, https:\/\/media-lab.at\/cms\/wp-content\/uploads\/2020\/03\/Buegeln-360x360.png 360w, https:\/\/media-lab.at\/cms\/wp-content\/uploads\/2020\/03\/Buegeln.png 375w\" sizes=\"(max-width: 150px) 100vw, 150px\" \/>\n\t\t\t<\/dt>\n\t\t\t\t<dd class='wp-caption-text gallery-caption' id='gallery-5-17936'>\n\t\t\t\tB\u00fcgeln allgemein\n\t\t\t\t<\/dd><\/dl><dl class='gallery-item'>\n\t\t\t<dt class='gallery-icon landscape'>\n\t\t\t\t<img width=\"150\" height=\"150\" src=\"https:\/\/media-lab.at\/cms\/wp-content\/uploads\/2020\/03\/Buegeln-1-150x150.png\" class=\"attachment-thumbnail size-thumbnail\" alt=\"B\u00fcgeln mit geringer Temperatur\" loading=\"lazy\" aria-describedby=\"gallery-5-17933\" srcset=\"https:\/\/media-lab.at\/cms\/wp-content\/uploads\/2020\/03\/Buegeln-1-150x150.png 150w, https:\/\/media-lab.at\/cms\/wp-content\/uploads\/2020\/03\/Buegeln-1-300x300.png 300w, https:\/\/media-lab.at\/cms\/wp-content\/uploads\/2020\/03\/Buegeln-1-100x100.png 100w, https:\/\/media-lab.at\/cms\/wp-content\/uploads\/2020\/03\/Buegeln-1-60x60.png 60w, https:\/\/media-lab.at\/cms\/wp-content\/uploads\/2020\/03\/Buegeln-1-50x50.png 50w, https:\/\/media-lab.at\/cms\/wp-content\/uploads\/2020\/03\/Buegeln-1-180x180.png 180w, https:\/\/media-lab.at\/cms\/wp-content\/uploads\/2020\/03\/Buegeln-1-360x360.png 360w, https:\/\/media-lab.at\/cms\/wp-content\/uploads\/2020\/03\/Buegeln-1.png 375w\" sizes=\"(max-width: 150px) 100vw, 150px\" \/>\n\t\t\t<\/dt>\n\t\t\t\t<dd class='wp-caption-text gallery-caption' id='gallery-5-17933'>\n\t\t\t\tB\u00fcgeln mit geringer Temperatur\n\t\t\t\t<\/dd><\/dl><dl class='gallery-item'>\n\t\t\t<dt class='gallery-icon landscape'>\n\t\t\t\t<img width=\"150\" height=\"150\" src=\"https:\/\/media-lab.at\/cms\/wp-content\/uploads\/2020\/03\/Buegeln-2-150x150.png\" class=\"attachment-thumbnail size-thumbnail\" alt=\"B\u00fcgeln mit mittlerer Temperatur\" loading=\"lazy\" aria-describedby=\"gallery-5-17934\" srcset=\"https:\/\/media-lab.at\/cms\/wp-content\/uploads\/2020\/03\/Buegeln-2-150x150.png 150w, https:\/\/media-lab.at\/cms\/wp-content\/uploads\/2020\/03\/Buegeln-2-300x300.png 300w, https:\/\/media-lab.at\/cms\/wp-content\/uploads\/2020\/03\/Buegeln-2-100x100.png 100w, https:\/\/media-lab.at\/cms\/wp-content\/uploads\/2020\/03\/Buegeln-2-60x60.png 60w, https:\/\/media-lab.at\/cms\/wp-content\/uploads\/2020\/03\/Buegeln-2-50x50.png 50w, https:\/\/media-lab.at\/cms\/wp-content\/uploads\/2020\/03\/Buegeln-2-180x180.png 180w, https:\/\/media-lab.at\/cms\/wp-content\/uploads\/2020\/03\/Buegeln-2-360x360.png 360w, https:\/\/media-lab.at\/cms\/wp-content\/uploads\/2020\/03\/Buegeln-2.png 375w\" sizes=\"(max-width: 150px) 100vw, 150px\" \/>\n\t\t\t<\/dt>\n\t\t\t\t<dd class='wp-caption-text gallery-caption' id='gallery-5-17934'>\n\t\t\t\tB\u00fcgeln mit mittlerer Temperatur\n\t\t\t\t<\/dd><\/dl><dl class='gallery-item'>\n\t\t\t<dt class='gallery-icon landscape'>\n\t\t\t\t<img width=\"150\" height=\"150\" src=\"https:\/\/media-lab.at\/cms\/wp-content\/uploads\/2020\/03\/Buegeln-3-150x150.png\" class=\"attachment-thumbnail size-thumbnail\" alt=\"B\u00fcgeln mit hoher Temperatur\" loading=\"lazy\" aria-describedby=\"gallery-5-17935\" srcset=\"https:\/\/media-lab.at\/cms\/wp-content\/uploads\/2020\/03\/Buegeln-3-150x150.png 150w, https:\/\/media-lab.at\/cms\/wp-content\/uploads\/2020\/03\/Buegeln-3-300x300.png 300w, https:\/\/media-lab.at\/cms\/wp-content\/uploads\/2020\/03\/Buegeln-3-100x100.png 100w, https:\/\/media-lab.at\/cms\/wp-content\/uploads\/2020\/03\/Buegeln-3-60x60.png 60w, https:\/\/media-lab.at\/cms\/wp-content\/uploads\/2020\/03\/Buegeln-3-50x50.png 50w, https:\/\/media-lab.at\/cms\/wp-content\/uploads\/2020\/03\/Buegeln-3-180x180.png 180w, https:\/\/media-lab.at\/cms\/wp-content\/uploads\/2020\/03\/Buegeln-3-360x360.png 360w, https:\/\/media-lab.at\/cms\/wp-content\/uploads\/2020\/03\/Buegeln-3.png 375w\" sizes=\"(max-width: 150px) 100vw, 150px\" \/>\n\t\t\t<\/dt>\n\t\t\t\t<dd class='wp-caption-text gallery-caption' id='gallery-5-17935'>\n\t\t\t\tB\u00fcgeln mit hoher Temperatur\n\t\t\t\t<\/dd><\/dl><dl class='gallery-item'>\n\t\t\t<dt class='gallery-icon landscape'>\n\t\t\t\t<img width=\"150\" height=\"150\" src=\"https:\/\/media-lab.at\/cms\/wp-content\/uploads\/2020\/03\/Nicht-Buegeln-150x150.png\" class=\"attachment-thumbnail size-thumbnail\" alt=\"Nicht b\u00fcgeln\" loading=\"lazy\" aria-describedby=\"gallery-5-17940\" srcset=\"https:\/\/media-lab.at\/cms\/wp-content\/uploads\/2020\/03\/Nicht-Buegeln-150x150.png 150w, https:\/\/media-lab.at\/cms\/wp-content\/uploads\/2020\/03\/Nicht-Buegeln-300x300.png 300w, https:\/\/media-lab.at\/cms\/wp-content\/uploads\/2020\/03\/Nicht-Buegeln-100x100.png 100w, https:\/\/media-lab.at\/cms\/wp-content\/uploads\/2020\/03\/Nicht-Buegeln-60x60.png 60w, https:\/\/media-lab.at\/cms\/wp-content\/uploads\/2020\/03\/Nicht-Buegeln-50x50.png 50w, https:\/\/media-lab.at\/cms\/wp-content\/uploads\/2020\/03\/Nicht-Buegeln-180x180.png 180w, https:\/\/media-lab.at\/cms\/wp-content\/uploads\/2020\/03\/Nicht-Buegeln-360x360.png 360w, https:\/\/media-lab.at\/cms\/wp-content\/uploads\/2020\/03\/Nicht-Buegeln.png 375w\" sizes=\"(max-width: 150px) 100vw, 150px\" \/>\n\t\t\t<\/dt>\n\t\t\t\t<dd class='wp-caption-text gallery-caption' id='gallery-5-17940'>\n\t\t\t\tNicht b\u00fcgeln\n\t\t\t\t<\/dd><\/dl>\n\t\t\t<br style='clear: both' \/>\n\t\t<\/div>\n\n<p>&nbsp;<\/p>\n<h3>Professionelle Reinigung<\/h3>\n<p>Ein Kreis informiert \u00fcber die M\u00f6glichkeiten der professionellen Reinigung.<\/p>\n\n\t\t<style type=\"text\/css\">\n\t\t\t#gallery-6 {\n\t\t\t\tmargin: auto;\n\t\t\t}\n\t\t\t#gallery-6 .gallery-item {\n\t\t\t\tfloat: left;\n\t\t\t\tmargin-top: 10px;\n\t\t\t\ttext-align: center;\n\t\t\t\twidth: 16%;\n\t\t\t}\n\t\t\t#gallery-6 img {\n\t\t\t\tborder: 2px solid #cfcfcf;\n\t\t\t}\n\t\t\t#gallery-6 .gallery-caption {\n\t\t\t\tmargin-left: 0;\n\t\t\t}\n\t\t\t\/* see gallery_shortcode() in wp-includes\/media.php *\/\n\t\t<\/style>\n\t\t<div id='gallery-6' class='gallery galleryid-13820 gallery-columns-6 gallery-size-thumbnail'><dl class='gallery-item'>\n\t\t\t<dt class='gallery-icon landscape'>\n\t\t\t\t<img width=\"150\" height=\"150\" src=\"https:\/\/media-lab.at\/cms\/wp-content\/uploads\/2020\/03\/Professionelle-Reinigung-150x150.png\" class=\"attachment-thumbnail size-thumbnail\" alt=\"Professionelle Reinigung\" loading=\"lazy\" aria-describedby=\"gallery-6-17955\" srcset=\"https:\/\/media-lab.at\/cms\/wp-content\/uploads\/2020\/03\/Professionelle-Reinigung-150x150.png 150w, https:\/\/media-lab.at\/cms\/wp-content\/uploads\/2020\/03\/Professionelle-Reinigung-300x300.png 300w, https:\/\/media-lab.at\/cms\/wp-content\/uploads\/2020\/03\/Professionelle-Reinigung-100x100.png 100w, https:\/\/media-lab.at\/cms\/wp-content\/uploads\/2020\/03\/Professionelle-Reinigung-60x60.png 60w, https:\/\/media-lab.at\/cms\/wp-content\/uploads\/2020\/03\/Professionelle-Reinigung-50x50.png 50w, https:\/\/media-lab.at\/cms\/wp-content\/uploads\/2020\/03\/Professionelle-Reinigung-180x180.png 180w, https:\/\/media-lab.at\/cms\/wp-content\/uploads\/2020\/03\/Professionelle-Reinigung-360x360.png 360w, https:\/\/media-lab.at\/cms\/wp-content\/uploads\/2020\/03\/Professionelle-Reinigung.png 375w\" sizes=\"(max-width: 150px) 100vw, 150px\" \/>\n\t\t\t<\/dt>\n\t\t\t\t<dd class='wp-caption-text gallery-caption' id='gallery-6-17955'>\n\t\t\t\tProfessionelle Reinigung\n\t\t\t\t<\/dd><\/dl><dl class='gallery-item'>\n\t\t\t<dt class='gallery-icon landscape'>\n\t\t\t\t<img width=\"150\" height=\"150\" src=\"https:\/\/media-lab.at\/cms\/wp-content\/uploads\/2020\/03\/Professionelle-Reinigung-A-150x150.png\" class=\"attachment-thumbnail size-thumbnail\" alt=\"Alles m\u00f6glich (veraltet, nicht mehr erlaubt)\" loading=\"lazy\" aria-describedby=\"gallery-6-17945\" srcset=\"https:\/\/media-lab.at\/cms\/wp-content\/uploads\/2020\/03\/Professionelle-Reinigung-A-150x150.png 150w, https:\/\/media-lab.at\/cms\/wp-content\/uploads\/2020\/03\/Professionelle-Reinigung-A-300x300.png 300w, https:\/\/media-lab.at\/cms\/wp-content\/uploads\/2020\/03\/Professionelle-Reinigung-A-100x100.png 100w, https:\/\/media-lab.at\/cms\/wp-content\/uploads\/2020\/03\/Professionelle-Reinigung-A-60x60.png 60w, https:\/\/media-lab.at\/cms\/wp-content\/uploads\/2020\/03\/Professionelle-Reinigung-A-50x50.png 50w, https:\/\/media-lab.at\/cms\/wp-content\/uploads\/2020\/03\/Professionelle-Reinigung-A-180x180.png 180w, https:\/\/media-lab.at\/cms\/wp-content\/uploads\/2020\/03\/Professionelle-Reinigung-A-360x360.png 360w, https:\/\/media-lab.at\/cms\/wp-content\/uploads\/2020\/03\/Professionelle-Reinigung-A.png 375w\" sizes=\"(max-width: 150px) 100vw, 150px\" \/>\n\t\t\t<\/dt>\n\t\t\t\t<dd class='wp-caption-text gallery-caption' id='gallery-6-17945'>\n\t\t\t\tAlles m\u00f6glich (veraltet, nicht mehr erlaubt)\n\t\t\t\t<\/dd><\/dl><dl class='gallery-item'>\n\t\t\t<dt class='gallery-icon landscape'>\n\t\t\t\t<img width=\"150\" height=\"150\" src=\"https:\/\/media-lab.at\/cms\/wp-content\/uploads\/2020\/03\/Nicht-Chemisch-Reinigen-150x150.png\" class=\"attachment-thumbnail size-thumbnail\" alt=\"Nicht chemisch reinigen\" loading=\"lazy\" aria-describedby=\"gallery-6-17941\" srcset=\"https:\/\/media-lab.at\/cms\/wp-content\/uploads\/2020\/03\/Nicht-Chemisch-Reinigen-150x150.png 150w, https:\/\/media-lab.at\/cms\/wp-content\/uploads\/2020\/03\/Nicht-Chemisch-Reinigen-300x300.png 300w, https:\/\/media-lab.at\/cms\/wp-content\/uploads\/2020\/03\/Nicht-Chemisch-Reinigen-100x100.png 100w, https:\/\/media-lab.at\/cms\/wp-content\/uploads\/2020\/03\/Nicht-Chemisch-Reinigen-60x60.png 60w, https:\/\/media-lab.at\/cms\/wp-content\/uploads\/2020\/03\/Nicht-Chemisch-Reinigen-50x50.png 50w, https:\/\/media-lab.at\/cms\/wp-content\/uploads\/2020\/03\/Nicht-Chemisch-Reinigen-180x180.png 180w, https:\/\/media-lab.at\/cms\/wp-content\/uploads\/2020\/03\/Nicht-Chemisch-Reinigen-360x360.png 360w, https:\/\/media-lab.at\/cms\/wp-content\/uploads\/2020\/03\/Nicht-Chemisch-Reinigen.png 375w\" sizes=\"(max-width: 150px) 100vw, 150px\" \/>\n\t\t\t<\/dt>\n\t\t\t\t<dd class='wp-caption-text gallery-caption' id='gallery-6-17941'>\n\t\t\t\tNicht chemisch reinigen\n\t\t\t\t<\/dd><\/dl>\n\t\t\t<br style='clear: both' \/>\n\t\t<\/div>\n\n<p>Ein Balken unter dem Piktogramm bedeutet schonend reinigen, zwei Balken sehr schonend reinigen.<\/p>\n<p>&nbsp;<\/p>\n<h4>Chemische Reinigung<\/h4>\n<p>Der Kreis steht prinzipiell f\u00fcr jede Art professioneller Textilreinigung.<\/p>\n<p>Die Buchstaben P oder F im Kreis stehen f\u00fcr die verschiedenen L\u00f6sungsmittel, die bei der professionellen chemischen Reinigung verwendet werden. \u201eP\u201c erlaubt die Reinigung mit Perchlorethylen oder wahlweise auch Kohlenwasserstoffen. Das \u201eF\u201c (urspr\u00fcnglich f\u00fcr \u201eflammable\u201c\/\u201efeuergef\u00e4hrlich\u201c, womit (Schwer-)Benzin gemeint war, zeitweilig wurde auch FCKW verwendet, das Symbol ist jedoch \u00e4lter) erlaubt nur Kohlenwasserstoff-L\u00f6sungsmittel. A steht f\u00fcr Alle (nichtw\u00e4ssrigen) L\u00f6sungsmittel (dieses Symbol wird nach Auskunft der GINETEX Schweiz nicht mehr verwendet).<\/p>\n\n\t\t<style type=\"text\/css\">\n\t\t\t#gallery-7 {\n\t\t\t\tmargin: auto;\n\t\t\t}\n\t\t\t#gallery-7 .gallery-item {\n\t\t\t\tfloat: left;\n\t\t\t\tmargin-top: 10px;\n\t\t\t\ttext-align: center;\n\t\t\t\twidth: 16%;\n\t\t\t}\n\t\t\t#gallery-7 img {\n\t\t\t\tborder: 2px solid #cfcfcf;\n\t\t\t}\n\t\t\t#gallery-7 .gallery-caption {\n\t\t\t\tmargin-left: 0;\n\t\t\t}\n\t\t\t\/* see gallery_shortcode() in wp-includes\/media.php *\/\n\t\t<\/style>\n\t\t<div id='gallery-7' class='gallery galleryid-13820 gallery-columns-6 gallery-size-thumbnail'><dl class='gallery-item'>\n\t\t\t<dt class='gallery-icon landscape'>\n\t\t\t\t<img width=\"150\" height=\"150\" src=\"https:\/\/media-lab.at\/cms\/wp-content\/uploads\/2020\/03\/Professionelle-Reinigung-F-150x150.png\" class=\"attachment-thumbnail size-thumbnail\" alt=\"Reinigen mit Kohlenwasser\u00adstoff\u00adl\u00f6sungsmittel\" loading=\"lazy\" aria-describedby=\"gallery-7-17948\" srcset=\"https:\/\/media-lab.at\/cms\/wp-content\/uploads\/2020\/03\/Professionelle-Reinigung-F-150x150.png 150w, https:\/\/media-lab.at\/cms\/wp-content\/uploads\/2020\/03\/Professionelle-Reinigung-F-300x300.png 300w, https:\/\/media-lab.at\/cms\/wp-content\/uploads\/2020\/03\/Professionelle-Reinigung-F-100x100.png 100w, https:\/\/media-lab.at\/cms\/wp-content\/uploads\/2020\/03\/Professionelle-Reinigung-F-60x60.png 60w, https:\/\/media-lab.at\/cms\/wp-content\/uploads\/2020\/03\/Professionelle-Reinigung-F-50x50.png 50w, https:\/\/media-lab.at\/cms\/wp-content\/uploads\/2020\/03\/Professionelle-Reinigung-F-180x180.png 180w, https:\/\/media-lab.at\/cms\/wp-content\/uploads\/2020\/03\/Professionelle-Reinigung-F-360x360.png 360w, https:\/\/media-lab.at\/cms\/wp-content\/uploads\/2020\/03\/Professionelle-Reinigung-F.png 375w\" sizes=\"(max-width: 150px) 100vw, 150px\" \/>\n\t\t\t<\/dt>\n\t\t\t\t<dd class='wp-caption-text gallery-caption' id='gallery-7-17948'>\n\t\t\t\tReinigen mit Kohlenwasser\u00adstoff\u00adl\u00f6sungsmittel\n\t\t\t\t<\/dd><\/dl><dl class='gallery-item'>\n\t\t\t<dt class='gallery-icon landscape'>\n\t\t\t\t<img width=\"150\" height=\"150\" src=\"https:\/\/media-lab.at\/cms\/wp-content\/uploads\/2020\/03\/Professionelle-Reinigung-F-s-150x150.png\" class=\"attachment-thumbnail size-thumbnail\" alt=\"Schonend reinigen mit Kohlenwasser\u00adstoff\u00adl\u00f6sungsmittel\" loading=\"lazy\" aria-describedby=\"gallery-7-17946\" srcset=\"https:\/\/media-lab.at\/cms\/wp-content\/uploads\/2020\/03\/Professionelle-Reinigung-F-s-150x150.png 150w, https:\/\/media-lab.at\/cms\/wp-content\/uploads\/2020\/03\/Professionelle-Reinigung-F-s-300x300.png 300w, https:\/\/media-lab.at\/cms\/wp-content\/uploads\/2020\/03\/Professionelle-Reinigung-F-s-100x100.png 100w, https:\/\/media-lab.at\/cms\/wp-content\/uploads\/2020\/03\/Professionelle-Reinigung-F-s-60x60.png 60w, https:\/\/media-lab.at\/cms\/wp-content\/uploads\/2020\/03\/Professionelle-Reinigung-F-s-50x50.png 50w, https:\/\/media-lab.at\/cms\/wp-content\/uploads\/2020\/03\/Professionelle-Reinigung-F-s-180x180.png 180w, https:\/\/media-lab.at\/cms\/wp-content\/uploads\/2020\/03\/Professionelle-Reinigung-F-s-360x360.png 360w, https:\/\/media-lab.at\/cms\/wp-content\/uploads\/2020\/03\/Professionelle-Reinigung-F-s.png 375w\" sizes=\"(max-width: 150px) 100vw, 150px\" \/>\n\t\t\t<\/dt>\n\t\t\t\t<dd class='wp-caption-text gallery-caption' id='gallery-7-17946'>\n\t\t\t\tSchonend reinigen mit Kohlenwasser\u00adstoff\u00adl\u00f6sungsmittel\n\t\t\t\t<\/dd><\/dl><dl class='gallery-item'>\n\t\t\t<dt class='gallery-icon landscape'>\n\t\t\t\t<img width=\"150\" height=\"150\" src=\"https:\/\/media-lab.at\/cms\/wp-content\/uploads\/2020\/03\/Professionelle-Reinigung-F-ss-150x150.png\" class=\"attachment-thumbnail size-thumbnail\" alt=\"Sehr schonend reinigen mit Kohlenwasser\u00adstoff\u00adl\u00f6sungsmittel\" loading=\"lazy\" aria-describedby=\"gallery-7-17947\" srcset=\"https:\/\/media-lab.at\/cms\/wp-content\/uploads\/2020\/03\/Professionelle-Reinigung-F-ss-150x150.png 150w, https:\/\/media-lab.at\/cms\/wp-content\/uploads\/2020\/03\/Professionelle-Reinigung-F-ss-300x300.png 300w, https:\/\/media-lab.at\/cms\/wp-content\/uploads\/2020\/03\/Professionelle-Reinigung-F-ss-100x100.png 100w, https:\/\/media-lab.at\/cms\/wp-content\/uploads\/2020\/03\/Professionelle-Reinigung-F-ss-60x60.png 60w, https:\/\/media-lab.at\/cms\/wp-content\/uploads\/2020\/03\/Professionelle-Reinigung-F-ss-50x50.png 50w, https:\/\/media-lab.at\/cms\/wp-content\/uploads\/2020\/03\/Professionelle-Reinigung-F-ss-180x180.png 180w, https:\/\/media-lab.at\/cms\/wp-content\/uploads\/2020\/03\/Professionelle-Reinigung-F-ss-360x360.png 360w, https:\/\/media-lab.at\/cms\/wp-content\/uploads\/2020\/03\/Professionelle-Reinigung-F-ss.png 375w\" sizes=\"(max-width: 150px) 100vw, 150px\" \/>\n\t\t\t<\/dt>\n\t\t\t\t<dd class='wp-caption-text gallery-caption' id='gallery-7-17947'>\n\t\t\t\tSehr schonend reinigen mit Kohlenwasser\u00adstoff\u00adl\u00f6sungsmittel\n\t\t\t\t<\/dd><\/dl><dl class='gallery-item'>\n\t\t\t<dt class='gallery-icon landscape'>\n\t\t\t\t<img width=\"150\" height=\"150\" src=\"https:\/\/media-lab.at\/cms\/wp-content\/uploads\/2020\/03\/Professionelle-Reinigung-P-150x150.png\" class=\"attachment-thumbnail size-thumbnail\" alt=\"Reinigen mit Perchlorethylen\" loading=\"lazy\" aria-describedby=\"gallery-7-17951\" srcset=\"https:\/\/media-lab.at\/cms\/wp-content\/uploads\/2020\/03\/Professionelle-Reinigung-P-150x150.png 150w, https:\/\/media-lab.at\/cms\/wp-content\/uploads\/2020\/03\/Professionelle-Reinigung-P-300x300.png 300w, https:\/\/media-lab.at\/cms\/wp-content\/uploads\/2020\/03\/Professionelle-Reinigung-P-100x100.png 100w, https:\/\/media-lab.at\/cms\/wp-content\/uploads\/2020\/03\/Professionelle-Reinigung-P-60x60.png 60w, https:\/\/media-lab.at\/cms\/wp-content\/uploads\/2020\/03\/Professionelle-Reinigung-P-50x50.png 50w, https:\/\/media-lab.at\/cms\/wp-content\/uploads\/2020\/03\/Professionelle-Reinigung-P-180x180.png 180w, https:\/\/media-lab.at\/cms\/wp-content\/uploads\/2020\/03\/Professionelle-Reinigung-P-360x360.png 360w, https:\/\/media-lab.at\/cms\/wp-content\/uploads\/2020\/03\/Professionelle-Reinigung-P.png 375w\" sizes=\"(max-width: 150px) 100vw, 150px\" \/>\n\t\t\t<\/dt>\n\t\t\t\t<dd class='wp-caption-text gallery-caption' id='gallery-7-17951'>\n\t\t\t\tReinigen mit Perchlorethylen\n\t\t\t\t<\/dd><\/dl><dl class='gallery-item'>\n\t\t\t<dt class='gallery-icon landscape'>\n\t\t\t\t<img width=\"150\" height=\"150\" src=\"https:\/\/media-lab.at\/cms\/wp-content\/uploads\/2020\/03\/Professionelle-Reinigung-P-s-150x150.png\" class=\"attachment-thumbnail size-thumbnail\" alt=\"Schonend reinigen mit Perchlorethylen\" loading=\"lazy\" aria-describedby=\"gallery-7-17949\" srcset=\"https:\/\/media-lab.at\/cms\/wp-content\/uploads\/2020\/03\/Professionelle-Reinigung-P-s-150x150.png 150w, https:\/\/media-lab.at\/cms\/wp-content\/uploads\/2020\/03\/Professionelle-Reinigung-P-s-300x300.png 300w, https:\/\/media-lab.at\/cms\/wp-content\/uploads\/2020\/03\/Professionelle-Reinigung-P-s-100x100.png 100w, https:\/\/media-lab.at\/cms\/wp-content\/uploads\/2020\/03\/Professionelle-Reinigung-P-s-60x60.png 60w, https:\/\/media-lab.at\/cms\/wp-content\/uploads\/2020\/03\/Professionelle-Reinigung-P-s-50x50.png 50w, https:\/\/media-lab.at\/cms\/wp-content\/uploads\/2020\/03\/Professionelle-Reinigung-P-s-180x180.png 180w, https:\/\/media-lab.at\/cms\/wp-content\/uploads\/2020\/03\/Professionelle-Reinigung-P-s-360x360.png 360w, https:\/\/media-lab.at\/cms\/wp-content\/uploads\/2020\/03\/Professionelle-Reinigung-P-s.png 375w\" sizes=\"(max-width: 150px) 100vw, 150px\" \/>\n\t\t\t<\/dt>\n\t\t\t\t<dd class='wp-caption-text gallery-caption' id='gallery-7-17949'>\n\t\t\t\tSchonend reinigen mit Perchlorethylen\n\t\t\t\t<\/dd><\/dl><dl class='gallery-item'>\n\t\t\t<dt class='gallery-icon landscape'>\n\t\t\t\t<img width=\"150\" height=\"150\" src=\"https:\/\/media-lab.at\/cms\/wp-content\/uploads\/2020\/03\/Professionelle-Reinigung-P-ss-150x150.png\" class=\"attachment-thumbnail size-thumbnail\" alt=\"Sehr schonend reinigen mit Perchlorethylen\" loading=\"lazy\" aria-describedby=\"gallery-7-17950\" srcset=\"https:\/\/media-lab.at\/cms\/wp-content\/uploads\/2020\/03\/Professionelle-Reinigung-P-ss-150x150.png 150w, https:\/\/media-lab.at\/cms\/wp-content\/uploads\/2020\/03\/Professionelle-Reinigung-P-ss-300x300.png 300w, https:\/\/media-lab.at\/cms\/wp-content\/uploads\/2020\/03\/Professionelle-Reinigung-P-ss-100x100.png 100w, https:\/\/media-lab.at\/cms\/wp-content\/uploads\/2020\/03\/Professionelle-Reinigung-P-ss-60x60.png 60w, https:\/\/media-lab.at\/cms\/wp-content\/uploads\/2020\/03\/Professionelle-Reinigung-P-ss-50x50.png 50w, https:\/\/media-lab.at\/cms\/wp-content\/uploads\/2020\/03\/Professionelle-Reinigung-P-ss-180x180.png 180w, https:\/\/media-lab.at\/cms\/wp-content\/uploads\/2020\/03\/Professionelle-Reinigung-P-ss-360x360.png 360w, https:\/\/media-lab.at\/cms\/wp-content\/uploads\/2020\/03\/Professionelle-Reinigung-P-ss.png 375w\" sizes=\"(max-width: 150px) 100vw, 150px\" \/>\n\t\t\t<\/dt>\n\t\t\t\t<dd class='wp-caption-text gallery-caption' id='gallery-7-17950'>\n\t\t\t\tSehr schonend reinigen mit Perchlorethylen\n\t\t\t\t<\/dd><\/dl><br style=\"clear: both\" \/>\n\t\t<\/div>\n\n<p>Eine Verwendung der L\u00f6sungsmittel R11 (Monofluortrichlorethan) und R113 (Trifluortrichlorethan), wie in vielen veralteten Quellen beschrieben, wird heutzutage nicht mehr empfohlen. Monofluortrichlorethan (R11) eignet sich zwar gut zur L\u00f6sung von Fetten und \u00d6len, kann aber moderne Stoffe, die mit der Kennzeichnung &#8220;F&#8221; versehen sind, angreifen. Trifluortrichlorethan (R113) l\u00f6st Flecken zwar ordnungsgem\u00e4\u00df von Textilien, darf aufgrund seines erheblichen Gesundheitsrisikos heute aber nicht mehr verwendet werden.<\/p>\n<h4><\/h4>\n<h4>Nassreinigung<\/h4>\n<p>Die professionelle Nassreinigung ist ein Verfahren, bei dem mit Laugen auf w\u00e4ssriger Basis gereinigt wird. Dieses Verfahren ist der Reinigung in der Haushaltswaschmaschine \u00fcberlegen.<\/p>\n<p>Das \u201eW\u201c (wet, englisch f\u00fcr nass) im Kreis als Zeichen f\u00fcr die professionelle Nassreinigung wurde 2005 verbindlich in die Symbolreihe aufgenommen. Damit sind unter der Rubrik Textilpflege vier neue Piktogramme hinzugekommen.<\/p>\n\n\t\t<style type=\"text\/css\">\n\t\t\t#gallery-8 {\n\t\t\t\tmargin: auto;\n\t\t\t}\n\t\t\t#gallery-8 .gallery-item {\n\t\t\t\tfloat: left;\n\t\t\t\tmargin-top: 10px;\n\t\t\t\ttext-align: center;\n\t\t\t\twidth: 16%;\n\t\t\t}\n\t\t\t#gallery-8 img {\n\t\t\t\tborder: 2px solid #cfcfcf;\n\t\t\t}\n\t\t\t#gallery-8 .gallery-caption {\n\t\t\t\tmargin-left: 0;\n\t\t\t}\n\t\t\t\/* see gallery_shortcode() in wp-includes\/media.php *\/\n\t\t<\/style>\n\t\t<div id='gallery-8' class='gallery galleryid-13820 gallery-columns-6 gallery-size-thumbnail'><dl class='gallery-item'>\n\t\t\t<dt class='gallery-icon landscape'>\n\t\t\t\t<img width=\"150\" height=\"150\" src=\"https:\/\/media-lab.at\/cms\/wp-content\/uploads\/2020\/03\/Professionelle-Reinigung-W-150x150.png\" class=\"attachment-thumbnail size-thumbnail\" alt=\"Professionelle Nassreinigung\" loading=\"lazy\" aria-describedby=\"gallery-8-17954\" srcset=\"https:\/\/media-lab.at\/cms\/wp-content\/uploads\/2020\/03\/Professionelle-Reinigung-W-150x150.png 150w, https:\/\/media-lab.at\/cms\/wp-content\/uploads\/2020\/03\/Professionelle-Reinigung-W-300x300.png 300w, https:\/\/media-lab.at\/cms\/wp-content\/uploads\/2020\/03\/Professionelle-Reinigung-W-100x100.png 100w, https:\/\/media-lab.at\/cms\/wp-content\/uploads\/2020\/03\/Professionelle-Reinigung-W-60x60.png 60w, https:\/\/media-lab.at\/cms\/wp-content\/uploads\/2020\/03\/Professionelle-Reinigung-W-50x50.png 50w, https:\/\/media-lab.at\/cms\/wp-content\/uploads\/2020\/03\/Professionelle-Reinigung-W-180x180.png 180w, https:\/\/media-lab.at\/cms\/wp-content\/uploads\/2020\/03\/Professionelle-Reinigung-W-360x360.png 360w, https:\/\/media-lab.at\/cms\/wp-content\/uploads\/2020\/03\/Professionelle-Reinigung-W.png 375w\" sizes=\"(max-width: 150px) 100vw, 150px\" \/>\n\t\t\t<\/dt>\n\t\t\t\t<dd class='wp-caption-text gallery-caption' id='gallery-8-17954'>\n\t\t\t\tProfessionelle Nassreinigung\n\t\t\t\t<\/dd><\/dl><dl class='gallery-item'>\n\t\t\t<dt class='gallery-icon landscape'>\n\t\t\t\t<img width=\"150\" height=\"150\" src=\"https:\/\/media-lab.at\/cms\/wp-content\/uploads\/2020\/03\/Professionelle-Reinigung-W-s-150x150.png\" class=\"attachment-thumbnail size-thumbnail\" alt=\"Schonende professionelle Nassreinigung\" loading=\"lazy\" aria-describedby=\"gallery-8-17952\" srcset=\"https:\/\/media-lab.at\/cms\/wp-content\/uploads\/2020\/03\/Professionelle-Reinigung-W-s-150x150.png 150w, https:\/\/media-lab.at\/cms\/wp-content\/uploads\/2020\/03\/Professionelle-Reinigung-W-s-300x300.png 300w, https:\/\/media-lab.at\/cms\/wp-content\/uploads\/2020\/03\/Professionelle-Reinigung-W-s-100x100.png 100w, https:\/\/media-lab.at\/cms\/wp-content\/uploads\/2020\/03\/Professionelle-Reinigung-W-s-60x60.png 60w, https:\/\/media-lab.at\/cms\/wp-content\/uploads\/2020\/03\/Professionelle-Reinigung-W-s-50x50.png 50w, https:\/\/media-lab.at\/cms\/wp-content\/uploads\/2020\/03\/Professionelle-Reinigung-W-s-180x180.png 180w, https:\/\/media-lab.at\/cms\/wp-content\/uploads\/2020\/03\/Professionelle-Reinigung-W-s-360x360.png 360w, https:\/\/media-lab.at\/cms\/wp-content\/uploads\/2020\/03\/Professionelle-Reinigung-W-s.png 375w\" sizes=\"(max-width: 150px) 100vw, 150px\" \/>\n\t\t\t<\/dt>\n\t\t\t\t<dd class='wp-caption-text gallery-caption' id='gallery-8-17952'>\n\t\t\t\tSchonende professionelle Nassreinigung\n\t\t\t\t<\/dd><\/dl><dl class='gallery-item'>\n\t\t\t<dt class='gallery-icon landscape'>\n\t\t\t\t<img width=\"150\" height=\"150\" src=\"https:\/\/media-lab.at\/cms\/wp-content\/uploads\/2020\/03\/Professionelle-Reinigung-W-ss-150x150.png\" class=\"attachment-thumbnail size-thumbnail\" alt=\"Sehr schonende professionelle Nassreinigung\" loading=\"lazy\" aria-describedby=\"gallery-8-17953\" srcset=\"https:\/\/media-lab.at\/cms\/wp-content\/uploads\/2020\/03\/Professionelle-Reinigung-W-ss-150x150.png 150w, https:\/\/media-lab.at\/cms\/wp-content\/uploads\/2020\/03\/Professionelle-Reinigung-W-ss-300x300.png 300w, https:\/\/media-lab.at\/cms\/wp-content\/uploads\/2020\/03\/Professionelle-Reinigung-W-ss-100x100.png 100w, https:\/\/media-lab.at\/cms\/wp-content\/uploads\/2020\/03\/Professionelle-Reinigung-W-ss-60x60.png 60w, https:\/\/media-lab.at\/cms\/wp-content\/uploads\/2020\/03\/Professionelle-Reinigung-W-ss-50x50.png 50w, https:\/\/media-lab.at\/cms\/wp-content\/uploads\/2020\/03\/Professionelle-Reinigung-W-ss-180x180.png 180w, https:\/\/media-lab.at\/cms\/wp-content\/uploads\/2020\/03\/Professionelle-Reinigung-W-ss-360x360.png 360w, https:\/\/media-lab.at\/cms\/wp-content\/uploads\/2020\/03\/Professionelle-Reinigung-W-ss.png 375w\" sizes=\"(max-width: 150px) 100vw, 150px\" \/>\n\t\t\t<\/dt>\n\t\t\t\t<dd class='wp-caption-text gallery-caption' id='gallery-8-17953'>\n\t\t\t\tSehr schonende professionelle Nassreinigung\n\t\t\t\t<\/dd><\/dl><dl class='gallery-item'>\n\t\t\t<dt class='gallery-icon landscape'>\n\t\t\t\t<img width=\"150\" height=\"150\" src=\"https:\/\/media-lab.at\/cms\/wp-content\/uploads\/2020\/03\/Nicht-Nass-Reinigen-150x150.png\" class=\"attachment-thumbnail size-thumbnail\" alt=\"Professionelle Nassreinigung nicht erlaubt (veraltet, nicht mehr erlaubt)\" loading=\"lazy\" aria-describedby=\"gallery-8-17942\" srcset=\"https:\/\/media-lab.at\/cms\/wp-content\/uploads\/2020\/03\/Nicht-Nass-Reinigen-150x150.png 150w, https:\/\/media-lab.at\/cms\/wp-content\/uploads\/2020\/03\/Nicht-Nass-Reinigen-300x300.png 300w, https:\/\/media-lab.at\/cms\/wp-content\/uploads\/2020\/03\/Nicht-Nass-Reinigen-100x100.png 100w, https:\/\/media-lab.at\/cms\/wp-content\/uploads\/2020\/03\/Nicht-Nass-Reinigen-60x60.png 60w, https:\/\/media-lab.at\/cms\/wp-content\/uploads\/2020\/03\/Nicht-Nass-Reinigen-50x50.png 50w, https:\/\/media-lab.at\/cms\/wp-content\/uploads\/2020\/03\/Nicht-Nass-Reinigen-180x180.png 180w, https:\/\/media-lab.at\/cms\/wp-content\/uploads\/2020\/03\/Nicht-Nass-Reinigen-360x360.png 360w, https:\/\/media-lab.at\/cms\/wp-content\/uploads\/2020\/03\/Nicht-Nass-Reinigen.png 375w\" sizes=\"(max-width: 150px) 100vw, 150px\" \/>\n\t\t\t<\/dt>\n\t\t\t\t<dd class='wp-caption-text gallery-caption' id='gallery-8-17942'>\n\t\t\t\tProfessionelle Nassreinigung nicht erlaubt (veraltet, nicht mehr erlaubt)\n\t\t\t\t<\/dd><\/dl>\n\t\t\t<br style='clear: both' \/>\n\t\t<\/div>\n\n<p><em>[Quelle: Wikipedia, Stand 13.03.2020]<\/em>[\/vc_toggle][vc_toggle title=&#8221;Waschanleitung und Pflegehinweise&#8221; el_id=&#8221;waschanleitung-und-pflegehinweise&#8221; el_class=&#8221;anchor&#8221;]Folgende Hinweise und Vorgaben beziehen sich auf alle bedruckte bzw. veredelte Textilien, die von uns bezogen werden und wurden.<\/p>\n<p>&nbsp;<\/p>\n<h3>Richtige Pflege ist das A und O<\/h3>\n<p>Beim Flex-, Flock- und Sublimationsdruck wie auch beim Siebdrucktransfer oder auch dem Digitaldruck handelt es sich um sehr hochwertige Textildruck-Verfahren. Damit der Aufdruck m\u00f6glichst lang seine ansprechende Qualit\u00e4t beh\u00e4lt, sind folgende Pflegetipps zu befolgen:<\/p>\n<p><strong>Die erste W\u00e4sche darf fr\u00fchestens 24 Stunden ab Erhalt der Ware durchgef\u00fchrt werden!<\/strong><\/p>\n<p>F\u00fcr s\u00e4mtliche Textilien sind die folgende Vorgaben einzuhalten:<\/p>\n\n\t\t<style type=\"text\/css\">\n\t\t\t#gallery-9 {\n\t\t\t\tmargin: auto;\n\t\t\t}\n\t\t\t#gallery-9 .gallery-item {\n\t\t\t\tfloat: left;\n\t\t\t\tmargin-top: 10px;\n\t\t\t\ttext-align: center;\n\t\t\t\twidth: 16%;\n\t\t\t}\n\t\t\t#gallery-9 img {\n\t\t\t\tborder: 2px solid #cfcfcf;\n\t\t\t}\n\t\t\t#gallery-9 .gallery-caption {\n\t\t\t\tmargin-left: 0;\n\t\t\t}\n\t\t\t\/* see gallery_shortcode() in wp-includes\/media.php *\/\n\t\t<\/style>\n\t\t<div id='gallery-9' class='gallery galleryid-13820 gallery-columns-6 gallery-size-thumbnail'><dl class='gallery-item'>\n\t\t\t<dt class='gallery-icon landscape'>\n\t\t\t\t<img width=\"150\" height=\"150\" src=\"https:\/\/media-lab.at\/cms\/wp-content\/uploads\/2020\/03\/Waschen-40-150x150.png\" class=\"attachment-thumbnail size-thumbnail\" alt=\"\" loading=\"lazy\" aria-describedby=\"gallery-9-18102\" srcset=\"https:\/\/media-lab.at\/cms\/wp-content\/uploads\/2020\/03\/Waschen-40-150x150.png 150w, https:\/\/media-lab.at\/cms\/wp-content\/uploads\/2020\/03\/Waschen-40-300x300.png 300w, https:\/\/media-lab.at\/cms\/wp-content\/uploads\/2020\/03\/Waschen-40-100x100.png 100w, https:\/\/media-lab.at\/cms\/wp-content\/uploads\/2020\/03\/Waschen-40-60x60.png 60w, https:\/\/media-lab.at\/cms\/wp-content\/uploads\/2020\/03\/Waschen-40-50x50.png 50w, https:\/\/media-lab.at\/cms\/wp-content\/uploads\/2020\/03\/Waschen-40-180x180.png 180w, https:\/\/media-lab.at\/cms\/wp-content\/uploads\/2020\/03\/Waschen-40-360x360.png 360w, https:\/\/media-lab.at\/cms\/wp-content\/uploads\/2020\/03\/Waschen-40.png 375w\" sizes=\"(max-width: 150px) 100vw, 150px\" \/>\n\t\t\t<\/dt>\n\t\t\t\t<dd class='wp-caption-text gallery-caption' id='gallery-9-18102'>\n\t\t\t\tWaschen 40\u00b0C\n\t\t\t\t<\/dd><\/dl><dl class='gallery-item'>\n\t\t\t<dt class='gallery-icon landscape'>\n\t\t\t\t<img width=\"150\" height=\"150\" src=\"https:\/\/media-lab.at\/cms\/wp-content\/uploads\/2020\/03\/Nicht-Bleichen-2-150x150.png\" class=\"attachment-thumbnail size-thumbnail\" alt=\"Bleichen nicht erlaubt\" loading=\"lazy\" aria-describedby=\"gallery-9-17938\" srcset=\"https:\/\/media-lab.at\/cms\/wp-content\/uploads\/2020\/03\/Nicht-Bleichen-2-150x150.png 150w, https:\/\/media-lab.at\/cms\/wp-content\/uploads\/2020\/03\/Nicht-Bleichen-2-300x300.png 300w, https:\/\/media-lab.at\/cms\/wp-content\/uploads\/2020\/03\/Nicht-Bleichen-2-100x100.png 100w, https:\/\/media-lab.at\/cms\/wp-content\/uploads\/2020\/03\/Nicht-Bleichen-2-60x60.png 60w, https:\/\/media-lab.at\/cms\/wp-content\/uploads\/2020\/03\/Nicht-Bleichen-2-50x50.png 50w, https:\/\/media-lab.at\/cms\/wp-content\/uploads\/2020\/03\/Nicht-Bleichen-2-180x180.png 180w, https:\/\/media-lab.at\/cms\/wp-content\/uploads\/2020\/03\/Nicht-Bleichen-2-360x360.png 360w, https:\/\/media-lab.at\/cms\/wp-content\/uploads\/2020\/03\/Nicht-Bleichen-2.png 375w\" sizes=\"(max-width: 150px) 100vw, 150px\" \/>\n\t\t\t<\/dt>\n\t\t\t\t<dd class='wp-caption-text gallery-caption' id='gallery-9-17938'>\n\t\t\t\tBleichen nicht erlaubt\n\t\t\t\t<\/dd><\/dl><dl class='gallery-item'>\n\t\t\t<dt class='gallery-icon landscape'>\n\t\t\t\t<img width=\"150\" height=\"150\" src=\"https:\/\/media-lab.at\/cms\/wp-content\/uploads\/2020\/03\/Trommeltrocknen-1-150x150.png\" class=\"attachment-thumbnail size-thumbnail\" alt=\"Trommeltrocknen niedrige Temperatur (schonend)\" loading=\"lazy\" aria-describedby=\"gallery-9-17965\" srcset=\"https:\/\/media-lab.at\/cms\/wp-content\/uploads\/2020\/03\/Trommeltrocknen-1-150x150.png 150w, https:\/\/media-lab.at\/cms\/wp-content\/uploads\/2020\/03\/Trommeltrocknen-1-300x300.png 300w, https:\/\/media-lab.at\/cms\/wp-content\/uploads\/2020\/03\/Trommeltrocknen-1-100x100.png 100w, https:\/\/media-lab.at\/cms\/wp-content\/uploads\/2020\/03\/Trommeltrocknen-1-60x60.png 60w, https:\/\/media-lab.at\/cms\/wp-content\/uploads\/2020\/03\/Trommeltrocknen-1-50x50.png 50w, https:\/\/media-lab.at\/cms\/wp-content\/uploads\/2020\/03\/Trommeltrocknen-1-180x180.png 180w, https:\/\/media-lab.at\/cms\/wp-content\/uploads\/2020\/03\/Trommeltrocknen-1-360x360.png 360w, https:\/\/media-lab.at\/cms\/wp-content\/uploads\/2020\/03\/Trommeltrocknen-1.png 375w\" sizes=\"(max-width: 150px) 100vw, 150px\" \/>\n\t\t\t<\/dt>\n\t\t\t\t<dd class='wp-caption-text gallery-caption' id='gallery-9-17965'>\n\t\t\t\tTrommeltrocknen niedrige Temperatur (schonend)\n\t\t\t\t<\/dd><\/dl><dl class='gallery-item'>\n\t\t\t<dt class='gallery-icon landscape'>\n\t\t\t\t<img width=\"150\" height=\"150\" src=\"https:\/\/media-lab.at\/cms\/wp-content\/uploads\/2020\/03\/Buegeln-1-150x150.png\" class=\"attachment-thumbnail size-thumbnail\" alt=\"B\u00fcgeln mit geringer Temperatur\" loading=\"lazy\" aria-describedby=\"gallery-9-17933\" srcset=\"https:\/\/media-lab.at\/cms\/wp-content\/uploads\/2020\/03\/Buegeln-1-150x150.png 150w, https:\/\/media-lab.at\/cms\/wp-content\/uploads\/2020\/03\/Buegeln-1-300x300.png 300w, https:\/\/media-lab.at\/cms\/wp-content\/uploads\/2020\/03\/Buegeln-1-100x100.png 100w, https:\/\/media-lab.at\/cms\/wp-content\/uploads\/2020\/03\/Buegeln-1-60x60.png 60w, https:\/\/media-lab.at\/cms\/wp-content\/uploads\/2020\/03\/Buegeln-1-50x50.png 50w, https:\/\/media-lab.at\/cms\/wp-content\/uploads\/2020\/03\/Buegeln-1-180x180.png 180w, https:\/\/media-lab.at\/cms\/wp-content\/uploads\/2020\/03\/Buegeln-1-360x360.png 360w, https:\/\/media-lab.at\/cms\/wp-content\/uploads\/2020\/03\/Buegeln-1.png 375w\" sizes=\"(max-width: 150px) 100vw, 150px\" \/>\n\t\t\t<\/dt>\n\t\t\t\t<dd class='wp-caption-text gallery-caption' id='gallery-9-17933'>\n\t\t\t\tB\u00fcgeln mit geringer Temperatur\n\t\t\t\t<\/dd><\/dl><dl class='gallery-item'>\n\t\t\t<dt class='gallery-icon landscape'>\n\t\t\t\t<img width=\"150\" height=\"150\" src=\"https:\/\/media-lab.at\/cms\/wp-content\/uploads\/2020\/03\/Nicht-Chemisch-Reinigen-150x150.png\" class=\"attachment-thumbnail size-thumbnail\" alt=\"Nicht chemisch reinigen\" loading=\"lazy\" aria-describedby=\"gallery-9-17941\" srcset=\"https:\/\/media-lab.at\/cms\/wp-content\/uploads\/2020\/03\/Nicht-Chemisch-Reinigen-150x150.png 150w, https:\/\/media-lab.at\/cms\/wp-content\/uploads\/2020\/03\/Nicht-Chemisch-Reinigen-300x300.png 300w, https:\/\/media-lab.at\/cms\/wp-content\/uploads\/2020\/03\/Nicht-Chemisch-Reinigen-100x100.png 100w, https:\/\/media-lab.at\/cms\/wp-content\/uploads\/2020\/03\/Nicht-Chemisch-Reinigen-60x60.png 60w, https:\/\/media-lab.at\/cms\/wp-content\/uploads\/2020\/03\/Nicht-Chemisch-Reinigen-50x50.png 50w, https:\/\/media-lab.at\/cms\/wp-content\/uploads\/2020\/03\/Nicht-Chemisch-Reinigen-180x180.png 180w, https:\/\/media-lab.at\/cms\/wp-content\/uploads\/2020\/03\/Nicht-Chemisch-Reinigen-360x360.png 360w, https:\/\/media-lab.at\/cms\/wp-content\/uploads\/2020\/03\/Nicht-Chemisch-Reinigen.png 375w\" sizes=\"(max-width: 150px) 100vw, 150px\" \/>\n\t\t\t<\/dt>\n\t\t\t\t<dd class='wp-caption-text gallery-caption' id='gallery-9-17941'>\n\t\t\t\tNicht chemisch reinigen\n\t\t\t\t<\/dd><\/dl>\n\t\t\t<br style='clear: both' \/>\n\t\t<\/div>\n\n<p>&nbsp;<\/p>\n<h3>Folgende Ma\u00dfnahmen m\u00fcssen eingehalten werden<\/h3>\n<ul>\n<li>Textil von links waschen (beim Waschen umdrehen)<\/li>\n<li>verwenden Sie keinen Weichsp\u00fcler<\/li>\n<li>die maximale Waschtemperatur betr\u00e4gt 40\u00b0C<\/li>\n<li>kein Chlor- oder Bleichmittel verwenden<\/li>\n<li>bei schonender Einstellung Trockner geeignet<\/li>\n<li>bringen Sie das Textil nach dem Waschen in Form<\/li>\n<li>bei niedriger Temperatur und von links (umgedreht) b\u00fcgeln<\/li>\n<\/ul>\n<p>Wir w\u00fcnschen viel Freude mit Ihrem gew\u00e4hlten Textil![\/vc_toggle][\/vc_tta_section][vc_tta_section title=&#8221;Sonstiges&#8221; tab_id=&#8221;faq-sonstiges&#8221;][vc_empty_space height=&#8221;40px&#8221;][vc_separator color=&#8221;custom&#8221; border_width=&#8221;3&#8243; accent_color=&#8221;#a11035&#8243;][vc_custom_heading text=&#8221;Themen &#8211; Sonstiges&#8221; font_container=&#8221;tag:h4|text_align:left&#8221; use_theme_fonts=&#8221;yes&#8221;][vc_column_text el_class=&#8221;faq-list-overview&#8221;]<\/p>\n<ul>\n<li><a href=\"#basics-zur-marketing-planung\">Basics zur Marketing-Planung<\/a><\/li>\n<li><a href=\"#kampagne\">Kampagne<\/a><\/li>\n<\/ul>\n<p>[\/vc_column_text][vc_separator color=&#8221;custom&#8221; border_width=&#8221;3&#8243; accent_color=&#8221;#a11035&#8243;][vc_empty_space height=&#8221;20px&#8221;][vc_toggle title=&#8221;Basics zur Marketing-Planung&#8221; open=&#8221;true&#8221; el_id=&#8221;basics-zur-marketing-planung&#8221; el_class=&#8221;anchor&#8221;]Die so genannte &#8220;<em>Customer Journey<\/em>&#8221; bezeichnet die einzelnen Zyklen, die ein Kunde durchl\u00e4uft, bevor er sich f\u00fcr den Kauf eines Produktes entscheidet. Aus Sicht des Marketing bezeichnet die Customer Journey alle Ber\u00fchrungspunkte (Touchpoints) eines Konsumenten mit einer Marke, einem Produkt oder einer Dienstleistung. Hierzu z\u00e4hlen nicht nur die direkten Interaktionspunkte zwischen Kunden und Unternehmen (Anzeige, Werbespot, Webseite usw.), sondern auch die indirekten Kontaktpunkte, an denen die Meinung Dritter \u00fcber eine Marke, ein Produkt oder eine Serviceleistung eingeholt wird (Bewertungsportale, Userforum, Blog usw.). Kunden informieren sich zunehmend \u00fcber diese indirekten Kontaktpunkte, welche von den Unternehmen nicht unmittelbar beeinflusst werden k\u00f6nnen. Ein tiefgehendes Verst\u00e4ndnis der gesamten Customer Journey (inkl. direkter und indirekter Kontaktpunkte) ist Grundvoraussetzung f\u00fcr eine kundenorientierte Marketing- und Vertriebsausrichtung.<\/p>\n<p>[aus <a href=\"https:\/\/www.wikipedia.de\" target=\"_blank\" rel=\"noopener noreferrer\">https:\/\/www.wikipedia.de<\/a> vom 02.10.2018]<\/p>\n<p><img loading=\"lazy\" class=\"aligncenter wp-image-14788 size-full\" src=\"https:\/\/media-lab.at\/cms\/wp-content\/uploads\/2017\/05\/faq_customer-journey-01.png\" alt=\"\" width=\"1641\" height=\"924\" srcset=\"https:\/\/media-lab.at\/cms\/wp-content\/uploads\/2017\/05\/faq_customer-journey-01.png 1641w, https:\/\/media-lab.at\/cms\/wp-content\/uploads\/2017\/05\/faq_customer-journey-01-300x169.png 300w, https:\/\/media-lab.at\/cms\/wp-content\/uploads\/2017\/05\/faq_customer-journey-01-768x432.png 768w, https:\/\/media-lab.at\/cms\/wp-content\/uploads\/2017\/05\/faq_customer-journey-01-1024x577.png 1024w, https:\/\/media-lab.at\/cms\/wp-content\/uploads\/2017\/05\/faq_customer-journey-01-1130x636.png 1130w, https:\/\/media-lab.at\/cms\/wp-content\/uploads\/2017\/05\/faq_customer-journey-01-800x450.png 800w, https:\/\/media-lab.at\/cms\/wp-content\/uploads\/2017\/05\/faq_customer-journey-01-550x310.png 550w, https:\/\/media-lab.at\/cms\/wp-content\/uploads\/2017\/05\/faq_customer-journey-01-200x113.png 200w, https:\/\/media-lab.at\/cms\/wp-content\/uploads\/2017\/05\/faq_customer-journey-01-50x28.png 50w, https:\/\/media-lab.at\/cms\/wp-content\/uploads\/2017\/05\/faq_customer-journey-01-180x101.png 180w, https:\/\/media-lab.at\/cms\/wp-content\/uploads\/2017\/05\/faq_customer-journey-01-360x203.png 360w\" sizes=\"(max-width: 1641px) 100vw, 1641px\" \/>[\/vc_toggle][vc_empty_space height=&#8221;40px&#8221;][vc_toggle title=&#8221;Kampagne&#8221; el_id=&#8221;kampagne&#8221; el_class=&#8221;anchor&#8221;]Unter einer \u00a0&#8220;Kampagne&#8221; oder &#8220;Werbekampagne&#8221; versteht man im Zusammenhang mit dem Thema Marketing eine oder mehrere zeitlich befristete Aktion\/en von Unternehmen, um das Image oder Dienstleistungen bzw. Produkte zu bewerben.<\/p>\n<p>Teil der Kampagnen-Planung ist neben der Zielgruppe und dem Zeitrahmen auch ein entsprechendes Budget sowie die genutzten Medien bzw. Kan\u00e4le, die f\u00fcr die jeweilige Kampagne genutzt werden.[\/vc_toggle][\/vc_tta_section][\/vc_tta_tabs][\/vc_column][\/vc_row]<\/p>\n<\/div>","protected":false},"excerpt":{"rendered":"<p><span class=\"span-reading-time rt-reading-time\" style=\"display: block;\"><span class=\"rt-label rt-prefix\">Gesch\u00e4tzte Lesezeit: <\/span> <span class=\"rt-time\"> 14<\/span> <span class=\"rt-label rt-postfix\">Minuten<\/span><\/span>[vc_row][vc_column css=&#8221;.vc_custom_1513335072364{margin-top: 40px !important;}&#8221;][vc_custom_heading text=&#8221;Die Antworten auf die h\u00e4ufigsten Fragen&#8221; use_theme_fonts=&#8221;yes&#8221; css=&#8221;.vc_custom_1521499947640{margin-top: 0px !important;}&#8221;][vc_custom_heading text=&#8221;die wir t\u00e4glich beantworten.&#8221; font_container=&#8221;tag:h3|text_align:left&#8221; use_theme_fonts=&#8221;yes&#8221; css=&#8221;.vc_custom_1521499961321{margin-bottom: 20px !important;}&#8221;][vc_separator color=&#8221;custom&#8221; align=&#8221;align_left&#8221; border_width=&#8221;2&#8243; el_width=&#8221;10&#8243; accent_color=&#8221;#a30f38&#8243; css=&#8221;.vc_custom_1513257961581{margin-bottom: 40px !important;}&#8221;][vc_row_inner][vc_column_inner][vc_column_text el_class=&#8221;text-justified&#8221;]Dieser Bereich behandelt eine Auswahl der h\u00e4ufigsten Fragen, die wir unseren Kunden im Zuge unseres Tagesgesch\u00e4ftes beantworten. Da das Thema sehr breit gef\u00e4chert ist, [&hellip;]<\/p>\n","protected":false},"author":1,"featured_media":0,"parent":0,"menu_order":8,"comment_status":"closed","ping_status":"closed","template":"","meta":{"_links_to":"","_links_to_target":""},"_links":{"self":[{"href":"https:\/\/media-lab.at\/cms\/wp-json\/wp\/v2\/pages\/13820"}],"collection":[{"href":"https:\/\/media-lab.at\/cms\/wp-json\/wp\/v2\/pages"}],"about":[{"href":"https:\/\/media-lab.at\/cms\/wp-json\/wp\/v2\/types\/page"}],"author":[{"embeddable":true,"href":"https:\/\/media-lab.at\/cms\/wp-json\/wp\/v2\/users\/1"}],"replies":[{"embeddable":true,"href":"https:\/\/media-lab.at\/cms\/wp-json\/wp\/v2\/comments?post=13820"}],"version-history":[{"count":132,"href":"https:\/\/media-lab.at\/cms\/wp-json\/wp\/v2\/pages\/13820\/revisions"}],"predecessor-version":[{"id":18753,"href":"https:\/\/media-lab.at\/cms\/wp-json\/wp\/v2\/pages\/13820\/revisions\/18753"}],"wp:attachment":[{"href":"https:\/\/media-lab.at\/cms\/wp-json\/wp\/v2\/media?parent=13820"}],"curies":[{"name":"wp","href":"https:\/\/api.w.org\/{rel}","templated":true}]}}