{"id":11658,"date":"2016-05-17T05:51:48","date_gmt":"2016-05-17T05:51:48","guid":{"rendered":"http:\/\/dev.althemist.com\/koda\/?page_id=11658"},"modified":"2019-09-25T17:57:15","modified_gmt":"2019-09-25T15:57:15","slug":"ablauf","status":"publish","type":"page","link":"https:\/\/media-lab.at\/cms\/start-now\/ablauf\/","title":{"rendered":"Ablauf"},"content":{"rendered":"<div class=\"wpb-content-wrapper\"><span class=\"span-reading-time rt-reading-time\" style=\"display: block;\"><span class=\"rt-label rt-prefix\">Gesch\u00e4tzte Lesezeit: <\/span> <span class=\"rt-time\"> 5<\/span> <span class=\"rt-label rt-postfix\">Minuten<\/span><\/span><p>[vc_row][vc_column css=&#8221;.vc_custom_1513334507649{margin-top: 40px !important;}&#8221;][vc_column_text css=&#8221;.vc_custom_1529353628429{margin-top: 0px !important;}&#8221;]<\/p>\n<h2 style=\"text-align: left;\">Wir unterst\u00fctzen Sie bei Ihren Marketing-Themen.<\/h2>\n<h3 style=\"text-align: left;\"><span style=\"color: #1b2238;\">Von der Strategieentwicklung bis zum gedruckten Unternehmensfolder.<\/span><\/h3>\n<p>[\/vc_column_text][vc_separator color=&#8221;custom&#8221; align=&#8221;align_left&#8221; border_width=&#8221;2&#8243; el_width=&#8221;10&#8243; accent_color=&#8221;#a11035&#8243; css=&#8221;.vc_custom_1516894348988{margin-bottom: 40px !important;}&#8221;][vc_column_text el_class=&#8221;text-justified&#8221;]<strong>Als Full Service Werbeagentur lassen wir Sie nicht im Regen stehen.<\/strong> Beginnend mit der <strong>Ideenfindung<\/strong> und <strong>Kampagnen-Entwicklun<\/strong>g liegt unsere <strong>Kernkompetenz im Design und Layouting Ihres Auftritts<\/strong> &#8211; sowohl im Print- als auch im Web-Bereich. Wenn Sie dies w\u00fcnschen, begleiten wir Sie auch gerne bei der Lieferantenauswahl sowie der Produktionsabwicklung. Wie hei\u00dft es so sch\u00f6n: &#8220;Alles kann, nichts muss.&#8221;[\/vc_column_text][\/vc_column][\/vc_row][vc_row css=&#8221;.vc_custom_1565966053793{margin-right: -40px !important;margin-left: -40px !important;padding-top: 40px !important;padding-right: 20px !important;padding-bottom: 20px !important;padding-left: 20px !important;background-color: #111424 !important;}&#8221;][vc_column width=&#8221;1\/2&#8243;][vc_custom_heading text=&#8221;Unser Ansatz? Strategisch!&#8221; use_theme_fonts=&#8221;yes&#8221;][vc_custom_heading text=&#8221;Der Erfolg unserer Kunden gibt uns Recht.&#8221; font_container=&#8221;tag:h3|text_align:left|color:%23ffffff&#8221; use_theme_fonts=&#8221;yes&#8221; css=&#8221;.vc_custom_1568668690765{margin-bottom: 20px !important;}&#8221;][vc_separator color=&#8221;custom&#8221; align=&#8221;align_left&#8221; border_width=&#8221;2&#8243; el_width=&#8221;10&#8243; css=&#8221;.vc_custom_1516894356402{margin-bottom: 40px !important;}&#8221; accent_color=&#8221;#a11035&#8243;][vc_column_text el_class=&#8221;text-white&#8221;]Egal, was wir beginnen &#8211; es gibt hierf\u00fcr immer einen <strong>Plan<\/strong> (mindestens &#8220;A&#8221;, meist auch &#8220;B&#8221; &amp; &#8220;C&#8221;). Noch vor dem ber\u00fchmten <strong>ersten Handgriff<\/strong> wird durch eine <strong>Grobanalyse<\/strong> festgestellt,&nbsp;ob die <strong>entsprechende Ma\u00dfnahme<\/strong> tats\u00e4chlich Sinn macht oder ob eventuell ein anderer Weg f\u00fcr die jeweilige Herausforderung <strong>zielf\u00fchrender<\/strong> ist.<\/p>\n<p>Im Laufe der Jahre haben wir einen <strong>Prozess entwickelt<\/strong>, der es uns bisher erlaubt hat, mehr als 200 Projekte erfolgreich umzusetzen.[\/vc_column_text][\/vc_column][vc_column width=&#8221;1\/2&#8243;][vc_single_image image=&#8221;16932&#8243; img_size=&#8221;full&#8221; alignment=&#8221;center&#8221;][\/vc_column][\/vc_row][vc_row css=&#8221;.vc_custom_1513271323496{margin-top: 0px !important;margin-bottom: 0px !important;padding-top: 20px !important;padding-bottom: 60px !important;background-color: #ffffff !important;}&#8221;][vc_column css=&#8221;.vc_custom_1516996894933{margin-top: 40px !important;}&#8221;][vc_row_inner content_placement=&#8221;middle&#8221;][vc_column_inner width=&#8221;1\/2&#8243; css=&#8221;.vc_custom_1463471982634{padding: 8% !important;}&#8221;][vc_custom_heading text=&#8221;00.&#8221; font_container=&#8221;tag:h2|font_size:120|text_align:left|color:%23f1f1f1|line_height:70px&#8221; use_theme_fonts=&#8221;yes&#8221; css=&#8221;.vc_custom_1482199172607{margin-bottom: 0px !important;}&#8221;][vc_column_text]<\/p>\n<h3>Kontakt \/ Get in touch<\/h3>\n<p>[\/vc_column_text][vc_column_text el_class=&#8221;text-justified&#8221;]Treten Sie mit uns in <strong>Kontakt<\/strong> und schildern Sie uns Ihr <strong>Projekt<\/strong> bzw. Ihre <strong>W\u00fcnsche<\/strong>. Vorab k\u00f6nnen wir so kl\u00e4ren, ob und wie wir Sie unterst\u00fctzen k\u00f6nnen oder ob wir Ihnen einen Partner aus unserem <strong>breit gef\u00e4chertem Netzwerk<\/strong> empfehlen k\u00f6nnen.<\/p>\n<p>Wenn Sie bei uns genau richtig aufgehoben sind, vereinbaren wir einen kostenfreien und unverbindlichen <strong>Termin<\/strong>, um Ihre W\u00fcnsche und Ziele im Detail konkret zu besprechen.[\/vc_column_text][\/vc_column_inner][vc_column_inner width=&#8221;1\/2&#8243;][vc_single_image image=&#8221;16936&#8243; img_size=&#8221;full&#8221; alignment=&#8221;center&#8221;][\/vc_column_inner][\/vc_row_inner][vc_single_image image=&#8221;13957&#8243; img_size=&#8221;full&#8221; alignment=&#8221;center&#8221; css=&#8221;.vc_custom_1565966191881{margin-top: -20px !important;margin-bottom: -50px !important;}&#8221;][vc_row_inner content_placement=&#8221;middle&#8221; css=&#8221;.vc_custom_1489838928831{margin-top: 0px !important;margin-bottom: 0px !important;}&#8221;][vc_column_inner width=&#8221;1\/2&#8243;][vc_single_image image=&#8221;16933&#8243; img_size=&#8221;full&#8221; alignment=&#8221;center&#8221;][\/vc_column_inner][vc_column_inner width=&#8221;1\/2&#8243; css=&#8221;.vc_custom_1463472011500{padding: 8% !important;}&#8221;][vc_custom_heading text=&#8221;01.&#8221; font_container=&#8221;tag:h2|font_size:120|text_align:left|color:%23f1f1f1|line_height:70px&#8221; use_theme_fonts=&#8221;yes&#8221; css=&#8221;.vc_custom_1482199194972{margin-bottom: 0px !important;}&#8221;][vc_column_text]<\/p>\n<h3 style=\"text-align: left;\">BRIEFING \/ ERSTGESPR\u00c4CH<\/h3>\n<p>[\/vc_column_text][vc_column_text el_class=&#8221;text-justified&#8221;]Bei einem <strong>pers\u00f6nlichen Gespr\u00e4ch<\/strong> lauschen wir bei einer Tasse Kaffee Ihren <strong>Visionen<\/strong>, <strong>Zielen<\/strong> und <strong>Vorstellungen<\/strong> zum geplanten Projekt.<\/p>\n<p>Idealerweise haben Sie bereits an diesem Punkt konkrete Ideen zu den wichtigsten Eckdaten wie <strong>Zielgruppe<\/strong>, <strong>Kernaussage<\/strong>, <strong>Zeitraum<\/strong> und einem groben <strong>Budget<\/strong> mit im Gep\u00e4ck.<\/p>\n<p>Dieser Schritt wird von den meisten untersch\u00e4tzt &#8211; denn eines d\u00fcrfen Sie nicht vergessen: umso besser Sie vorbereitet sind, umso schneller und punktgenauer sind wir in der Lage, Ihre Idee m\u00f6glichst kostensparend und optimal umzusetzen.<\/p>\n<p>Je nach Projektinhalt bzw. Verteilung der Aufgaben (zwischen Ihnen und uns) ist es oft bereits an dieser Stelle m\u00f6glich, eine (noch grobe) <strong>Kostensch\u00e4tzung<\/strong> abzugeben.[\/vc_column_text][\/vc_column_inner][\/vc_row_inner][vc_single_image image=&#8221;13956&#8243; img_size=&#8221;full&#8221; alignment=&#8221;center&#8221; css=&#8221;.vc_custom_1521493056077{margin-top: -90px !important;margin-bottom: -10px !important;padding-top: 0px !important;padding-bottom: 0px !important;}&#8221;][vc_row_inner content_placement=&#8221;middle&#8221; css=&#8221;.vc_custom_1489839010494{margin-top: 0px !important;margin-bottom: 0px !important;padding-top: 0px !important;padding-bottom: 0px !important;}&#8221;][vc_column_inner width=&#8221;1\/2&#8243; css=&#8221;.vc_custom_1463472019118{padding: 8% !important;}&#8221;][vc_custom_heading text=&#8221;02.&#8221; font_container=&#8221;tag:h2|font_size:120|text_align:left|color:%23f1f1f1|line_height:70px&#8221; use_theme_fonts=&#8221;yes&#8221; css=&#8221;.vc_custom_1482199289743{margin-bottom: 0px !important;}&#8221;][vc_column_text]<\/p>\n<h3><b>GROBKONZEPT \/ ACTION PLAN<\/b><\/h3>\n<p>[\/vc_column_text][vc_column_text el_class=&#8221;text-justified&#8221;]In dieser Phase sortieren wir s\u00e4mtliche Eindr\u00fccke, sammeln entscheidende Faktoren und M\u00f6glichkeiten und wiegen diese ab. Daraus entwickeln wir <strong>Ideen<\/strong> <strong>und L\u00f6sungsvorschl\u00e4ge<\/strong>, um die jeweilige Herausforderungen mit dem vorhandenen Budget bew\u00e4ltigen zu k\u00f6nnen.<\/p>\n<p>Das Ergebnis an dieser Stelle ist ein grober <strong>Action Plan<\/strong>, wie wir uns Ihr geplantes Projekt oder&nbsp; Kampagne vorstellen, um den maximalen Erfolg zu erreichen.<\/p>\n<p>Eine grobe Aufstellung, mit welchen Kosten gerechnet wird, sowie der geplante weitere Ablauf ist ebenfalls Teil des Action Plans.[\/vc_column_text][\/vc_column_inner][vc_column_inner width=&#8221;1\/2&#8243;][vc_single_image image=&#8221;16937&#8243; img_size=&#8221;full&#8221; alignment=&#8221;center&#8221;][\/vc_column_inner][\/vc_row_inner][vc_single_image image=&#8221;13957&#8243; img_size=&#8221;full&#8221; alignment=&#8221;center&#8221; css=&#8221;.vc_custom_1565966704011{margin-top: -30px !important;margin-bottom: -80px !important;}&#8221;][vc_row_inner content_placement=&#8221;middle&#8221;][vc_column_inner width=&#8221;1\/2&#8243;][vc_single_image image=&#8221;16931&#8243; img_size=&#8221;full&#8221; alignment=&#8221;center&#8221;][\/vc_column_inner][vc_column_inner width=&#8221;1\/2&#8243; css=&#8221;.vc_custom_1463472026983{padding: 8% !important;}&#8221;][vc_custom_heading text=&#8221;03.&#8221; font_container=&#8221;tag:h2|font_size:120|text_align:left|color:%23f1f1f1|line_height:70px&#8221; use_theme_fonts=&#8221;yes&#8221; css=&#8221;.vc_custom_1482199384998{margin-bottom: 0px !important;}&#8221;][vc_column_text]<\/p>\n<h3>ANGEBOT \/ FEINKONZEPT-ENTWICKLUNG<\/h3>\n<p>[\/vc_column_text][vc_column_text el_class=&#8221;text-justified&#8221;]Nach Ihrem Feedback zum ausgearbeiteten Action Plan und der Entscheidung, den weiteren Weg gemeinsam zu gehen, arbeiten wir ein <strong>detailliertes Angebot<\/strong> aus, das wir Ihnen zukommen lassen.<\/p>\n<p>Nach dessen Best\u00e4tigung beginnen wir mit der <strong>Feinkonzeption<\/strong> sowie den<strong> klassischen Projektmanagement-Aufgaben<\/strong>. Hier wird bereits Entwickeltes verfeinert, strukturiert und die <strong>Abl\u00e4ufe koordiniert<\/strong>.<\/p>\n<p>Eine wichtige Management-Weisheit und gleichzeitig eine unserer obersten Pr\u00e4missen lautet: <strong>Eine Minute Planung spart f\u00fcnf Minuten Arbeit.<\/strong><\/p>\n<p>Davon sind wir \u00fcberzeugt und leben auch danach. Die Detailplanung &#8211; bzw. ob und wie diese durchgef\u00fchrt wird &#8211; nimmt ma\u00dfgeblich Anteil, ob ein Projekt erfolgreich umgesetzt wird &#8211; oder eben nicht!<\/p>\n<p>Wenn sowohl Feinkonzept als auch die Planung abgeschlossen ist und wir von Ihnen das GO haben, dann geht es richtig zur Sache.[\/vc_column_text][\/vc_column_inner][\/vc_row_inner][vc_single_image image=&#8221;13956&#8243; img_size=&#8221;full&#8221; alignment=&#8221;center&#8221; css=&#8221;.vc_custom_1565965605138{margin-top: -90px !important;margin-bottom: 0px !important;}&#8221;][vc_row_inner content_placement=&#8221;middle&#8221;][vc_column_inner width=&#8221;1\/2&#8243; css=&#8221;.vc_custom_1463472019118{padding: 8% !important;}&#8221;][vc_custom_heading text=&#8221;04.&#8221; font_container=&#8221;tag:h2|font_size:120|text_align:left|color:%23f1f1f1|line_height:70px&#8221; use_theme_fonts=&#8221;yes&#8221; css=&#8221;.vc_custom_1482199466109{margin-bottom: 0px !important;}&#8221;][vc_column_text]<\/p>\n<h3>DESIGN \/ ENTWICKLUNG \/ UMSETZUNG<\/h3>\n<p>[\/vc_column_text][vc_column_text el_class=&#8221;text-justified&#8221;]An dieser Stelle sind die Rahmenbedingungen abgesteckt und der Plan geschmiedet. Nun hei\u00dft es: Ran an die tats\u00e4chliche Arbeit!<\/p>\n<p>W\u00e4hrend der Umsetzungs-Phase stehen wir nat\u00fcrlich weiterhin in regem Kontakt und Ideen-Austausch &#8211; schlie\u00dflich muss daf\u00fcr gesorgt werden, &#8220;auf Spur&#8221; zu bleiben und dass Sie letzten Endes auch das gew\u00fcnschte Ergebnis erhalten.<\/p>\n<p>Je nach Projektart, erhalten Sie in regelm\u00e4\u00dfigen Abst\u00e4nden Prototypen, Kontrollabz\u00fcge oder B\u00fcrstenabz\u00fcge, damit wir Ihr Feedback rasch und unkompliziert umsetzen k\u00f6nnen.[\/vc_column_text][\/vc_column_inner][vc_column_inner width=&#8221;1\/2&#8243;][vc_single_image image=&#8221;16934&#8243; img_size=&#8221;full&#8221; alignment=&#8221;center&#8221;][\/vc_column_inner][\/vc_row_inner][vc_single_image image=&#8221;13957&#8243; img_size=&#8221;full&#8221; alignment=&#8221;center&#8221; css=&#8221;.vc_custom_1565965625186{margin-top: -40px !important;margin-bottom: -60px !important;}&#8221;][\/vc_column][\/vc_row][vc_row css=&#8221;.vc_custom_1513271339620{margin-bottom: 0px !important;}&#8221; el_class=&#8221;koda-align-center&#8221;][vc_column][vc_row_inner content_placement=&#8221;middle&#8221;][vc_column_inner width=&#8221;1\/2&#8243;][vc_single_image image=&#8221;16940&#8243; img_size=&#8221;full&#8221; alignment=&#8221;center&#8221;][\/vc_column_inner][vc_column_inner width=&#8221;1\/2&#8243; css=&#8221;.vc_custom_1463472026983{padding: 8% !important;}&#8221;][vc_custom_heading text=&#8221;05.&#8221; font_container=&#8221;tag:h2|font_size:120|text_align:left|color:%23f1f1f1|line_height:70px&#8221; use_theme_fonts=&#8221;yes&#8221; css=&#8221;.vc_custom_1482199610747{margin-bottom: 0px !important;}&#8221;][vc_column_text]<\/p>\n<h3 style=\"text-align: left;\">PRODUKTION&nbsp;\/ TESTBETRIEB<\/h3>\n<p>[\/vc_column_text][vc_column_text el_class=&#8221;text-justified&#8221;]Je nach Projektinhalt geht es nach Ihrer <strong>finalen Freigabe<\/strong> in die Fertigung\/Produktion bzw. in den <strong>Testbetrieb<\/strong>.<\/p>\n<p>Hier unterst\u00fctzen wir Sie mit der Auswahl der entsprechenden <strong>Produktions- oder Dienstleistungsunternehmen<\/strong> und f\u00fchren f\u00fcr Sie auch gerne die <strong>Abwicklung von Fertigungsauftr\u00e4gen<\/strong> oder sonstigen <strong>Bestellungen<\/strong> durch.<\/p>\n<p>Unsere empfohlenen <strong>Zulieferer und Partnerunternehmen<\/strong>, die sich langfristig durch Qualit\u00e4t und Zuverl\u00e4ssigkeit sowie einem sehr guten Preis-\/Leistungsverh\u00e4ltnis ausgezeichnet haben, stellen sicher, dass das endg\u00fcltige Projektergebnis Ihren W\u00fcnschen entspricht.[\/vc_column_text][\/vc_column_inner][\/vc_row_inner][vc_single_image image=&#8221;13956&#8243; img_size=&#8221;full&#8221; alignment=&#8221;center&#8221; css=&#8221;.vc_custom_1565965657496{margin-top: -40px !important;margin-bottom: -50px !important;}&#8221;][\/vc_column][\/vc_row][vc_row css=&#8221;.vc_custom_1513271812603{margin-bottom: 0px !important;padding-top: 60px !important;padding-bottom: 60px !important;background-color: #ffffff !important;}&#8221; enable_parallax=&#8221;&#8221;][vc_column css=&#8221;.vc_custom_1460825906271{margin-bottom: 0px !important;padding-top: 0px !important;padding-bottom: 0px !important;}&#8221;][vc_row_inner content_placement=&#8221;middle&#8221;][vc_column_inner width=&#8221;1\/2&#8243; css=&#8221;.vc_custom_1463472019118{padding: 8% !important;}&#8221;][vc_custom_heading text=&#8221;06.&#8221; font_container=&#8221;tag:h2|font_size:120|text_align:left|color:%23f1f1f1|line_height:70px&#8221; use_theme_fonts=&#8221;yes&#8221; css=&#8221;.vc_custom_1482199763582{margin-bottom: 0px !important;}&#8221;][vc_column_text]<\/p>\n<h3>LAUNCH \/ LIEFERUNG \/ EINSCHULUNG<\/h3>\n<p>[\/vc_column_text][vc_column_text el_class=&#8221;text-justified&#8221;]Es wird Ernst! Der Launch steht vor der T\u00fcr, Ihre gefertigten <strong>Produkte<\/strong> werden <strong>geliefert<\/strong>, die <strong>Werbekampagne<\/strong> startet.<\/p>\n<p>Sozusagen als <strong>Netz und doppelter Boden<\/strong> begleiten wir Sie nat\u00fcrlich auch in dieser meist am f\u00fcr das Nervenkost\u00fcm forderndsten Zeit und stehen mit <strong>Rat und Tat<\/strong> zur Seite.<\/p>\n<p>Im Falle eines <strong>Website-Projekts<\/strong> findet nun auch die <strong>Einschulung<\/strong> statt, damit Sie zuk\u00fcnftig eigenst\u00e4ndig und unabh\u00e4ngig am weiteren Erfolg Ihres Auftritts \u201eschrauben\u201c k\u00f6nnen.[\/vc_column_text][\/vc_column_inner][vc_column_inner width=&#8221;1\/2&#8243;][vc_single_image image=&#8221;16938&#8243; img_size=&#8221;full&#8221; alignment=&#8221;center&#8221;][\/vc_column_inner][\/vc_row_inner][vc_single_image image=&#8221;13957&#8243; img_size=&#8221;full&#8221; alignment=&#8221;center&#8221; css=&#8221;.vc_custom_1565965736156{margin-top: -30px !important;margin-bottom: -50px !important;}&#8221;][\/vc_column][\/vc_row][vc_row css=&#8221;.vc_custom_1513271351541{margin-bottom: 0px !important;}&#8221; el_class=&#8221;koda-align-center&#8221;][vc_column][vc_row_inner content_placement=&#8221;middle&#8221;][vc_column_inner width=&#8221;1\/2&#8243;][vc_single_image image=&#8221;16935&#8243; img_size=&#8221;full&#8221; alignment=&#8221;center&#8221;][\/vc_column_inner][vc_column_inner width=&#8221;1\/2&#8243; css=&#8221;.vc_custom_1463472026983{padding: 8% !important;}&#8221;][vc_custom_heading text=&#8221;07.&#8221; font_container=&#8221;tag:h2|font_size:120|text_align:left|color:%23f1f1f1|line_height:70px&#8221; use_theme_fonts=&#8221;yes&#8221; css=&#8221;.vc_custom_1482199833618{margin-bottom: 0px !important;}&#8221;][vc_column_text]<\/p>\n<h3 style=\"text-align: left;\">ENDABRECHNUNG<\/h3>\n<p>[\/vc_column_text][vc_column_text el_class=&#8221;text-justified&#8221;]Entsprechend dem Angebot stellen wir <strong>nach dem Projektabschluss<\/strong> die <strong>Endrechnung<\/strong>.<\/p>\n<p>Je nach <strong>Projektinhalt, -umfang und Laufzeit<\/strong> kann es sich hierbei um eine Schlussrechnung mit dem noch offenen Teilbetrag oder eine einzelne Rechnung \u00fcber die angebote Projektsumme handeln.<\/p>\n<p>So wie wir im Zuge des Projekts unsere <strong>volle Energie<\/strong> und unser <strong>Herzblut<\/strong> in jedes einzelne Projekt stecken, freuen wir uns \u00fcber eine gewisse <strong>Wertsch\u00e4tzung<\/strong>&nbsp;durch eine fristgerechte Begleichung.[\/vc_column_text][\/vc_column_inner][\/vc_row_inner][vc_single_image image=&#8221;13956&#8243; img_size=&#8221;full&#8221; alignment=&#8221;center&#8221; css=&#8221;.vc_custom_1565965765070{margin-top: -30px !important;margin-bottom: -30px !important;}&#8221;][\/vc_column][\/vc_row][vc_row css=&#8221;.vc_custom_1513271360521{margin-bottom: 0px !important;background-color: #ffffff !important;}&#8221; enable_parallax=&#8221;&#8221;][vc_column css=&#8221;.vc_custom_1460825906271{margin-bottom: 0px !important;padding-top: 0px !important;padding-bottom: 0px !important;}&#8221;][vc_row_inner content_placement=&#8221;middle&#8221;][vc_column_inner width=&#8221;1\/2&#8243; css=&#8221;.vc_custom_1463472019118{padding: 8% !important;}&#8221;][vc_custom_heading text=&#8221;08.&#8221; font_container=&#8221;tag:h2|font_size:120|text_align:left|color:%23f1f1f1|line_height:70px&#8221; use_theme_fonts=&#8221;yes&#8221; css=&#8221;.vc_custom_1482200003323{margin-bottom: 0px !important;}&#8221;][vc_column_text]<\/p>\n<h3>(NACH-)BETREUUNG \/ BEGLEITUNG<\/h3>\n<p>[\/vc_column_text][vc_column_text el_class=&#8221;text-justified&#8221;]Allzu oft entstehen noch Wochen und Monate nach Abschluss des entsprechenden Projekts <strong>Fragen<\/strong>, Kunden \u00e4u\u00dfern <strong>Verbesserungsw\u00fcnsche<\/strong> oder es werden trotz umfangreicher Testphasen erst w\u00e4hrend dem Echtbetrieb <strong>Optimierungsm\u00f6glichkeiten<\/strong> festgestellt.<\/p>\n<p>Das ist keine Seltenheit und geh\u00f6rt zum normalen Entwicklungsprozess, dem jedes Unternehmen unterworfen ist.<\/p>\n<p>Es steht f\u00fcr uns au\u00dfer Frage, dass wir Sie und Ihr Unternehmen nat\u00fcrlich auch nach Projektende gerne weiter begleiten. Unsere Mentalit\u00e4t und die Art, wie wir Dinge anpacken zielt sozusagen \u201evon Haus aus\u201c auf eine langfristige und partnerschaftliche Zusammenarbeit ab. Mit allem, das dazugeh\u00f6rt: <strong>Strategie, Transparenz, Weitblick, vollem Einsatz und K\u00f6pfchen.<\/strong>[\/vc_column_text][\/vc_column_inner][vc_column_inner width=&#8221;1\/2&#8243;][vc_single_image image=&#8221;16939&#8243; img_size=&#8221;full&#8221; alignment=&#8221;center&#8221;][\/vc_column_inner][\/vc_row_inner][\/vc_column][\/vc_row][vc_row css=&#8221;.vc_custom_1569426271942{margin-top: 20px !important;margin-right: -40px !important;margin-bottom: 60px !important;margin-left: -40px !important;padding-top: 100px !important;padding-right: 20px !important;padding-bottom: 40px !important;padding-left: 20px !important;background-image: url(https:\/\/media-lab.at\/cms\/wp-content\/uploads\/2019\/08\/cta_termin-button.jpg?id=16980) !important;}&#8221; el_class=&#8221;koda-align-center&#8221;][vc_column][vc_empty_space height=&#8221;15px&#8221;][vc_column_text css_animation=&#8221;appear&#8221; el_class=&#8221;text-white&#8221; css=&#8221;.vc_custom_1565968765837{padding-top: 20px !important;}&#8221;]<\/p>\n<h2 style=\"text-align: center;\"><\/h2>\n<h2 style=\"text-align: center;\"><\/h2>\n<h3 class=\"text-white\" style=\"text-align: center;\"><\/h3>\n<p>[\/vc_column_text][vc_empty_space height=&#8221;50px&#8221;][vc_btn title=&#8221;JETZT LOSSTARTEN&#8221; style=&#8221;custom&#8221; custom_background=&#8221;#a11035&#8243; custom_text=&#8221;#ffffff&#8221; shape=&#8221;square&#8221; size=&#8221;lg&#8221; css=&#8221;.vc_custom_1516996813343{margin-top: 40px !important;}&#8221; link=&#8221;url:http%3A%2F%2Fwww.media-lab.at%2Fcms%2Fstart-now%2Fkontakt%2F|||&#8221;][vc_empty_space height=&#8221;20px&#8221;][\/vc_column][\/vc_row][vc_row css=&#8221;.vc_custom_1568637907868{margin-top: 40px !important;margin-bottom: 0px !important;}&#8221;][vc_column][vc_custom_heading text=&#8221;Einige unserer Referenzkunden.&#8221; font_container=&#8221;tag:h2|text_align:left|color:%23a30f38&#8243; use_theme_fonts=&#8221;yes&#8221;][vc_custom_heading text=&#8221;Wir wollen ja nicht \u00fcbertreiben.&#8221; font_container=&#8221;tag:h3|text_align:left&#8221; use_theme_fonts=&#8221;yes&#8221; css=&#8221;.vc_custom_1526038128549{margin-bottom: 20px !important;}&#8221;][vc_separator color=&#8221;custom&#8221; align=&#8221;align_left&#8221; border_width=&#8221;2&#8243; el_width=&#8221;10&#8243; accent_color=&#8221;#a11035&#8243; css=&#8221;.vc_custom_1516894431848{margin-bottom: 20px !important;}&#8221;][vc_empty_space height=&#8221;5px&#8221;][vc_empty_space height=&#8221;20px&#8221;][vc_column_text css=&#8221;.vc_custom_1568637044833{background-color: #f1f1f1 !important;}&#8221;]<div class=\"lshowcase-clear-both\">&nbsp;<\/div><div class=\"lshowcase-logos\"><div style='display:none;' class='lshowcase-wrap-carousel-0' ><div class=\"lshowcase-slide lshowcase-horizontal-slide\"><img src='https:\/\/media-lab.at\/cms\/wp-content\/uploads\/2019\/09\/Referenzen_tieraerzteteam-NK-180x180.png' srcset='https:\/\/media-lab.at\/cms\/wp-content\/uploads\/2019\/09\/Referenzen_tieraerzteteam-NK-180x180.png 1x, https:\/\/media-lab.at\/cms\/wp-content\/uploads\/2019\/09\/Referenzen_tieraerzteteam-NK-360x360.png 2x' width='180'  height = '180'  alt='tier\u00e4rzteteam Neunkirchen' title='' class='lshowcase-grayscale-2'  \/><\/div><div class=\"lshowcase-slide lshowcase-horizontal-slide\"><img src='https:\/\/media-lab.at\/cms\/wp-content\/uploads\/2019\/09\/Referenzen_Raymans-180x180.png' srcset='https:\/\/media-lab.at\/cms\/wp-content\/uploads\/2019\/09\/Referenzen_Raymans-180x180.png 1x, https:\/\/media-lab.at\/cms\/wp-content\/uploads\/2019\/09\/Referenzen_Raymans-360x360.png 2x' width='180'  height = '180'  alt='Rayman&#8217;s' title='' class='lshowcase-grayscale-2'  \/><\/div><div class=\"lshowcase-slide lshowcase-horizontal-slide\"><img src='https:\/\/media-lab.at\/cms\/wp-content\/uploads\/2019\/09\/Referenzen_Christian-Weissenboeck-180x180.png' srcset='https:\/\/media-lab.at\/cms\/wp-content\/uploads\/2019\/09\/Referenzen_Christian-Weissenboeck-180x180.png 1x, https:\/\/media-lab.at\/cms\/wp-content\/uploads\/2019\/09\/Referenzen_Christian-Weissenboeck-360x360.png 2x' width='180'  height = '180'  alt='Fliesenverlegung Christian Wei\u00dfenb\u00f6ck' title='' class='lshowcase-grayscale-2'  \/><\/div><div class=\"lshowcase-slide lshowcase-horizontal-slide\"><img src='https:\/\/media-lab.at\/cms\/wp-content\/uploads\/2019\/09\/Referenzen_suicide-squad-running-team-180x180.png' srcset='https:\/\/media-lab.at\/cms\/wp-content\/uploads\/2019\/09\/Referenzen_suicide-squad-running-team-180x180.png 1x, https:\/\/media-lab.at\/cms\/wp-content\/uploads\/2019\/09\/Referenzen_suicide-squad-running-team-360x360.png 2x' width='180'  height = '180'  alt='Suicide Squad Running Team' title='' class='lshowcase-grayscale-2'  \/><\/div><div class=\"lshowcase-slide lshowcase-horizontal-slide\"><img src='https:\/\/media-lab.at\/cms\/wp-content\/uploads\/2019\/09\/Referenzen_Dr-Marion-Nolden-180x180.png' srcset='https:\/\/media-lab.at\/cms\/wp-content\/uploads\/2019\/09\/Referenzen_Dr-Marion-Nolden-180x180.png 1x, https:\/\/media-lab.at\/cms\/wp-content\/uploads\/2019\/09\/Referenzen_Dr-Marion-Nolden-360x360.png 2x' width='180'  height = '180'  alt='Dr. Marion Nolden' title='' class='lshowcase-grayscale-2'  \/><\/div><div class=\"lshowcase-slide lshowcase-horizontal-slide\"><img src='https:\/\/media-lab.at\/cms\/wp-content\/uploads\/2019\/09\/Referenzen_IB-Mosbacher-GmbH-180x180.png' srcset='https:\/\/media-lab.at\/cms\/wp-content\/uploads\/2019\/09\/Referenzen_IB-Mosbacher-GmbH-180x180.png 1x, https:\/\/media-lab.at\/cms\/wp-content\/uploads\/2019\/09\/Referenzen_IB-Mosbacher-GmbH-360x360.png 2x' width='180'  height = '180'  alt='IB Mosbacher GmbH' title='' class='lshowcase-grayscale-2'  \/><\/div><div class=\"lshowcase-slide lshowcase-horizontal-slide\"><img src='https:\/\/media-lab.at\/cms\/wp-content\/uploads\/2019\/09\/Referenzen_real-e-value-immoblien-gmbh-180x180.png' srcset='https:\/\/media-lab.at\/cms\/wp-content\/uploads\/2019\/09\/Referenzen_real-e-value-immoblien-gmbh-180x180.png 1x, https:\/\/media-lab.at\/cms\/wp-content\/uploads\/2019\/09\/Referenzen_real-e-value-immoblien-gmbh-360x360.png 2x' width='180'  height = '180'  alt='Real(e)value Immobilen BewertungsGmbH' title='' class='lshowcase-grayscale-2'  \/><\/div><div class=\"lshowcase-slide lshowcase-horizontal-slide\"><img src='https:\/\/media-lab.at\/cms\/wp-content\/uploads\/2019\/09\/Referenzen_Autoglasdienst-Rottensteiner-180x180.png' srcset='https:\/\/media-lab.at\/cms\/wp-content\/uploads\/2019\/09\/Referenzen_Autoglasdienst-Rottensteiner-180x180.png 1x, https:\/\/media-lab.at\/cms\/wp-content\/uploads\/2019\/09\/Referenzen_Autoglasdienst-Rottensteiner-360x360.png 2x' width='180'  height = '180'  alt='Autoglasdienst Rottensteiner' title='' class='lshowcase-grayscale-2'  \/><\/div><div class=\"lshowcase-slide lshowcase-horizontal-slide\"><img src='https:\/\/media-lab.at\/cms\/wp-content\/uploads\/2019\/09\/Referenzen_Ingrid-Perner-180x180.png' srcset='https:\/\/media-lab.at\/cms\/wp-content\/uploads\/2019\/09\/Referenzen_Ingrid-Perner-180x180.png 1x, https:\/\/media-lab.at\/cms\/wp-content\/uploads\/2019\/09\/Referenzen_Ingrid-Perner-360x360.png 2x' width='180'  height = '180'  alt='Ingrid Perner' title='' class='lshowcase-grayscale-2'  \/><\/div><div class=\"lshowcase-slide lshowcase-horizontal-slide\"><img src='https:\/\/media-lab.at\/cms\/wp-content\/uploads\/2019\/09\/Referenzen_Zwickl-GmbH-180x180.png' srcset='https:\/\/media-lab.at\/cms\/wp-content\/uploads\/2019\/09\/Referenzen_Zwickl-GmbH-180x180.png 1x, https:\/\/media-lab.at\/cms\/wp-content\/uploads\/2019\/09\/Referenzen_Zwickl-GmbH-360x360.png 2x' width='180'  height = '180'  alt='Malerei Zwickl GmbH' title='' class='lshowcase-grayscale-2'  \/><\/div><div class=\"lshowcase-slide lshowcase-horizontal-slide\"><img src='https:\/\/media-lab.at\/cms\/wp-content\/uploads\/2019\/09\/Referenzen_sportsunlimited-OG-180x180.png' srcset='https:\/\/media-lab.at\/cms\/wp-content\/uploads\/2019\/09\/Referenzen_sportsunlimited-OG-180x180.png 1x, https:\/\/media-lab.at\/cms\/wp-content\/uploads\/2019\/09\/Referenzen_sportsunlimited-OG-360x360.png 2x' width='180'  height = '180'  alt='sportsunlimited OG' title='' class='lshowcase-grayscale-2'  \/><\/div><div class=\"lshowcase-slide lshowcase-horizontal-slide\"><img src='https:\/\/media-lab.at\/cms\/wp-content\/uploads\/2019\/09\/Referenzen_Trafik-Plus-180x180.png' srcset='https:\/\/media-lab.at\/cms\/wp-content\/uploads\/2019\/09\/Referenzen_Trafik-Plus-180x180.png 1x, https:\/\/media-lab.at\/cms\/wp-content\/uploads\/2019\/09\/Referenzen_Trafik-Plus-360x360.png 2x' width='180'  height = '180'  alt='Trafikplus' title='' class='lshowcase-grayscale-2'  \/><\/div><div class=\"lshowcase-slide lshowcase-horizontal-slide\"><img src='https:\/\/media-lab.at\/cms\/wp-content\/uploads\/2019\/09\/Referenzen_Friseur-Fischer-180x180.png' srcset='https:\/\/media-lab.at\/cms\/wp-content\/uploads\/2019\/09\/Referenzen_Friseur-Fischer-180x180.png 1x, https:\/\/media-lab.at\/cms\/wp-content\/uploads\/2019\/09\/Referenzen_Friseur-Fischer-360x360.png 2x' width='180'  height = '180'  alt='Friseur Fischer' title='' class='lshowcase-grayscale-2'  \/><\/div><div class=\"lshowcase-slide lshowcase-horizontal-slide\"><img src='https:\/\/media-lab.at\/cms\/wp-content\/uploads\/2019\/09\/Referenzen_DriveAway-180x180.png' srcset='https:\/\/media-lab.at\/cms\/wp-content\/uploads\/2019\/09\/Referenzen_DriveAway-180x180.png 1x, https:\/\/media-lab.at\/cms\/wp-content\/uploads\/2019\/09\/Referenzen_DriveAway-360x360.png 2x' width='180'  height = '180'  alt='DriveAway' title='' class='lshowcase-grayscale-2'  \/><\/div><div class=\"lshowcase-slide lshowcase-horizontal-slide\"><img src='https:\/\/media-lab.at\/cms\/wp-content\/uploads\/2019\/09\/Referenzen_Karl-Orthuber-GmbH-180x180.png' srcset='https:\/\/media-lab.at\/cms\/wp-content\/uploads\/2019\/09\/Referenzen_Karl-Orthuber-GmbH-180x180.png 1x, https:\/\/media-lab.at\/cms\/wp-content\/uploads\/2019\/09\/Referenzen_Karl-Orthuber-GmbH-360x360.png 2x' width='180'  height = '180'  alt='Autohaus Orthuber' title='' class='lshowcase-grayscale-2'  \/><\/div><div class=\"lshowcase-slide lshowcase-horizontal-slide\"><img src='https:\/\/media-lab.at\/cms\/wp-content\/uploads\/2019\/09\/Referenzen_tuba-musikverlag-gmbh-180x180.png' srcset='https:\/\/media-lab.at\/cms\/wp-content\/uploads\/2019\/09\/Referenzen_tuba-musikverlag-gmbh-180x180.png 1x, https:\/\/media-lab.at\/cms\/wp-content\/uploads\/2019\/09\/Referenzen_tuba-musikverlag-gmbh-360x360.png 2x' width='180'  height = '180'  alt='tuba musikverlag gmbh' title='' class='lshowcase-grayscale-2'  \/><\/div><div class=\"lshowcase-slide lshowcase-horizontal-slide\"><img src='https:\/\/media-lab.at\/cms\/wp-content\/uploads\/2019\/09\/Referenzen_Kosch-und-Partner-Gmbh-180x180.png' srcset='https:\/\/media-lab.at\/cms\/wp-content\/uploads\/2019\/09\/Referenzen_Kosch-und-Partner-Gmbh-180x180.png 1x, https:\/\/media-lab.at\/cms\/wp-content\/uploads\/2019\/09\/Referenzen_Kosch-und-Partner-Gmbh-360x360.png 2x' width='180'  height = '180'  alt='Kosch &#038; Partner Rechtsanw\u00e4lte GmbH' title='' class='lshowcase-grayscale-2'  \/><\/div><div class=\"lshowcase-slide lshowcase-horizontal-slide\"><img src='https:\/\/media-lab.at\/cms\/wp-content\/uploads\/2019\/09\/Referenzen_Friseur-einMALIg-180x180.png' srcset='https:\/\/media-lab.at\/cms\/wp-content\/uploads\/2019\/09\/Referenzen_Friseur-einMALIg-180x180.png 1x, https:\/\/media-lab.at\/cms\/wp-content\/uploads\/2019\/09\/Referenzen_Friseur-einMALIg-360x360.png 2x' width='180'  height = '180'  alt='Friseur einMALIg' title='' class='lshowcase-grayscale-2'  \/><\/div><div class=\"lshowcase-slide lshowcase-horizontal-slide\"><img src='https:\/\/media-lab.at\/cms\/wp-content\/uploads\/2019\/09\/Referenzen_Claudia-Pinks-180x180.png' srcset='https:\/\/media-lab.at\/cms\/wp-content\/uploads\/2019\/09\/Referenzen_Claudia-Pinks-180x180.png 1x, https:\/\/media-lab.at\/cms\/wp-content\/uploads\/2019\/09\/Referenzen_Claudia-Pinks-360x360.png 2x' width='180'  height = '180'  alt='Claudia Pinkl' title='' class='lshowcase-grayscale-2'  \/><\/div><div class=\"lshowcase-slide lshowcase-horizontal-slide\"><img src='https:\/\/media-lab.at\/cms\/wp-content\/uploads\/2019\/09\/Referenzen_Thomas-Lechner-GmbH-180x180.png' srcset='https:\/\/media-lab.at\/cms\/wp-content\/uploads\/2019\/09\/Referenzen_Thomas-Lechner-GmbH-180x180.png 1x, https:\/\/media-lab.at\/cms\/wp-content\/uploads\/2019\/09\/Referenzen_Thomas-Lechner-GmbH-360x360.png 2x' width='180'  height = '180'  alt='Thomas Lechner Haustechnik GmbH' title='' class='lshowcase-grayscale-2'  \/><\/div><div class=\"lshowcase-slide lshowcase-horizontal-slide\"><img src='https:\/\/media-lab.at\/cms\/wp-content\/uploads\/2019\/09\/Referenzen_Hofer-Bau-GmbH-180x180.png' srcset='https:\/\/media-lab.at\/cms\/wp-content\/uploads\/2019\/09\/Referenzen_Hofer-Bau-GmbH-180x180.png 1x, https:\/\/media-lab.at\/cms\/wp-content\/uploads\/2019\/09\/Referenzen_Hofer-Bau-GmbH-360x360.png 2x' width='180'  height = '180'  alt='Hofer Bau GmbH' title='' class='lshowcase-grayscale-2'  \/><\/div><div class=\"lshowcase-slide lshowcase-horizontal-slide\"><img src='https:\/\/media-lab.at\/cms\/wp-content\/uploads\/2019\/09\/Referenzen_MacOffice-180x180.png' srcset='https:\/\/media-lab.at\/cms\/wp-content\/uploads\/2019\/09\/Referenzen_MacOffice-180x180.png 1x, https:\/\/media-lab.at\/cms\/wp-content\/uploads\/2019\/09\/Referenzen_MacOffice-360x360.png 2x' width='180'  height = '180'  alt='mac)office' title='' class='lshowcase-grayscale-2'  \/><\/div><div class=\"lshowcase-slide lshowcase-horizontal-slide\"><img src='https:\/\/media-lab.at\/cms\/wp-content\/uploads\/2019\/09\/Referenzen_Joachim-Csaikl-180x180.png' srcset='https:\/\/media-lab.at\/cms\/wp-content\/uploads\/2019\/09\/Referenzen_Joachim-Csaikl-180x180.png 1x, https:\/\/media-lab.at\/cms\/wp-content\/uploads\/2019\/09\/Referenzen_Joachim-Csaikl-360x360.png 2x' width='180'  height = '180'  alt='Joachim Csaikl' title='' class='lshowcase-grayscale-2'  \/><\/div><\/div><\/div><div class=\"lshowcase-clear-both\">&nbsp;<\/div>[\/vc_column_text][vc_empty_space height=&#8221;40px&#8221;][\/vc_column][\/vc_row]<\/p>\n<\/div>","protected":false},"excerpt":{"rendered":"<p>[vc_row][vc_column css=&#8221;.vc_custom_1513334507649{margin-top: 40px !important;}&#8221;][vc_column_text css=&#8221;.vc_custom_1529353628429{margin-top: 0px !important;}&#8221;] Wir unterst\u00fctzen Sie bei Ihren Marketing-Themen. Von der Strategieentwicklung bis zum gedruckten Unternehmensfolder. [\/vc_column_text][vc_separator color=&#8221;custom&#8221; align=&#8221;align_left&#8221; border_width=&#8221;2&#8243; el_width=&#8221;10&#8243; accent_color=&#8221;#a11035&#8243; css=&#8221;.vc_custom_1516894348988{margin-bottom: 40px !important;}&#8221;][vc_column_text el_class=&#8221;text-justified&#8221;]Als Full Service Werbeagentur lassen wir Sie nicht im Regen stehen. Beginnend mit der Ideenfindung und Kampagnen-Entwicklung liegt unsere Kernkompetenz im Design und Layouting Ihres Auftritts [&hellip;]<\/p>\n","protected":false},"author":1,"featured_media":0,"parent":13716,"menu_order":0,"comment_status":"closed","ping_status":"open","template":"","meta":{"_links_to":"","_links_to_target":""},"_links":{"self":[{"href":"https:\/\/media-lab.at\/cms\/wp-json\/wp\/v2\/pages\/11658"}],"collection":[{"href":"https:\/\/media-lab.at\/cms\/wp-json\/wp\/v2\/pages"}],"about":[{"href":"https:\/\/media-lab.at\/cms\/wp-json\/wp\/v2\/types\/page"}],"author":[{"embeddable":true,"href":"https:\/\/media-lab.at\/cms\/wp-json\/wp\/v2\/users\/1"}],"replies":[{"embeddable":true,"href":"https:\/\/media-lab.at\/cms\/wp-json\/wp\/v2\/comments?post=11658"}],"version-history":[{"count":152,"href":"https:\/\/media-lab.at\/cms\/wp-json\/wp\/v2\/pages\/11658\/revisions"}],"predecessor-version":[{"id":17493,"href":"https:\/\/media-lab.at\/cms\/wp-json\/wp\/v2\/pages\/11658\/revisions\/17493"}],"up":[{"embeddable":true,"href":"https:\/\/media-lab.at\/cms\/wp-json\/wp\/v2\/pages\/13716"}],"wp:attachment":[{"href":"https:\/\/media-lab.at\/cms\/wp-json\/wp\/v2\/media?parent=11658"}],"curies":[{"name":"wp","href":"https:\/\/api.w.org\/{rel}","templated":true}]}}